{"id":684,"date":"2023-05-17T12:29:51","date_gmt":"2023-05-17T10:29:51","guid":{"rendered":"https:\/\/blogs.ugr.es\/antropopuentes\/?page_id=684"},"modified":"2026-02-13T08:55:25","modified_gmt":"2026-02-13T07:55:25","slug":"quienes-somos","status":"publish","type":"page","link":"https:\/\/blogs.ugr.es\/antropopuentes\/quienes-somos\/","title":{"rendered":"Qui\u00e9nes Somos"},"content":{"rendered":"\n<p class=\"has-black-color has-text-color has-link-color wp-elements-5c7d56d416483d1fe85eefdc74f5798e\">En esta p\u00e1gina presentamos a las personas que, a lo largo de los distintos proyectos de innovaci\u00f3n docente que hemos desarrollado, han formado parte &#8211; o forman parte actualmente &#8211; de sus equipos, as\u00ed como a quienes, en alg\u00fan momento, han participado y colaborado en ellos.<\/p>\n\n\n\n<p class=\"has-black-color has-text-color has-link-color wp-elements-59a2f5e30a1338555982623ebd3d3674\">Por orden alfab\u00e9tico (A-Z):<\/p>\n\n\n\n<div class=\"wp-block-columns is-layout-flex wp-container-core-columns-is-layout-9d6595d7 wp-block-columns-is-layout-flex\">\n<div class=\"wp-block-column is-layout-flow wp-block-column-is-layout-flow\">\n<figure class=\"wp-block-image size-large\"><img loading=\"lazy\" decoding=\"async\" width=\"700\" height=\"700\" src=\"https:\/\/blogs.ugr.es\/antropopuentes\/wp-content\/uploads\/sites\/130\/2023\/09\/Carla-700x700.jpg\" alt=\"\" class=\"wp-image-822\" srcset=\"https:\/\/blogs.ugr.es\/antropopuentes\/wp-content\/uploads\/sites\/130\/2023\/09\/Carla-700x700.jpg 700w, https:\/\/blogs.ugr.es\/antropopuentes\/wp-content\/uploads\/sites\/130\/2023\/09\/Carla-300x300.jpg 300w, https:\/\/blogs.ugr.es\/antropopuentes\/wp-content\/uploads\/sites\/130\/2023\/09\/Carla-150x150.jpg 150w, https:\/\/blogs.ugr.es\/antropopuentes\/wp-content\/uploads\/sites\/130\/2023\/09\/Carla.jpg 800w\" sizes=\"auto, (max-width: 700px) 100vw, 700px\" \/><\/figure>\n\n\n\n<p class=\"has-text-align-center\">CARLA <strong>ALBA PULIDO<\/strong><\/p>\n\n\n\n<p class=\"has-black-color has-text-color\" style=\"font-size:11px\">Graduada en Antropolog\u00eda social y cultural en la Universidad de Granada, con M\u00e1ster de Psicopedagog\u00eda en la Universidad Internacional de La Rioja y Licenciatura de Bellas Artes por la Universidad de Barcelona. Su especializaci\u00f3n gira en torno a los m\u00e9todos multimodales, tanto en investigaci\u00f3n como en divulgaci\u00f3n del conocimiento. Actualmente estudiante de doctorado en el&nbsp;Programa de Estudios Migratorios de la Universidad de Granada.<\/p>\n<\/div>\n\n\n\n<div class=\"wp-block-column is-layout-flow wp-block-column-is-layout-flow\">\n<figure class=\"wp-block-image size-large\"><img loading=\"lazy\" decoding=\"async\" width=\"700\" height=\"700\" src=\"https:\/\/blogs.ugr.es\/antropopuentes\/wp-content\/uploads\/sites\/130\/2023\/05\/aurora-1-700x700.jpg\" alt=\"\" class=\"wp-image-685\" srcset=\"https:\/\/blogs.ugr.es\/antropopuentes\/wp-content\/uploads\/sites\/130\/2023\/05\/aurora-1-700x700.jpg 700w, https:\/\/blogs.ugr.es\/antropopuentes\/wp-content\/uploads\/sites\/130\/2023\/05\/aurora-1-300x300.jpg 300w, https:\/\/blogs.ugr.es\/antropopuentes\/wp-content\/uploads\/sites\/130\/2023\/05\/aurora-1-150x150.jpg 150w, https:\/\/blogs.ugr.es\/antropopuentes\/wp-content\/uploads\/sites\/130\/2023\/05\/aurora-1.jpg 800w\" sizes=\"auto, (max-width: 700px) 100vw, 700px\" \/><\/figure>\n\n\n\n<p class=\"has-text-align-center\">AURORA <strong>\u00c1LVAREZ VEINGUER<\/strong><\/p>\n\n\n\n<p class=\"has-black-color has-text-color\" style=\"font-size:11px\">Profesora titular del Grado de Antropolog\u00eda social y cultural de la Universidad de Granada. Especializada en M\u00e9todos de investigaci\u00f3n, Antropolog\u00eda de Europa y An\u00e1lisis social y cultural de las migraciones con perspectiva de g\u00e9nero. Docente en el M\u00e1ster Erasmus Mundus de estudios de las mujeres y de g\u00e9nero. <\/p>\n<\/div>\n\n\n\n<div class=\"wp-block-column is-layout-flow wp-block-column-is-layout-flow\">\n<figure class=\"wp-block-image size-full\"><img loading=\"lazy\" decoding=\"async\" width=\"700\" height=\"700\" src=\"https:\/\/blogs.ugr.es\/antropopuentes\/wp-content\/uploads\/sites\/130\/2026\/02\/CarmenCastilla.jpeg\" alt=\"\" class=\"wp-image-1129\" srcset=\"https:\/\/blogs.ugr.es\/antropopuentes\/wp-content\/uploads\/sites\/130\/2026\/02\/CarmenCastilla.jpeg 700w, https:\/\/blogs.ugr.es\/antropopuentes\/wp-content\/uploads\/sites\/130\/2026\/02\/CarmenCastilla-300x300.jpeg 300w, https:\/\/blogs.ugr.es\/antropopuentes\/wp-content\/uploads\/sites\/130\/2026\/02\/CarmenCastilla-150x150.jpeg 150w, https:\/\/blogs.ugr.es\/antropopuentes\/wp-content\/uploads\/sites\/130\/2026\/02\/CarmenCastilla-500x500.jpeg 500w\" sizes=\"auto, (max-width: 700px) 100vw, 700px\" \/><\/figure>\n\n\n\n<p class=\"has-text-align-center\">CARMEN <strong>CASTILLA V\u00c1ZQUEZ<\/strong><\/p>\n\n\n\n<p class=\"has-black-color has-text-color\" style=\"font-size:11px\">Doctora en Antropolog\u00eda Social por la Universidad de Sevilla, profesora Titular en el Departamento de Antropolog\u00eda Social de la Universidad de Granada y miembro del Grupo de Investigaci\u00f3n<em> Estudios Socioculturales Aplicados<\/em> de la Junta de Andaluc\u00eda. Su actividad investigadora se ha centrado en la religiosidad popular, los nuevos movimientos religiosos, la inmigraci\u00f3n, el g\u00e9nero y el flamenco.<\/p>\n<\/div>\n<\/div>\n\n\n\n<div class=\"wp-block-columns is-layout-flex wp-container-core-columns-is-layout-9d6595d7 wp-block-columns-is-layout-flex\">\n<div class=\"wp-block-column is-layout-flow wp-block-column-is-layout-flow\">\n<figure class=\"wp-block-image size-large\"><img loading=\"lazy\" decoding=\"async\" width=\"700\" height=\"700\" src=\"https:\/\/blogs.ugr.es\/antropopuentes\/wp-content\/uploads\/sites\/130\/2023\/05\/Marian-700x700.jpg\" alt=\"\" class=\"wp-image-698\" srcset=\"https:\/\/blogs.ugr.es\/antropopuentes\/wp-content\/uploads\/sites\/130\/2023\/05\/Marian-700x700.jpg 700w, https:\/\/blogs.ugr.es\/antropopuentes\/wp-content\/uploads\/sites\/130\/2023\/05\/Marian-300x300.jpg 300w, https:\/\/blogs.ugr.es\/antropopuentes\/wp-content\/uploads\/sites\/130\/2023\/05\/Marian-150x150.jpg 150w, https:\/\/blogs.ugr.es\/antropopuentes\/wp-content\/uploads\/sites\/130\/2023\/05\/Marian.jpg 800w\" sizes=\"auto, (max-width: 700px) 100vw, 700px\" \/><\/figure>\n\n\n\n<p class=\"has-text-align-center\">MARIAN <strong>DEL MORAL GARRIDO<\/strong><\/p>\n\n\n\n<p class=\"has-black-color has-text-color\" style=\"font-size:11px\">Doctora en Antropolog\u00eda Social por la Universidad de Granada, especializada en Antropolog\u00eda Audiovisual y Medios de Comunicaci\u00f3n africanos. Experta en Antropolog\u00eda de los medios con enfoque de g\u00e9nero y producci\u00f3n cinematogr\u00e1fica y audiovisual. Sus investigaciones se centran en el an\u00e1lisis en la cultura y la globalizaci\u00f3n vinculadas a la producci\u00f3n audiovisual y las pr\u00e1cticas culturales de (auto) representaci\u00f3n de las mujeres a trav\u00e9s de diversas metodolog\u00edas y procesos.<\/p>\n\n\n\n<p><\/p>\n<\/div>\n\n\n\n<div class=\"wp-block-column is-layout-flow wp-block-column-is-layout-flow\">\n<figure class=\"wp-block-image size-large\"><img loading=\"lazy\" decoding=\"async\" width=\"700\" height=\"700\" src=\"https:\/\/blogs.ugr.es\/antropopuentes\/wp-content\/uploads\/sites\/130\/2023\/05\/JAVIER-700x700.jpg\" alt=\"\" class=\"wp-image-786\" srcset=\"https:\/\/blogs.ugr.es\/antropopuentes\/wp-content\/uploads\/sites\/130\/2023\/05\/JAVIER-700x700.jpg 700w, https:\/\/blogs.ugr.es\/antropopuentes\/wp-content\/uploads\/sites\/130\/2023\/05\/JAVIER-300x300.jpg 300w, https:\/\/blogs.ugr.es\/antropopuentes\/wp-content\/uploads\/sites\/130\/2023\/05\/JAVIER-150x150.jpg 150w, https:\/\/blogs.ugr.es\/antropopuentes\/wp-content\/uploads\/sites\/130\/2023\/05\/JAVIER.jpg 800w\" sizes=\"auto, (max-width: 700px) 100vw, 700px\" \/><\/figure>\n\n\n\n<p class=\"has-text-align-center\">JAVIER <strong>GARC\u00cdA CASTA\u00d1O<\/strong><\/p>\n\n\n\n<p class=\"has-black-color has-text-color\" style=\"font-size:11px\">Doctor en Filosof\u00eda y Letras por la Universidad Complutense de Madrid y Catedr\u00e1tico de Antropolog\u00eda Social de la Universidad de Granada, se ha dedicado al an\u00e1lisis antropol\u00f3gico de los procesos educativos como procesos de transmisi\u00f3n y adquisici\u00f3n de cultura en contextos de diversidad cultural.<\/p>\n<\/div>\n\n\n\n<div class=\"wp-block-column is-layout-flow wp-block-column-is-layout-flow\">\n<figure class=\"wp-block-image size-large\"><img loading=\"lazy\" decoding=\"async\" width=\"700\" height=\"700\" src=\"https:\/\/blogs.ugr.es\/antropopuentes\/wp-content\/uploads\/sites\/130\/2023\/09\/Diana-700x700.jpg\" alt=\"\" class=\"wp-image-820\" srcset=\"https:\/\/blogs.ugr.es\/antropopuentes\/wp-content\/uploads\/sites\/130\/2023\/09\/Diana-700x700.jpg 700w, https:\/\/blogs.ugr.es\/antropopuentes\/wp-content\/uploads\/sites\/130\/2023\/09\/Diana-300x300.jpg 300w, https:\/\/blogs.ugr.es\/antropopuentes\/wp-content\/uploads\/sites\/130\/2023\/09\/Diana-150x150.jpg 150w, https:\/\/blogs.ugr.es\/antropopuentes\/wp-content\/uploads\/sites\/130\/2023\/09\/Diana.jpg 800w\" sizes=\"auto, (max-width: 700px) 100vw, 700px\" \/><\/figure>\n\n\n\n<p class=\"has-text-align-center\">DIANA <strong>GARC\u00cdA CATENA<\/strong><\/p>\n\n\n\n<p class=\"has-black-color has-text-color\" style=\"font-size:11px\">Graduada en Antropolog\u00eda Social y Cultural por la Universidad de Granada y M\u00e1ster en Antropolog\u00eda: Gesti\u00f3n del Patrimonio, la Diversidad y el Desarrollo por la Universidad de Sevilla. Actualmente estudiante de doctorado en el programa de Ciencias Sociales y contratada predoctoral FPU en el departamento de Antropolog\u00eda Social de la Universidad de Granada. Centrada en el an\u00e1lisis de los procesos de trabajo emocional y est\u00e9tico.<\/p>\n<\/div>\n<\/div>\n\n\n\n<div class=\"wp-block-columns is-layout-flex wp-container-core-columns-is-layout-9d6595d7 wp-block-columns-is-layout-flex\">\n<div class=\"wp-block-column is-layout-flow wp-block-column-is-layout-flow\">\n<figure class=\"wp-block-image size-full\"><img loading=\"lazy\" decoding=\"async\" width=\"700\" height=\"700\" src=\"https:\/\/blogs.ugr.es\/antropopuentes\/wp-content\/uploads\/sites\/130\/2026\/02\/nacho.jpeg\" alt=\"\" class=\"wp-image-1125\" srcset=\"https:\/\/blogs.ugr.es\/antropopuentes\/wp-content\/uploads\/sites\/130\/2026\/02\/nacho.jpeg 700w, https:\/\/blogs.ugr.es\/antropopuentes\/wp-content\/uploads\/sites\/130\/2026\/02\/nacho-300x300.jpeg 300w, https:\/\/blogs.ugr.es\/antropopuentes\/wp-content\/uploads\/sites\/130\/2026\/02\/nacho-150x150.jpeg 150w, https:\/\/blogs.ugr.es\/antropopuentes\/wp-content\/uploads\/sites\/130\/2026\/02\/nacho-500x500.jpeg 500w\" sizes=\"auto, (max-width: 700px) 100vw, 700px\" \/><\/figure>\n\n\n\n<p class=\"has-text-align-center\">IGNACIO <strong>GARC\u00cdA FERN\u00c1NDEZ<\/strong><\/p>\n\n\n\n<p class=\"has-black-color has-text-color\" style=\"font-size:11px\">Graduado en Antropolog\u00eda Social y Cultural con M\u00e1ster en \u00abCulturas \u00c1rabe y Hebrea: Al-Andalus y Mundo \u00c1rabe Contempor\u00e1neo\u00bb por la Universidad de Granada. Actualmente contratado predoctoral en el departamento de Antropolog\u00eda Social de la Universidad de Granada, interesado en el estudio de la islamofobia, la extrema derecha y los discursos de odio en internet.<\/p>\n<\/div>\n\n\n\n<div class=\"wp-block-column is-layout-flow wp-block-column-is-layout-flow\">\n<figure class=\"wp-block-image size-full\"><img loading=\"lazy\" decoding=\"async\" width=\"700\" height=\"700\" src=\"https:\/\/blogs.ugr.es\/antropopuentes\/wp-content\/uploads\/sites\/130\/2026\/02\/Andrea-700.jpg\" alt=\"\" class=\"wp-image-1118\" srcset=\"https:\/\/blogs.ugr.es\/antropopuentes\/wp-content\/uploads\/sites\/130\/2026\/02\/Andrea-700.jpg 700w, https:\/\/blogs.ugr.es\/antropopuentes\/wp-content\/uploads\/sites\/130\/2026\/02\/Andrea-700-300x300.jpg 300w, https:\/\/blogs.ugr.es\/antropopuentes\/wp-content\/uploads\/sites\/130\/2026\/02\/Andrea-700-150x150.jpg 150w, https:\/\/blogs.ugr.es\/antropopuentes\/wp-content\/uploads\/sites\/130\/2026\/02\/Andrea-700-500x500.jpg 500w\" sizes=\"auto, (max-width: 700px) 100vw, 700px\" \/><\/figure>\n\n\n\n<p class=\"has-text-align-center\">ANDREA <strong>GARC\u00cdA GONZ\u00c1LEZ<\/strong><\/p>\n\n\n\n<p class=\"has-black-color has-text-color\" style=\"font-size:11px\">Andrea Garc\u00eda Gonz\u00e1lez es antrop\u00f3loga feminista investigadora en contextos de conflicto armado y construcci\u00f3n de paz. Realiz\u00f3 la licenciatura de periodismo y la licenciatura de antropolog\u00eda social y cultural en la Universidad Complutense de Madrid. Master en Antropolog\u00eda por Queen\u00b4s University Belfast (Irlanda del Norte). Doctora en Humanidades y Ciencias Sociales por la Universidad de Brighton (Reino Unido). Co-fundadora de la cooperativa de g\u00e9nero y comunicaci\u00f3n Pandora Mirabilia (Madrid). Actualmente desarrolla una beca postdoctoral Marie Sklodowska-Curie en la Universidad de Granada, con estancia de investigaci\u00f3n en la Universidad de los Andes de Bogot\u00e1, Colombia. Entre otras publicaciones, es autora del libro \u00abCalla y Olvida. Violencias, conflicto vasco y la escucha vulnerable como propuesta feminista\u00bb (Katakrak, 2023).<\/p>\n<\/div>\n\n\n\n<div class=\"wp-block-column is-layout-flow wp-block-column-is-layout-flow\">\n<figure class=\"wp-block-image size-large\"><img loading=\"lazy\" decoding=\"async\" width=\"700\" height=\"700\" src=\"https:\/\/blogs.ugr.es\/antropopuentes\/wp-content\/uploads\/sites\/130\/2023\/05\/Blancaa-700x700.jpg\" alt=\"\" class=\"wp-image-691\" srcset=\"https:\/\/blogs.ugr.es\/antropopuentes\/wp-content\/uploads\/sites\/130\/2023\/05\/Blancaa-700x700.jpg 700w, https:\/\/blogs.ugr.es\/antropopuentes\/wp-content\/uploads\/sites\/130\/2023\/05\/Blancaa-300x300.jpg 300w, https:\/\/blogs.ugr.es\/antropopuentes\/wp-content\/uploads\/sites\/130\/2023\/05\/Blancaa-150x150.jpg 150w, https:\/\/blogs.ugr.es\/antropopuentes\/wp-content\/uploads\/sites\/130\/2023\/05\/Blancaa.jpg 800w\" sizes=\"auto, (max-width: 700px) 100vw, 700px\" \/><\/figure>\n\n\n\n<p class=\"has-text-align-center\">BLANCA <strong>GARC\u00cdA PERAL<\/strong><\/p>\n\n\n\n<p class=\"has-black-color has-text-color\" style=\"font-size:11px\">Graduada en Antropolog\u00eda Social y Cultural. M\u00e1ster Erasmus Mundus en Estudios de las Mujeres y de G\u00e9nero (GEMMA) por la Universidad de Granada y la Universidad de York (Reino Unido). Actualmente, estudiante en el Programa de Doctorado de Estudios de las Mujeres, Discursos y Pr\u00e1cticas de G\u00e9nero de la UGR. Investigadora en el grupo \u201cOTRAS. Perspectivas Feministas en Investigaci\u00f3n Social\u00bb.<\/p>\n<\/div>\n<\/div>\n\n\n\n<div class=\"wp-block-columns is-layout-flex wp-container-core-columns-is-layout-9d6595d7 wp-block-columns-is-layout-flex\">\n<div class=\"wp-block-column is-layout-flow wp-block-column-is-layout-flow\">\n<figure class=\"wp-block-image size-full\"><img loading=\"lazy\" decoding=\"async\" width=\"700\" height=\"700\" src=\"https:\/\/blogs.ugr.es\/antropopuentes\/wp-content\/uploads\/sites\/130\/2026\/02\/Rocio-1.jpeg\" alt=\"\" class=\"wp-image-1123\" srcset=\"https:\/\/blogs.ugr.es\/antropopuentes\/wp-content\/uploads\/sites\/130\/2026\/02\/Rocio-1.jpeg 700w, https:\/\/blogs.ugr.es\/antropopuentes\/wp-content\/uploads\/sites\/130\/2026\/02\/Rocio-1-300x300.jpeg 300w, https:\/\/blogs.ugr.es\/antropopuentes\/wp-content\/uploads\/sites\/130\/2026\/02\/Rocio-1-150x150.jpeg 150w, https:\/\/blogs.ugr.es\/antropopuentes\/wp-content\/uploads\/sites\/130\/2026\/02\/Rocio-1-500x500.jpeg 500w\" sizes=\"auto, (max-width: 700px) 100vw, 700px\" \/><\/figure>\n\n\n\n<p class=\"has-text-align-center\">ROC\u00cdO <strong>GARC\u00cdA SOTO<\/strong><\/p>\n\n\n\n<p class=\"has-black-color has-text-color\" style=\"font-size:11px\">Profesora del Dpto. de Antropolog\u00eda Social, Geograf\u00eda e Historia de la Universidad de Ja\u00e9n (UJA) y miembro del Laboratorio de Estudios Interculturales de la UGR. Ha impartido docencia en los grados de Antropolog\u00eda Social, Geograf\u00eda e Historia y Arqueolog\u00eda en la UGR y la UJA.<\/p>\n<\/div>\n\n\n\n<div class=\"wp-block-column is-layout-flow wp-block-column-is-layout-flow\">\n<figure class=\"wp-block-image size-large\"><img loading=\"lazy\" decoding=\"async\" width=\"700\" height=\"700\" src=\"https:\/\/blogs.ugr.es\/antropopuentes\/wp-content\/uploads\/sites\/130\/2023\/05\/Carmen-Gregorio-700x700.jpg\" alt=\"\" class=\"wp-image-693\" srcset=\"https:\/\/blogs.ugr.es\/antropopuentes\/wp-content\/uploads\/sites\/130\/2023\/05\/Carmen-Gregorio-700x700.jpg 700w, https:\/\/blogs.ugr.es\/antropopuentes\/wp-content\/uploads\/sites\/130\/2023\/05\/Carmen-Gregorio-300x300.jpg 300w, https:\/\/blogs.ugr.es\/antropopuentes\/wp-content\/uploads\/sites\/130\/2023\/05\/Carmen-Gregorio-150x150.jpg 150w, https:\/\/blogs.ugr.es\/antropopuentes\/wp-content\/uploads\/sites\/130\/2023\/05\/Carmen-Gregorio.jpg 800w\" sizes=\"auto, (max-width: 700px) 100vw, 700px\" \/><\/figure>\n\n\n\n<p class=\"has-text-align-center\">CARMEN <strong>GREGORIO GIL<\/strong><\/p>\n\n\n\n<p class=\"has-black-color has-text-color\" style=\"font-size:11px\">Profesora titular de Antropolog\u00eda social en Universidad de Granada y directora del grupo de investigaci\u00f3n \u201cOTRAS<em>.<\/em> Perspectivas Feministas en Investigaci\u00f3n social\u201d. Inici\u00f3 sus investigaci\u00f3n sobre migraciones y las relaciones, &nbsp;y posteriormente se ha centrado en el an\u00e1lisis de la producci\u00f3n de las desigualdades de g\u00e9nero, clase, extranjer\u00eda, cultura e inmigraci\u00f3n, desde una perspectiva etnogr\u00e1fica.<\/p>\n<\/div>\n\n\n\n<div class=\"wp-block-column is-layout-flow wp-block-column-is-layout-flow\">\n<figure class=\"wp-block-image size-large\"><img loading=\"lazy\" decoding=\"async\" width=\"700\" height=\"700\" src=\"https:\/\/blogs.ugr.es\/antropopuentes\/wp-content\/uploads\/sites\/130\/2023\/09\/Ignacio-1-700x700.jpg\" alt=\"\" class=\"wp-image-862\" srcset=\"https:\/\/blogs.ugr.es\/antropopuentes\/wp-content\/uploads\/sites\/130\/2023\/09\/Ignacio-1-700x700.jpg 700w, https:\/\/blogs.ugr.es\/antropopuentes\/wp-content\/uploads\/sites\/130\/2023\/09\/Ignacio-1-300x300.jpg 300w, https:\/\/blogs.ugr.es\/antropopuentes\/wp-content\/uploads\/sites\/130\/2023\/09\/Ignacio-1-150x150.jpg 150w, https:\/\/blogs.ugr.es\/antropopuentes\/wp-content\/uploads\/sites\/130\/2023\/09\/Ignacio-1.jpg 800w\" sizes=\"auto, (max-width: 700px) 100vw, 700px\" \/><\/figure>\n\n\n\n<p class=\"has-text-align-center\">IGNACIO <strong>GUARDERAS MERLO<\/strong><\/p>\n\n\n\n<p class=\"has-black-color has-text-color\" style=\"font-size:10px\">Ignacio Guarderas Merlo, de Granada, tiene cuatro largometrajes de ficci\u00f3n y documental. Con La M\u00e1scara de Cristal (2019) fue reconocido con la menci\u00f3n especial en el festival de Cinespa\u00f1a de Toulouse. Actualmente tiene varios proyectos en diferentes fases de producci\u00f3n. &nbsp;Es Doctor por la Universidad de Granada en antropolog\u00eda audiovisual. Desde 2019 ejerce docencia en el grado de sociolog\u00eda y antropolog\u00eda en la UGR. Sus temas de investigaci\u00f3n y labor cinematogr\u00e1fica son mediante el cine de ficci\u00f3n y documental antropol\u00f3gico relacionado con el orientalismo, la identidad familiar, relaciones con Latinoam\u00e9rica y cine-ensayo, entre otros.<\/p>\n<\/div>\n<\/div>\n\n\n\n<div class=\"wp-block-columns is-layout-flex wp-container-core-columns-is-layout-9d6595d7 wp-block-columns-is-layout-flex\">\n<div class=\"wp-block-column is-layout-flow wp-block-column-is-layout-flow\">\n<figure class=\"wp-block-image size-full\"><img loading=\"lazy\" decoding=\"async\" width=\"700\" height=\"700\" src=\"https:\/\/blogs.ugr.es\/antropopuentes\/wp-content\/uploads\/sites\/130\/2026\/02\/Belen.jpg\" alt=\"\" class=\"wp-image-1120\" srcset=\"https:\/\/blogs.ugr.es\/antropopuentes\/wp-content\/uploads\/sites\/130\/2026\/02\/Belen.jpg 700w, https:\/\/blogs.ugr.es\/antropopuentes\/wp-content\/uploads\/sites\/130\/2026\/02\/Belen-300x300.jpg 300w, https:\/\/blogs.ugr.es\/antropopuentes\/wp-content\/uploads\/sites\/130\/2026\/02\/Belen-150x150.jpg 150w, https:\/\/blogs.ugr.es\/antropopuentes\/wp-content\/uploads\/sites\/130\/2026\/02\/Belen-500x500.jpg 500w\" sizes=\"auto, (max-width: 700px) 100vw, 700px\" \/><\/figure>\n\n\n\n<p class=\"has-text-align-center\">BEL\u00c9N <strong>HABBOOB MARTOS<\/strong><\/p>\n\n\n\n<p class=\"has-black-color has-text-color\" style=\"font-size:11px\">Graduada en Traducci\u00f3n e Interpretaci\u00f3n por la Universidad de Granada, y posteriormente en Ciencias Pol\u00edticas y de la Administraci\u00f3n por la misma universidad. Curs\u00f3 el M\u00e1ster Erasmus Mundus en Estudios de las Mujeres y de G\u00e9nero (GEMMA) en la Universidad de Granada y la Universidad de Utrecht (Pa\u00edses Bajos). Actualmente es contratada predoctoral en el Departamento de Antropolog\u00eda Social de la UGR, donde realiza su tesis doctoral en el programa de Estudios de las Mujeres, Discursos y Pr\u00e1cticas de G\u00e9nero. Forma parte del grupo de investigaci\u00f3n <em>OTRAS. Perspectivas Feministas en Investigaci\u00f3n Social<\/em>.<\/p>\n<\/div>\n\n\n\n<div class=\"wp-block-column is-layout-flow wp-block-column-is-layout-flow\">\n<figure class=\"wp-block-image size-large\"><img loading=\"lazy\" decoding=\"async\" width=\"700\" height=\"700\" src=\"https:\/\/blogs.ugr.es\/antropopuentes\/wp-content\/uploads\/sites\/130\/2023\/05\/Raquel-1-700x700.jpg\" alt=\"\" class=\"wp-image-784\" srcset=\"https:\/\/blogs.ugr.es\/antropopuentes\/wp-content\/uploads\/sites\/130\/2023\/05\/Raquel-1-700x700.jpg 700w, https:\/\/blogs.ugr.es\/antropopuentes\/wp-content\/uploads\/sites\/130\/2023\/05\/Raquel-1-300x300.jpg 300w, https:\/\/blogs.ugr.es\/antropopuentes\/wp-content\/uploads\/sites\/130\/2023\/05\/Raquel-1-150x150.jpg 150w, https:\/\/blogs.ugr.es\/antropopuentes\/wp-content\/uploads\/sites\/130\/2023\/05\/Raquel-1.jpg 800w\" sizes=\"auto, (max-width: 700px) 100vw, 700px\" \/><\/figure>\n\n\n\n<p class=\"has-text-align-center\">RAQUEL <strong>MART\u00cdNEZ CHIC\u00d3N<\/strong><\/p>\n\n\n\n<p class=\"has-black-color has-text-color\" style=\"font-size:11px\">Profesora titular del Grado de Antropolog\u00eda social y cultural de la Universidad de Granada. M\u00e1ster en Cultura de Paz, Conflictos, Educaci\u00f3n y Derechos Humanos. Docente en el Grado de Arqueolog\u00eda y Geograf\u00eda en la Universidad de Granada. Especializada en la diversidad cultural y multiculturalidad.<\/p>\n<\/div>\n\n\n\n<div class=\"wp-block-column is-layout-flow wp-block-column-is-layout-flow\">\n<figure class=\"wp-block-image size-large wp-duotone-rgb332929-rgb255254254-1\"><img loading=\"lazy\" decoding=\"async\" width=\"700\" height=\"700\" src=\"https:\/\/blogs.ugr.es\/antropopuentes\/wp-content\/uploads\/sites\/130\/2023\/05\/LolaA-700x700.jpg\" alt=\"\" class=\"wp-image-694\" srcset=\"https:\/\/blogs.ugr.es\/antropopuentes\/wp-content\/uploads\/sites\/130\/2023\/05\/LolaA-700x700.jpg 700w, https:\/\/blogs.ugr.es\/antropopuentes\/wp-content\/uploads\/sites\/130\/2023\/05\/LolaA-300x300.jpg 300w, https:\/\/blogs.ugr.es\/antropopuentes\/wp-content\/uploads\/sites\/130\/2023\/05\/LolaA-150x150.jpg 150w, https:\/\/blogs.ugr.es\/antropopuentes\/wp-content\/uploads\/sites\/130\/2023\/05\/LolaA.jpg 800w\" sizes=\"auto, (max-width: 700px) 100vw, 700px\" \/><\/figure>\n\n\n\n<p class=\"has-text-align-center\">LOLA <strong>MART\u00cdNEZ POZO<\/strong><\/p>\n\n\n\n<p class=\"has-black-color has-text-color\" style=\"font-size:11px\">Antrop\u00f3loga. Doctora en Estudios de G\u00e9nero. Profesora e investigadora del Departamento de Trabajo Social y Servicios Sociales. Investigadora del grupo de investigaci\u00f3n SEJ-430 \u00abOTRAS. Perspectivas Feministas en Investigaci\u00f3n Social\u00bb y del Instituto Universitario de Estudios de las Mujeres y de G\u00e9nero. Universidad de Granada.<\/p>\n<\/div>\n<\/div>\n\n\n\n<div class=\"wp-block-columns is-layout-flex wp-container-core-columns-is-layout-9d6595d7 wp-block-columns-is-layout-flex\">\n<div class=\"wp-block-column is-layout-flow wp-block-column-is-layout-flow\">\n<figure class=\"wp-block-image size-large\"><img loading=\"lazy\" decoding=\"async\" width=\"700\" height=\"700\" src=\"https:\/\/blogs.ugr.es\/antropopuentes\/wp-content\/uploads\/sites\/130\/2023\/05\/Antonia-1-700x700.jpg\" alt=\"\" class=\"wp-image-785\" srcset=\"https:\/\/blogs.ugr.es\/antropopuentes\/wp-content\/uploads\/sites\/130\/2023\/05\/Antonia-1-700x700.jpg 700w, https:\/\/blogs.ugr.es\/antropopuentes\/wp-content\/uploads\/sites\/130\/2023\/05\/Antonia-1-300x300.jpg 300w, https:\/\/blogs.ugr.es\/antropopuentes\/wp-content\/uploads\/sites\/130\/2023\/05\/Antonia-1-150x150.jpg 150w, https:\/\/blogs.ugr.es\/antropopuentes\/wp-content\/uploads\/sites\/130\/2023\/05\/Antonia-1.jpg 800w\" sizes=\"auto, (max-width: 700px) 100vw, 700px\" \/><\/figure>\n\n\n\n<p class=\"has-text-align-center\">ANTONIA <strong>OLMOS<\/strong><\/p>\n\n\n\n<p class=\"has-black-color has-text-color\" style=\"font-size:11px\">Profesora titular en el Departamento de Antropolog\u00eda Social de la Universidad de Granada. Su trabajo se centra representaciones sobre las migraciones en los medios de comunicaci\u00f3n (prensa tradicional y online, televisi\u00f3n, radio, internet); estudiando pr\u00e1cticas convivenciales en espacios educativos y contextos multiculturales e investigando sobre las l\u00f3gicas de funcionamiento del racismo en las sociedades actuales, con especial \u00e9nfasis en lo que se conoce como \u201cracismo de \u00e9lite\u201d.<\/p>\n<\/div>\n\n\n\n<div class=\"wp-block-column is-layout-flow wp-block-column-is-layout-flow\">\n<figure class=\"wp-block-image size-full\"><img loading=\"lazy\" decoding=\"async\" width=\"800\" height=\"800\" src=\"https:\/\/blogs.ugr.es\/antropopuentes\/wp-content\/uploads\/sites\/130\/2024\/02\/ALBAR2.jpg\" alt=\"\" class=\"wp-image-929\" srcset=\"https:\/\/blogs.ugr.es\/antropopuentes\/wp-content\/uploads\/sites\/130\/2024\/02\/ALBAR2.jpg 800w, https:\/\/blogs.ugr.es\/antropopuentes\/wp-content\/uploads\/sites\/130\/2024\/02\/ALBAR2-300x300.jpg 300w, https:\/\/blogs.ugr.es\/antropopuentes\/wp-content\/uploads\/sites\/130\/2024\/02\/ALBAR2-700x700.jpg 700w, https:\/\/blogs.ugr.es\/antropopuentes\/wp-content\/uploads\/sites\/130\/2024\/02\/ALBAR2-150x150.jpg 150w\" sizes=\"auto, (max-width: 800px) 100vw, 800px\" \/><\/figure>\n\n\n\n<p class=\"has-text-align-center\">ALBA <strong>RAMOS ANT\u00daNEZ<\/strong><\/p>\n\n\n\n<p class=\"has-black-color has-text-color\" style=\"font-size:11px\">Estudiante actual del Grado de Antropolog\u00eda Social y Cultural en la Universidad de Granada, formada en fotograf\u00eda en Edinburgh College. Sus intereses contemplan el \u00e1mbito de la antropolog\u00eda ambiental, con especial inter\u00e9s en las relaciones inter-especies; as\u00ed como el uso de herramientas y enfoques multimodales para la co-creaci\u00f3n y divulgaci\u00f3n del conocimiento.<\/p>\n<\/div>\n\n\n\n<div class=\"wp-block-column is-layout-flow wp-block-column-is-layout-flow\">\n<figure class=\"wp-block-image size-large wp-duotone-rgb332929-rgb255254254-2\"><img loading=\"lazy\" decoding=\"async\" width=\"700\" height=\"700\" src=\"https:\/\/blogs.ugr.es\/antropopuentes\/wp-content\/uploads\/sites\/130\/2023\/05\/Dario-Ranocchiari-700x700.jpg\" alt=\"\" class=\"wp-image-712\" srcset=\"https:\/\/blogs.ugr.es\/antropopuentes\/wp-content\/uploads\/sites\/130\/2023\/05\/Dario-Ranocchiari-700x700.jpg 700w, https:\/\/blogs.ugr.es\/antropopuentes\/wp-content\/uploads\/sites\/130\/2023\/05\/Dario-Ranocchiari-300x300.jpg 300w, https:\/\/blogs.ugr.es\/antropopuentes\/wp-content\/uploads\/sites\/130\/2023\/05\/Dario-Ranocchiari-150x150.jpg 150w, https:\/\/blogs.ugr.es\/antropopuentes\/wp-content\/uploads\/sites\/130\/2023\/05\/Dario-Ranocchiari.jpg 800w\" sizes=\"auto, (max-width: 700px) 100vw, 700px\" \/><\/figure>\n\n\n\n<p class=\"has-text-align-center\">DARIO <strong>RANOCCHIARI<\/strong><\/p>\n\n\n\n<p class=\"has-black-color has-text-color\" style=\"font-size:11px\">Etn\u00f3grafo formado en antropolog\u00eda, etnomusicolog\u00eda y humanidades. Sus l\u00edneas principales de investigaci\u00f3n se mueven entre la etnograf\u00eda audiovisual y multimodal, la etnograf\u00eda participativa y las antropolog\u00edas de los procesos creativos y de la performance. En particular, est\u00e1 interesado en los usos de la ficci\u00f3n en antropolog\u00eda y en las relaciones entre pr\u00e1cticas art\u00edsticas y construcci\u00f3n de identidades.<\/p>\n<\/div>\n<\/div>\n\n\n\n<div class=\"wp-block-columns is-layout-flex wp-container-core-columns-is-layout-9d6595d7 wp-block-columns-is-layout-flex\">\n<div class=\"wp-block-column is-layout-flow wp-block-column-is-layout-flow\">\n<figure class=\"wp-block-image size-large\"><img loading=\"lazy\" decoding=\"async\" width=\"700\" height=\"700\" src=\"https:\/\/blogs.ugr.es\/antropopuentes\/wp-content\/uploads\/sites\/130\/2023\/05\/MariaR-700x700.jpg\" alt=\"\" class=\"wp-image-737\" srcset=\"https:\/\/blogs.ugr.es\/antropopuentes\/wp-content\/uploads\/sites\/130\/2023\/05\/MariaR-700x700.jpg 700w, https:\/\/blogs.ugr.es\/antropopuentes\/wp-content\/uploads\/sites\/130\/2023\/05\/MariaR-300x300.jpg 300w, https:\/\/blogs.ugr.es\/antropopuentes\/wp-content\/uploads\/sites\/130\/2023\/05\/MariaR-150x150.jpg 150w, https:\/\/blogs.ugr.es\/antropopuentes\/wp-content\/uploads\/sites\/130\/2023\/05\/MariaR.jpg 800w\" sizes=\"auto, (max-width: 700px) 100vw, 700px\" \/><\/figure>\n\n\n\n<p class=\"has-text-align-center\">MARIA <strong>RUBIO G\u00d3MEZ<\/strong><\/p>\n\n\n\n<p class=\"has-black-color has-text-color\" style=\"font-size:11px\">Profesora Contratada Doctora del Departamento de Antropolog\u00eda Social de la Universidad de Granada. Coordinadora del Grado en Antropolog\u00eda Social y Cultural. M\u00e1ster en Estudios Migratorios, Desarrollo e Intervenci\u00f3n Social y doctorado internacional en Antropolog\u00eda Social. Sus l\u00edneas principales de investigaci\u00f3n se sit\u00faan en la Antropolog\u00eda de la Educaci\u00f3n, la etnograf\u00eda escolar o la construcci\u00f3n de la diferencia en el \u00e1mbito de las migraciones y escuela. Especialmente interesada en la innovaci\u00f3n de metodolog\u00edas docentes para la ense\u00f1anza de la antropolog\u00eda.<\/p>\n<\/div>\n\n\n\n<div class=\"wp-block-column is-layout-flow wp-block-column-is-layout-flow\">\n<figure class=\"wp-block-image size-large\"><img loading=\"lazy\" decoding=\"async\" width=\"700\" height=\"700\" src=\"https:\/\/blogs.ugr.es\/antropopuentes\/wp-content\/uploads\/sites\/130\/2023\/06\/Luca-700x700.jpg\" alt=\"\" class=\"wp-image-813\" srcset=\"https:\/\/blogs.ugr.es\/antropopuentes\/wp-content\/uploads\/sites\/130\/2023\/06\/Luca-700x700.jpg 700w, https:\/\/blogs.ugr.es\/antropopuentes\/wp-content\/uploads\/sites\/130\/2023\/06\/Luca-300x300.jpg 300w, https:\/\/blogs.ugr.es\/antropopuentes\/wp-content\/uploads\/sites\/130\/2023\/06\/Luca-150x150.jpg 150w, https:\/\/blogs.ugr.es\/antropopuentes\/wp-content\/uploads\/sites\/130\/2023\/06\/Luca.jpg 800w\" sizes=\"auto, (max-width: 700px) 100vw, 700px\" \/><\/figure>\n\n\n\n<p class=\"has-text-align-center\">LUCA <strong>SEBASTIANI<\/strong><\/p>\n\n\n\n<p class=\"has-text-align-left has-black-color has-text-color\" style=\"font-size:11px\">Profesor permanente laboral del Departamento de Antropolog\u00eda Social de la Universidad de Granada. M\u00e1ster en Estudios Migratorios, Desarrollo e Intervenci\u00f3n Social y doctorado internacional en Antropolog\u00eda Social. L\u00edneas principales de investigaci\u00f3n: antropolog\u00eda de las pol\u00edticas p\u00fablicas, (anti)racismo e interseccionalidad, an\u00e1lisis cr\u00edtico de las pol\u00edticas de migraci\u00f3n e integraci\u00f3n, etnograf\u00eda colaborativa.<\/p>\n<\/div>\n\n\n\n<div class=\"wp-block-column is-layout-flow wp-block-column-is-layout-flow\">\n<figure class=\"wp-block-image size-full\"><img loading=\"lazy\" decoding=\"async\" width=\"700\" height=\"700\" src=\"https:\/\/blogs.ugr.es\/antropopuentes\/wp-content\/uploads\/sites\/130\/2026\/02\/Denisa-700.jpg\" alt=\"\" class=\"wp-image-1116\" srcset=\"https:\/\/blogs.ugr.es\/antropopuentes\/wp-content\/uploads\/sites\/130\/2026\/02\/Denisa-700.jpg 700w, https:\/\/blogs.ugr.es\/antropopuentes\/wp-content\/uploads\/sites\/130\/2026\/02\/Denisa-700-300x300.jpg 300w, https:\/\/blogs.ugr.es\/antropopuentes\/wp-content\/uploads\/sites\/130\/2026\/02\/Denisa-700-150x150.jpg 150w, https:\/\/blogs.ugr.es\/antropopuentes\/wp-content\/uploads\/sites\/130\/2026\/02\/Denisa-700-500x500.jpg 500w\" sizes=\"auto, (max-width: 700px) 100vw, 700px\" \/><\/figure>\n\n\n\n<p class=\"has-text-align-center\">DENISA <strong>STAN<\/strong><\/p>\n\n\n\n<p class=\"has-black-color has-text-color\" style=\"font-size:11px\">Graduada en Antropolog\u00eda Social y Cultural por la Universidad de Granada, con M\u00e1ster Interuniversitario en L\u00f3gica y Filosof\u00eda de la Ciencia por las Universidades de Granada, Salamanca y Valladolid. Actualmente estudiante de doctorado en el Programa de Estudios Migratorios y contratada predoctoral en el departamento de Antropolog\u00eda Social en la Universidad de Granada. Sus intereses se centran en la antropolog\u00eda del cuerpo, la danza y la etnograf\u00eda experimental.<\/p>\n<\/div>\n<\/div>\n\n\n\n<div class=\"wp-block-columns is-layout-flex wp-container-core-columns-is-layout-9d6595d7 wp-block-columns-is-layout-flex\">\n<div class=\"wp-block-column is-layout-flow wp-block-column-is-layout-flow\">\n<figure class=\"wp-block-image size-large\"><img loading=\"lazy\" decoding=\"async\" width=\"700\" height=\"700\" src=\"https:\/\/blogs.ugr.es\/antropopuentes\/wp-content\/uploads\/sites\/130\/2023\/05\/marta-700x700.jpg\" alt=\"\" class=\"wp-image-789\" srcset=\"https:\/\/blogs.ugr.es\/antropopuentes\/wp-content\/uploads\/sites\/130\/2023\/05\/marta-700x700.jpg 700w, https:\/\/blogs.ugr.es\/antropopuentes\/wp-content\/uploads\/sites\/130\/2023\/05\/marta-300x300.jpg 300w, https:\/\/blogs.ugr.es\/antropopuentes\/wp-content\/uploads\/sites\/130\/2023\/05\/marta-150x150.jpg 150w, https:\/\/blogs.ugr.es\/antropopuentes\/wp-content\/uploads\/sites\/130\/2023\/05\/marta.jpg 800w\" sizes=\"auto, (max-width: 700px) 100vw, 700px\" \/><\/figure>\n\n\n\n<p class=\"has-text-align-center\">MARTA <strong>ZORNOZA<\/strong><\/p>\n\n\n\n<p class=\"has-black-color has-text-color\" style=\"font-size:11px\">Graduada en Antropolog\u00eda social y cultural en la Universidad de Granada y M\u00e1ster en Antropolog\u00eda por la Universidad Aut\u00f3noma de Barcelona. Actualmente con contrato predoctoral en el Departamento de Antropolog\u00eda social y cultural de la Universidad de Granada.<\/p>\n<\/div>\n\n\n\n<div class=\"wp-block-column is-layout-flow wp-block-column-is-layout-flow\"><\/div>\n\n\n\n<div class=\"wp-block-column is-layout-flow wp-block-column-is-layout-flow\"><\/div>\n<\/div>\n\n\n\n<p><\/p>\n","protected":false},"excerpt":{"rendered":"<p>En esta p\u00e1gina presentamos a las personas que, a lo largo de los distintos proyectos de innovaci\u00f3n docente que hemos desarrollado, han formado parte &#8211; o forman parte actualmente &#8211; de sus equipos, as\u00ed como a quienes, en alg\u00fan momento, han participado y colaborado en ellos. Por orden alfab\u00e9tico (A-Z): CARLA ALBA PULIDO Graduada en&hellip; <a href=\"https:\/\/blogs.ugr.es\/antropopuentes\/quienes-somos\/\" class=\"more-link\">Leer m\u00e1s <span class=\"screen-reader-text\">acerca de Qui\u00e9nes Somos<\/span><\/a><\/p>\n","protected":false},"author":614,"featured_media":0,"parent":0,"menu_order":2,"comment_status":"closed","ping_status":"closed","template":"","meta":{"_genesis_hide_title":false,"_genesis_hide_breadcrumbs":false,"_genesis_hide_singular_image":false,"_genesis_hide_footer_widgets":false,"_genesis_custom_body_class":"","_genesis_custom_post_class":"","_genesis_layout":"","footnotes":""},"categories":[11],"tags":[],"class_list":{"0":"post-684","1":"page","2":"type-page","3":"status-publish","5":"category-quienes-somos","6":"entry","7":"has-post-thumbnail"},"_links":{"self":[{"href":"https:\/\/blogs.ugr.es\/antropopuentes\/wp-json\/wp\/v2\/pages\/684","targetHints":{"allow":["GET"]}}],"collection":[{"href":"https:\/\/blogs.ugr.es\/antropopuentes\/wp-json\/wp\/v2\/pages"}],"about":[{"href":"https:\/\/blogs.ugr.es\/antropopuentes\/wp-json\/wp\/v2\/types\/page"}],"author":[{"embeddable":true,"href":"https:\/\/blogs.ugr.es\/antropopuentes\/wp-json\/wp\/v2\/users\/614"}],"replies":[{"embeddable":true,"href":"https:\/\/blogs.ugr.es\/antropopuentes\/wp-json\/wp\/v2\/comments?post=684"}],"version-history":[{"count":2,"href":"https:\/\/blogs.ugr.es\/antropopuentes\/wp-json\/wp\/v2\/pages\/684\/revisions"}],"predecessor-version":[{"id":1131,"href":"https:\/\/blogs.ugr.es\/antropopuentes\/wp-json\/wp\/v2\/pages\/684\/revisions\/1131"}],"wp:attachment":[{"href":"https:\/\/blogs.ugr.es\/antropopuentes\/wp-json\/wp\/v2\/media?parent=684"}],"wp:term":[{"taxonomy":"category","embeddable":true,"href":"https:\/\/blogs.ugr.es\/antropopuentes\/wp-json\/wp\/v2\/categories?post=684"},{"taxonomy":"post_tag","embeddable":true,"href":"https:\/\/blogs.ugr.es\/antropopuentes\/wp-json\/wp\/v2\/tags?post=684"}],"curies":[{"name":"wp","href":"https:\/\/api.w.org\/{rel}","templated":true}]}}