{"id":186,"date":"2018-02-15T10:18:06","date_gmt":"2018-02-15T09:18:06","guid":{"rendered":"https:\/\/blogs.ugr.es\/empleougr\/?page_id=186"},"modified":"2018-02-15T11:35:06","modified_gmt":"2018-02-15T10:35:06","slug":"somos-mas","status":"publish","type":"page","link":"https:\/\/blogs.ugr.es\/empleougr\/somos-mas\/","title":{"rendered":"Somos m\u00e1s"},"content":{"rendered":"<p>El Centro de Promoci\u00f3n de Empleo y Pr\u00e1cticas tiene una profusa actividad que se ve apoyada en diferentes espacios webs.<\/p>\n<figure id=\"attachment_192\" aria-describedby=\"caption-attachment-192\" style=\"width: 312px\" class=\"wp-caption alignleft\"><a href=\"http:\/\/cpep.ugr.es\/\"><img loading=\"lazy\" decoding=\"async\" class=\"wp-image-192 \" title=\"Centro de Promoci\u00f3n de Empleo y Pr\u00e1cticas\" src=\"https:\/\/blogs.ugr.es\/empleougr\/wp-content\/uploads\/sites\/29\/2018\/02\/133-300x224.jpg\" alt=\"\" width=\"312\" height=\"233\" srcset=\"https:\/\/blogs.ugr.es\/empleougr\/wp-content\/uploads\/sites\/29\/2018\/02\/133-300x224.jpg 300w, https:\/\/blogs.ugr.es\/empleougr\/wp-content\/uploads\/sites\/29\/2018\/02\/133-700x523.jpg 700w, https:\/\/blogs.ugr.es\/empleougr\/wp-content\/uploads\/sites\/29\/2018\/02\/133.jpg 800w\" sizes=\"auto, (max-width: 312px) 100vw, 312px\" \/><\/a><figcaption id=\"caption-attachment-192\" class=\"wp-caption-text\"><strong>Centro de Promoci\u00f3n de Empleo y Pr\u00e1cticas<\/strong><\/figcaption><\/figure>\n<p>En la <a href=\"http:\/\/cpep.ugr.es\/\">web del Centro de Promoci\u00f3n de Empleo y Pr\u00e1cticas<\/a> podr\u00e1s ver toda la informaci\u00f3n institucional. Una descripci\u00f3n detallada de todos los servicios prestados: Pr\u00e1cticas, Orientaci\u00f3n y Empleo.<\/p>\n<p>El tabl\u00f3n de la web te permitir\u00e1 conocer de primera mano todas las novedades: convocatorias, programas, formaci\u00f3n ofrecida por el Centro de Promoci\u00f3n de Empleo y Pr\u00e1cticas, etc.<\/p>\n<p>&nbsp;<\/p>\n<hr \/>\n<p><a href=\"http:\/\/empleo2.ugr.es\/\"><img loading=\"lazy\" decoding=\"async\" class=\"wp-image-196 aligncenter\" src=\"https:\/\/blogs.ugr.es\/empleougr\/wp-content\/uploads\/sites\/29\/2018\/02\/UGR-Empleo20basico.png\" alt=\"\" width=\"365\" height=\"145\" \/><\/a><\/p>\n<p style=\"text-align: left\">Este sitio est\u00e1 pensado para mantenerte informado de cuestiones relativas a empleo universitario y para mejorar el contacto contigo. As\u00ed podr\u00e1s:<\/p>\n<ul>\n<li style=\"text-align: left\">Acceder a noticias relativas a la empleabilidad de los universitarios.<\/li>\n<li style=\"text-align: left\">Acceder al servicio de Teleorientaci\u00f3n (recibe orientaci\u00f3n on-line).<\/li>\n<li style=\"text-align: left\">Ver las Ofertas de Trabajo de la Agencia de Colocaci\u00f3n.<\/li>\n<li style=\"text-align: left\">Ver las Ofertas de Pr\u00e1cticas en el extranjero.<\/li>\n<li style=\"text-align: left\">Inscribirte en la lista de Distribuci\u00f3n de Empleo P\u00fablico.<\/li>\n<\/ul>\n<hr \/>\n<figure id=\"attachment_197\" aria-describedby=\"caption-attachment-197\" style=\"width: 331px\" class=\"wp-caption alignleft\"><a href=\"http:\/\/icaro.ual.es\/ugr\"><img loading=\"lazy\" decoding=\"async\" class=\"wp-image-197\" src=\"https:\/\/blogs.ugr.es\/empleougr\/wp-content\/uploads\/sites\/29\/2018\/02\/\u00cdcaro-300x249.jpg\" alt=\"\" width=\"331\" height=\"275\" srcset=\"https:\/\/blogs.ugr.es\/empleougr\/wp-content\/uploads\/sites\/29\/2018\/02\/\u00cdcaro-300x249.jpg 300w, https:\/\/blogs.ugr.es\/empleougr\/wp-content\/uploads\/sites\/29\/2018\/02\/\u00cdcaro-700x580.jpg 700w, https:\/\/blogs.ugr.es\/empleougr\/wp-content\/uploads\/sites\/29\/2018\/02\/\u00cdcaro.jpg 800w\" sizes=\"auto, (max-width: 331px) 100vw, 331px\" \/><\/a><figcaption id=\"caption-attachment-197\" class=\"wp-caption-text\"><strong>Porrtal de Gesti\u00f3n \u00cdcaro<\/strong><\/figcaption><\/figure>\n<p><a href=\"http:\/\/icaro.ual.es\/ugr\"> \u00cdcaro<\/a> es la web de gesti\u00f3n de Pr\u00e1cticas y Empleo Servicios de la Universidad de Granada. Usa este Portal para:<\/p>\n<ul>\n<li>Inscribirte en los Programas de Pr\u00e1cticas en Empresas.<\/li>\n<li>Inscribirte en la Agencia de Colocaci\u00f3n de la UGR.<\/li>\n<li>Inscribirte en el Programa de Orientaci\u00f3n Profesional de la UGR.<\/li>\n<\/ul>\n<p>&nbsp;<\/p>\n<p>&nbsp;<\/p>\n<hr \/>\n<figure id=\"attachment_194\" aria-describedby=\"caption-attachment-194\" style=\"width: 331px\" class=\"wp-caption alignright\"><a href=\"http:\/\/empleo2.ugr.es\/salidasprofesionales\/\"><img loading=\"lazy\" decoding=\"async\" class=\"wp-image-194\" src=\"https:\/\/blogs.ugr.es\/empleougr\/wp-content\/uploads\/sites\/29\/2018\/02\/PortadaSalidas2-300x116.jpg\" alt=\"\" width=\"331\" height=\"128\" srcset=\"https:\/\/blogs.ugr.es\/empleougr\/wp-content\/uploads\/sites\/29\/2018\/02\/PortadaSalidas2-300x116.jpg 300w, https:\/\/blogs.ugr.es\/empleougr\/wp-content\/uploads\/sites\/29\/2018\/02\/PortadaSalidas2-700x270.jpg 700w, https:\/\/blogs.ugr.es\/empleougr\/wp-content\/uploads\/sites\/29\/2018\/02\/PortadaSalidas2.jpg 800w\" sizes=\"auto, (max-width: 331px) 100vw, 331px\" \/><\/a><figcaption id=\"caption-attachment-194\" class=\"wp-caption-text\"><strong>Gu\u00eda de Salidas Profesionales de la Universidad de Granada<\/strong><\/figcaption><\/figure>\n<p>La <a href=\"http:\/\/empleo2.ugr.es\/salidasprofesionales\/\">Gu\u00eda de Salidas Profesionales<\/a> es una herramienta que te permitir\u00e1 acceder a abundante informaci\u00f3n para el empleo de cada una de las titulaciones de la Universidad de Granada. Competencias profesionales, \u00e1mbitos laborales, ocupaciones, enlaces profesionales, mercado de trabajo, forman parte de la informaci\u00f3n que te ayudar\u00e1 a definir tus objetivos profesionales.<\/p>\n<p>&nbsp;<\/p>\n<p>&nbsp;<\/p>\n","protected":false},"excerpt":{"rendered":"<p>El Centro de Promoci\u00f3n de Empleo y Pr\u00e1cticas tiene una profusa actividad que se ve apoyada en diferentes espacios webs. En la web del Centro de Promoci\u00f3n de Empleo y Pr\u00e1cticas podr\u00e1s ver toda la informaci\u00f3n institucional. Una descripci\u00f3n detallada de todos los servicios prestados: Pr\u00e1cticas, Orientaci\u00f3n y Empleo. El tabl\u00f3n de la web te [&hellip;]<\/p>\n","protected":false},"author":39,"featured_media":0,"parent":0,"menu_order":0,"comment_status":"closed","ping_status":"closed","template":"","meta":{"_genesis_hide_title":false,"_genesis_hide_breadcrumbs":false,"_genesis_hide_singular_image":false,"_genesis_hide_footer_widgets":false,"_genesis_custom_body_class":"","_genesis_custom_post_class":"","_genesis_layout":"","footnotes":""},"categories":[],"tags":[],"class_list":{"0":"post-186","1":"page","2":"type-page","3":"status-publish","5":"entry"},"_links":{"self":[{"href":"https:\/\/blogs.ugr.es\/empleougr\/wp-json\/wp\/v2\/pages\/186","targetHints":{"allow":["GET"]}}],"collection":[{"href":"https:\/\/blogs.ugr.es\/empleougr\/wp-json\/wp\/v2\/pages"}],"about":[{"href":"https:\/\/blogs.ugr.es\/empleougr\/wp-json\/wp\/v2\/types\/page"}],"author":[{"embeddable":true,"href":"https:\/\/blogs.ugr.es\/empleougr\/wp-json\/wp\/v2\/users\/39"}],"replies":[{"embeddable":true,"href":"https:\/\/blogs.ugr.es\/empleougr\/wp-json\/wp\/v2\/comments?post=186"}],"version-history":[{"count":3,"href":"https:\/\/blogs.ugr.es\/empleougr\/wp-json\/wp\/v2\/pages\/186\/revisions"}],"predecessor-version":[{"id":198,"href":"https:\/\/blogs.ugr.es\/empleougr\/wp-json\/wp\/v2\/pages\/186\/revisions\/198"}],"wp:attachment":[{"href":"https:\/\/blogs.ugr.es\/empleougr\/wp-json\/wp\/v2\/media?parent=186"}],"wp:term":[{"taxonomy":"category","embeddable":true,"href":"https:\/\/blogs.ugr.es\/empleougr\/wp-json\/wp\/v2\/categories?post=186"},{"taxonomy":"post_tag","embeddable":true,"href":"https:\/\/blogs.ugr.es\/empleougr\/wp-json\/wp\/v2\/tags?post=186"}],"curies":[{"name":"wp","href":"https:\/\/api.w.org\/{rel}","templated":true}]}}