{"id":146,"date":"2019-06-16T17:51:45","date_gmt":"2019-06-16T15:51:45","guid":{"rendered":"https:\/\/blogs.ugr.es\/equipodocente\/?page_id=146"},"modified":"2021-04-25T21:46:15","modified_gmt":"2021-04-25T19:46:15","slug":"curso-2018-2019","status":"publish","type":"page","link":"https:\/\/blogs.ugr.es\/equipodocente\/curso-2018-2019\/","title":{"rendered":"Curso 2018-2019"},"content":{"rendered":"<p>&nbsp;<\/p>\n<p><a href=\"https:\/\/blogs.ugr.es\/equipodocente\/wp-content\/uploads\/sites\/59\/2019\/06\/Listado-de-miembros-completo-II-Edici\u00f3n.xlsx\">Listado de miembros completo II Edici\u00f3n<\/a><\/p>\n<p><a href=\"https:\/\/blogs.ugr.es\/equipodocente\/wp-content\/uploads\/sites\/59\/2019\/06\/Planificaci\u00f3n-acci\u00f3n-formativa-Equipo-DocenteII-Edici\u00f3n.docx\">Planificaci\u00f3n acci\u00f3n formativa Equipo Docente II Edici\u00f3n<\/a><\/p>\n<p><a href=\"https:\/\/blogs.ugr.es\/equipodocente\/?page_id=480&amp;preview=true\">Sesi\u00f3n Ester L\u00f3pez C\u00e1rdenas<\/a><\/p>\n<p><a href=\"https:\/\/blogs.ugr.es\/equipodocente\/?page_id=491&amp;preview=true\">Sesi\u00f3n de V\u00edctor Urquiza\u00a0 Valverde<\/a><\/p>\n<p><a href=\"https:\/\/blogs.ugr.es\/equipodocente\/maria-jose-morillas-rivas\/\">Sesiones de Mar\u00eda Jos\u00e9 Morillas Rivas<\/a><\/p>\n<p><a href=\"https:\/\/blogs.ugr.es\/equipodocente\/?page_id=502&amp;preview=true\">Sesi\u00f3n de Alfonso Garc\u00eda-Donas Sep\u00falveda<\/a><\/p>\n<p><a href=\"https:\/\/blogs.ugr.es\/equipodocente\/?page_id=504&amp;preview=true\">Sesi\u00f3n Segunda de Ester L\u00f3pez C\u00e1rdenas<\/a><\/p>\n<p><a href=\"https:\/\/blogs.ugr.es\/equipodocente\/jose-sanchez-perez\/\">Sesi\u00f3n de Jos\u00e9 S\u00e1nchez P\u00e9rez<\/a><\/p>\n<p><a href=\"https:\/\/blogs.ugr.es\/equipodocente\/pablo-penalver-alonso\/\">Sesi\u00f3n de Pablo Pe\u00f1alver<\/a><\/p>\n<p>&nbsp;<\/p>\n<p>&nbsp;<\/p>\n<p>&nbsp;<\/p>\n","protected":false},"excerpt":{"rendered":"<p>&nbsp; Listado de miembros completo II Edici\u00f3n Planificaci\u00f3n acci\u00f3n formativa Equipo Docente II Edici\u00f3n Sesi\u00f3n Ester L\u00f3pez C\u00e1rdenas Sesi\u00f3n de V\u00edctor Urquiza\u00a0 Valverde Sesiones de Mar\u00eda Jos\u00e9 Morillas Rivas Sesi\u00f3n de Alfonso Garc\u00eda-Donas Sep\u00falveda Sesi\u00f3n Segunda de Ester L\u00f3pez C\u00e1rdenas Sesi\u00f3n de Jos\u00e9 S\u00e1nchez P\u00e9rez Sesi\u00f3n de Pablo Pe\u00f1alver &nbsp; &nbsp; &nbsp;<\/p>\n","protected":false},"author":506,"featured_media":0,"parent":0,"menu_order":0,"comment_status":"closed","ping_status":"closed","template":"","meta":{"_genesis_hide_title":false,"_genesis_hide_breadcrumbs":false,"_genesis_hide_singular_image":false,"_genesis_hide_footer_widgets":false,"_genesis_custom_body_class":"","_genesis_custom_post_class":"","_genesis_layout":"","footnotes":""},"categories":[],"tags":[],"class_list":{"0":"post-146","1":"page","2":"type-page","3":"status-publish","5":"entry"},"_links":{"self":[{"href":"https:\/\/blogs.ugr.es\/equipodocente\/wp-json\/wp\/v2\/pages\/146","targetHints":{"allow":["GET"]}}],"collection":[{"href":"https:\/\/blogs.ugr.es\/equipodocente\/wp-json\/wp\/v2\/pages"}],"about":[{"href":"https:\/\/blogs.ugr.es\/equipodocente\/wp-json\/wp\/v2\/types\/page"}],"author":[{"embeddable":true,"href":"https:\/\/blogs.ugr.es\/equipodocente\/wp-json\/wp\/v2\/users\/506"}],"replies":[{"embeddable":true,"href":"https:\/\/blogs.ugr.es\/equipodocente\/wp-json\/wp\/v2\/comments?post=146"}],"version-history":[{"count":4,"href":"https:\/\/blogs.ugr.es\/equipodocente\/wp-json\/wp\/v2\/pages\/146\/revisions"}],"predecessor-version":[{"id":556,"href":"https:\/\/blogs.ugr.es\/equipodocente\/wp-json\/wp\/v2\/pages\/146\/revisions\/556"}],"wp:attachment":[{"href":"https:\/\/blogs.ugr.es\/equipodocente\/wp-json\/wp\/v2\/media?parent=146"}],"wp:term":[{"taxonomy":"category","embeddable":true,"href":"https:\/\/blogs.ugr.es\/equipodocente\/wp-json\/wp\/v2\/categories?post=146"},{"taxonomy":"post_tag","embeddable":true,"href":"https:\/\/blogs.ugr.es\/equipodocente\/wp-json\/wp\/v2\/tags?post=146"}],"curies":[{"name":"wp","href":"https:\/\/api.w.org\/{rel}","templated":true}]}}