{"id":144,"date":"2018-01-26T11:21:19","date_gmt":"2018-01-26T10:21:19","guid":{"rendered":"https:\/\/blogs.ugr.es\/javiergarcia\/?page_id=144"},"modified":"2024-02-01T12:50:29","modified_gmt":"2024-02-01T11:50:29","slug":"presentaciones-en-reuniones-cientificas","status":"publish","type":"page","link":"https:\/\/blogs.ugr.es\/javiergarcia\/presentaciones-en-reuniones-cientificas\/","title":{"rendered":"Presentaciones en reuniones cient\u00edficas"},"content":{"rendered":"<p>&nbsp;<\/p>\n<ul>\n<li>Soddu, P., Rodr\u00edguez Borges, R. F., &amp; Garc\u00eda Casta\u00f1o, F. J. (2018). La construcci\u00f3n de las rutas migratorias a partir de las representaciones medi\u00e1ticas: el caso de los Cayucos en Canarias. En F. J. Herrero Guti\u00e9rrez &amp; C. Mateos Mart\u00edn (Eds.), <i>El fin de un modelo de pol\u00edtica<\/i>(pp. 1581\u20131615). La Laguna: Sociedad Latina de Comunicaci\u00f3n Social.\u00a0Recuperado a partir de\u00a0<a href=\"http:\/\/www.revistalatinacs.org\/17SLCS\/2017_libro_2\/077_Soddu.pdf\">http:\/\/www.revistalatinacs.org\/17SLCS\/2017_libro_2\/077_Soddu.pdf<\/a><\/li>\n<li>Cama, A., &amp; Garc\u00eda Casta\u00f1o, F. J. (2017). La sobrerrepresentaci\u00f3n de escolares de nacionalidad extranjera en el grupo de alumnado con necesidades educativas especiales. En M. Vicente Rabanaque, P. Garc\u00eda Hernandorena, &amp; A. Vizca\u00edno Estevan (Eds.), <i>Antropolog\u00edas en transformaci\u00f3n: sentidos, compromisos y utop\u00edas<\/i>(pp. 331\u2013347). Universitat de Val\u00e8ncia. Recuperado a partir de <a href=\"https:\/\/dialnet.unirioja.es\/servlet\/articulo?codigo=6121384\">https:\/\/dialnet.unirioja.es\/servlet\/articulo?codigo=6121384<\/a><\/li>\n<li>Rodr\u00edguez-Izquierdo, R. M., &amp; Garc\u00eda Casta\u00f1o, F. J. (2016). Inmigraci\u00f3n y ense\u00f1anza de la lengua a escolares de nacionalidad extranjera en Andaluc\u00eda. Implicaciones para el debate de la inmigraci\u00f3n. En <em>XV Congreso de Educaci\u00f3n Comparada: Ciudadan\u00eda mundial y Educaci\u00f3n para el Desarrollo. Una Mirada Internacional (Sevilla, 16-18 de noviembre de 2016)<\/em> (pp. 1-8). Sevilla.<\/li>\n<li>Rodr\u00edguez-Izquierdo, R. M., Garc\u00eda Casta\u00f1o, F. J., &amp; Garc\u00eda Vah\u00ed, G. (2016). Trayectorias de escolares de nacionalidad extranjera en dispositivos \u00abespeciales\u00bb en el sistema educativo andaluz: reflexiones sobre integraci\u00f3n y construcci\u00f3n de la diferencia. En <em>VI Congresso da Associa\u00e7\u00e3o Portuguesa de Antropologia [Coimbra (Portugal), 2 a 4 de junio de 2016]).<\/em> (pp. 1-10). Co\u00edmbra, Portugal: Associa\u00e7\u00e3o Portuguesa de Antropologia.<\/li>\n<li>Garc\u00eda Casta\u00f1o, F. J., Garc\u00eda Soto, R., Rodr\u00edguez-Izquierdo, R. M., &amp; Mart\u00ednez Chic\u00f3n, R. (2016). Las explicaciones antropol\u00f3gicas emic\/etic para comprender la confrontaci\u00f3n en investigaci\u00f3n y escuela en el tratamiento de la diversidad cultural: segregaci\u00f3n versus integraci\u00f3n. En <em>VI Congresso da Associa\u00e7\u00e3o Portuguesa de Antropologia [Coimbra (Portugal), 2 a 4 de junio de 2016])<\/em> (pp. 1-14). Co\u00edmbra, Portugal: Associa\u00e7\u00e3o Portuguesa de Antropologia.<\/li>\n<li>Garc\u00eda Casta\u00f1o, F. J., L\u00f3pez L\u00f3pez, J. de D., &amp; Fern\u00e1ndez Echeverr\u00eda, J. (2016). Terminolog\u00edas y denominaci\u00f3n de los \u00abgrupos minoritarios\u00bb. Sobre la contribuci\u00f3n de la ciencia a la construcci\u00f3n de la diferencia y la desigualdad. En <em>V Congreso Internacional Multidisciplinar de Investigaci\u00f3n Educativa (CIMIE 16): Investigaci\u00f3n educativa con impacto social (Sevilla, 30 de junio a 1 de julio de 2016)<\/em>. Sevilla.<\/li>\n<li>Rodr\u00edguez-Izquierdo, R. M., &amp; Garc\u00eda Casta\u00f1o, F. J. (2016). Representaciones de la otredad en la escuela: profesorado de centros educativos hablando de minor\u00edas, poblaci\u00f3n extranjera y poblaci\u00f3n inmigrante. En <em>V Congreso Internacional Multidisciplinar de Investigaci\u00f3n Educativa (CIMIE 16): Investigaci\u00f3n educativa con impacto social (Sevilla, 30 de junio a 1 de julio de 2016)<\/em> (pp. 1-6). Sevilla.<\/li>\n<li>Fern\u00e1ndez Echeverr\u00eda, J., L\u00f3pez L\u00f3pez, J. de D., &amp; Garc\u00eda Casta\u00f1o, F. J. (2016). De la diversidad cultural a la homogeneizaci\u00f3n escolar: trayectorias educativas y procesos de identificaci\u00f3n colectiva entre el alumnado de las ATAL. En <em>II Congreso Internacional de Antropolog\u00eda AIBR. Identidad: puentes, umbrales y muros (Barcelona, 6-9 de septiembre de 2016)<\/em>. Barcelona: Asociaci\u00f3n AIBR.<\/li>\n<li>Bouachra Outmani, O., Garc\u00eda Casta\u00f1o, F. J., &amp; Olmos Alcaraz, A. (2015). Cuando la crisis sirve de excusa: reducci\u00f3n de los recursos escolares para la atenci\u00f3n de poblaci\u00f3n de nacionalidad extranjera. En F. J. Garc\u00eda Casta\u00f1o, A. Meg\u00edas Meg\u00edas, &amp; J. Ortega Torres (Eds.), <em>Actas del VIII Congreso sobre Migraciones Internacionales en Espa\u00f1a (Granada, 16-18 de septiembre de 2015)<\/em> (p. S32\/3-S32\/22). Granada: Instituto de Migraciones. Recuperado a partir de <a href=\"http:\/\/migraciones.ugr.es\/pages\/publicaciones\/congresos\/garciacastano2015\">http:\/\/migraciones.ugr.es\/pages\/publicaciones\/congresos\/garciacastano2015<\/a><\/li>\n<li>Garc\u00eda Casta\u00f1o, F. J., Castilla Segura, J., &amp; Capell\u00e1n de Toro, L. (2015). \u00bfCompensar es igualar?: trayectorias de escolares de nacionalidad extranjera en dispositivos \u00abespeciales\u00bb en el sistema educativo andaluz. En F. J. Garc\u00eda Casta\u00f1o, A. Meg\u00edas Meg\u00edas, &amp; J. Ortega Torres (Eds.), <em>Actas del VIII Congreso sobre Migraciones Internacionales en Espa\u00f1a (Granada, 16-18 de septiembre de 2015)<\/em> (p. S02\/13-S02\/28). Granada: Instituto de Migraciones. Recuperado a partir de <a href=\"http:\/\/migraciones.ugr.es\/pages\/publicaciones\/congresos\/garciacastano2015\">http:\/\/migraciones.ugr.es\/pages\/publicaciones\/congresos\/garciacastano2015<\/a><\/li>\n<li>Granados Mart\u00ednez, A., Fern\u00e1ndez Echeverr\u00eda, J., &amp; Garc\u00eda Casta\u00f1o, F. J. (2015). La mirada del Instituto Nacional de Estad\u00edstica y la prensa escrita sobre la poblaci\u00f3n extranjera y la poblaci\u00f3n inmigrante. En F. J. Garc\u00eda Casta\u00f1o, A. Meg\u00edas Meg\u00edas, &amp; J. Ortega Torres (Eds.), <em>Actas del VIII Congreso sobre Migraciones Internacionales en Espa\u00f1a (Granada, 16-18 de septiembre de 2015)<\/em> (p. S23\/80-S23\/97). Granada: Instituto de Migraciones. Recuperado a partir de <a href=\"http:\/\/migraciones.ugr.es\/pages\/publicaciones\/congresos\/garciacastano2015\">http:\/\/migraciones.ugr.es\/pages\/publicaciones\/congresos\/garciacastano2015<\/a><\/li>\n<li>L\u00f3pez Fern\u00e1ndez, R., Garc\u00eda Casta\u00f1o, F. J., Meg\u00edas Meg\u00edas, A., &amp; Molino Ure\u00f1a, M. E. (2015). An\u00e1lisis del crecimiento del campo de estudio de las migraciones a trav\u00e9s del estudio de las tesis doctorales le\u00eddas en universidades en Espa\u00f1a. En F. J. Garc\u00eda Casta\u00f1o, A. Meg\u00edas Meg\u00edas, &amp; J. Ortega Torres (Eds.), <em>Actas del VIII Congreso sobre Migraciones Internacionales en Espa\u00f1a (Granada, 16-18 de septiembre de 2015)<\/em> (p. S19\/3\u2013S19\/17). Granada: Instituto de Migraciones. Recuperado a partir de <a href=\"http:\/\/migraciones.ugr.es\/pages\/publicaciones\/congresos\/garciacastano2015\">http:\/\/migraciones.ugr.es\/pages\/publicaciones\/congresos\/garciacastano2015<\/a><\/li>\n<li>Meg\u00edas Meg\u00edas, A., Garc\u00eda Casta\u00f1o, F. J., Ortega Torres, J., &amp; Pintos Torrado, I. (2015). An\u00e1lisis descriptivo de los congresos sobre migraciones celebrados en Espa\u00f1a. Relaciones entre autor\u00eda y su representaci\u00f3n. En F. J. Garc\u00eda Casta\u00f1o, A. Meg\u00edas Meg\u00edas, &amp; J. Ortega Torres (Eds.), <em>Actas del VIII Congreso sobre Migraciones Internacionales en Espa\u00f1a (Granada, 16-18 de septiembre de 2015)<\/em> (p. S19\/61\u2013S19\/72). Granada: Instituto de Migraciones. Recuperado a partir de <a href=\"http:\/\/migraciones.ugr.es\/pages\/publicaciones\/congresos\/garciacastano2015\">http:\/\/migraciones.ugr.es\/pages\/publicaciones\/congresos\/garciacastano2015<\/a><\/li>\n<li>Kressova, N., Chovancova, L., Fern\u00e1ndez Echeverr\u00eda, J., Fleissner, K., G\u00f3mez Vecchio, T., Granados Mart\u00ednez, A., &amp; Garc\u00eda Casta\u00f1o, F. J. (2012). Noticias de la radio y la televisi\u00f3n andaluza con representaciones positivas de la inmigraci\u00f3n. An\u00e1lisis del lenguaje. En <em>VII Congreso Migraciones Internacionales en Espa\u00f1a: movilidad humana y diversidad social (11-13 de abril)<\/em> (pp. 3348-3368). Bilbao: Universidad del Pa\u00eds Vasco.<\/li>\n<li>Abuladze, T., Esteban Bretones, D., &amp; Garc\u00eda Casta\u00f1o, F. J. (2012). \u00bfC\u00f3mo es representado el fen\u00f3meno de las migraciones por las personas que ven cine? An\u00e1lisis de discursos del espectador sobre un conjunto de pel\u00edculas espa\u00f1olas sobre emigraci\u00f3n, inmigraci\u00f3n o con personas migrantes. En <em>VII Congreso Migraciones Internacionales en Espa\u00f1a: movilidad humana y diversidad social (11-13 de abril)<\/em> (pp. 3107-3118). Bilbao: Universidad del Pa\u00eds Vasco.<\/li>\n<li>Garc\u00eda Casta\u00f1o, F. J., Fern\u00e1ndez Echeverr\u00eda, J., &amp; Castilla Segura, J. (2012). El desarrollo normativo de las ATAL. En <em>VII Congreso Migraciones Internacionales en Espa\u00f1a: movilidad humana y diversidad social (11-13 de abril)<\/em> (pp. 1435-1452). Bilbao: Universidad del Pa\u00eds Vasco.<\/li>\n<li>Garc\u00eda Casta\u00f1o, F. J., &amp; Chovancova, L. (2012). Representaci\u00f3n de la interculturalidad en el discurso medi\u00e1tico: la inmigraci\u00f3n extranjera a escena. En <em>VII Congreso Migraciones Internacionales en Espa\u00f1a: movilidad humana y diversidad social (11-13 de abril)<\/em> (pp. 3251-3279). Bilbao: Instituto de Migraciones.<\/li>\n<li>Garc\u00eda Casta\u00f1o, F. J., Castilla Segura, J., &amp; Capell\u00e1n de Toro, L. (2012). \u00bfQu\u00e9 \u00e9xitos tienen los escolares extranjeros que han pasado por las ATAL? En <em>VII Congreso Migraciones Internacionales en Espa\u00f1a: movilidad humana y diversidad social (11-13 de abril)<\/em> (pp. 1747-1766). Bilbao: Universidad del Pa\u00eds Vasco.<\/li>\n<li>Esteban Bretones, D., Abuladze, T., &amp; Garc\u00eda Casta\u00f1o, F. J. (2012). La inmigraci\u00f3n extranjera representada en el filme Bread and roses (Ken Loach, 2000). Un an\u00e1lisis de discurso de los receptores desde la teor\u00eda de la recepci\u00f3n. En <em>VII Congreso Migraciones Internacionales en Espa\u00f1a: movilidad humana y diversidad social (11-13 de abril)<\/em> (pp. 3202-3216). Bilbao: Universidad del Pa\u00eds Vasco.<\/li>\n<li>Fern\u00e1ndez Echeverr\u00eda, J., G\u00f3mez Vecchio, T., Fleissner, K., Kressova, N., Chovancova, L., Granados Mart\u00ednez, A., &amp; Garc\u00eda Casta\u00f1o, F. J. (2012). El compromiso de Canal Sur TV con la imagen positiva de los inmigrantes: an\u00e1lisis de presencias y ausencias. En <em>VII Congreso Migraciones Internacionales en Espa\u00f1a: movilidad humana y diversidad social (11-13 de abril)<\/em> (pp. 3218-3233). Bilbao: Universidad del Pa\u00eds Vasco.<\/li>\n<li>Kressova, N., Fleissner, K., Granados Mart\u00ednez, A., Garc\u00eda Casta\u00f1o, F. J., &amp; Fern\u00e1ndez Echeverr\u00eda, J. (2012). Medios de comunicaci\u00f3n e inmigraci\u00f3n en Espa\u00f1a: situaci\u00f3n actual y perspectivas de futuro. En AA.VV. (Ed.), <em>El espa\u00f1ol, lengua del mestizaje y la interculturalidad frente a los retos del Siglo XXI: investigaci\u00f3n y ense\u00f1anza<\/em> (pp. 76-81). Mosc\u00fa: V Conferencia Cient\u00edfica Internacional de Hispanistas.<\/li>\n<li>Fern\u00e1ndez Echeverr\u00eda, J., Kressova, N., &amp; Garc\u00eda Casta\u00f1o, F. J. (2011). \u00bfConstruyendo interculturalidad?: an\u00e1lisis de las normas para \u00abatender\u00bb en los asuntos relacionados con la lengua vehicular al \u00abalumnado inmigrante\u00bb en la escuela. En F. J. Garc\u00eda Casta\u00f1o &amp; N. Kressova (Eds.), <em>Actas del I Congreso Internacional sobre Migraciones en Andaluc\u00eda (16-18 de febrero)<\/em> (pp. 1769-1784). Granada: Instituto de Migraciones. Recuperado a partir de <a href=\"http:\/\/migraciones.ugr.es\/pages\/publicaciones\/congresos\/garciacastano2011\">http:\/\/migraciones.ugr.es\/pages\/publicaciones\/congresos\/garciacastano2011<\/a><\/li>\n<li>Kressova, N., Fern\u00e1ndez Echeverr\u00eda, J., &amp; Garc\u00eda Casta\u00f1o, F. J. (2011). Migrantes de Europa del este y su protagonismo en los medios de comunicaci\u00f3n en Espa\u00f1a. En F. J. Garc\u00eda Casta\u00f1o &amp; N. Kressova (Eds.), <em>Actas del I Congreso Internacional sobre Migraciones en Andaluc\u00eda (16-18 de febrero)<\/em> (pp. 239-248). Granada: Instituto de Migraciones. Recuperado a partir de http:\/\/migraciones.ugr.es\/pages\/publicaciones\/congresos\/garciacastano2011<\/li>\n<li>L\u00f3pez Su\u00e1rez, C., &amp; Garc\u00eda Casta\u00f1o, F. J. (2011). Cuantificando las diferencias: resultados escolares de extranjeros y nacionales en un centro de educaci\u00f3n secundaria. En F. J. Garc\u00eda Casta\u00f1o &amp; N. Kressova (Eds.), <em>Actas del I Congreso Internacional sobre Migraciones en Andaluc\u00eda (16-18 de febrero)<\/em> (pp. 471-483). Granada: Instituto de Migraciones. Recuperado a partir de <a href=\"http:\/\/migraciones.ugr.es\/pages\/publicaciones\/congresos\/garciacastano2011\">http:\/\/migraciones.ugr.es\/pages\/publicaciones\/congresos\/garciacastano2011<\/a><\/li>\n<li>Garc\u00eda Casta\u00f1o, F. J., Rubio G\u00f3mez, M., &amp; Bouachra Outmani, O. (2007). Investigaci\u00f3n etnogr\u00e1fica sobre la escolarizaci\u00f3n de poblaci\u00f3n inmigrante extranjera en Espa\u00f1a. Balance de un campo de estudio y de un tipo de proceso metodol\u00f3gico a partir del an\u00e1lisis de las tesis doctorales realizadas desde 1995 hasta 2006. En <em>II Congreso Internacional de Etnograf\u00eda y Educaci\u00f3n. Migraciones y Ciudadan\u00edas. Universidad Aut\u00f3noma de Barcelona, Grupo EMIGRA.\u00a0<\/em>Barcelona.<\/li>\n<li>Garc\u00eda Casta\u00f1o, F. J., Gij\u00f3n S\u00e1nchez, M. T., S\u00e1nchez Hitos, M. T., &amp; Bol\u00edvar Mu\u00f1oz, J. (2006). Extranjeros y escolares. Formas de construir la diferencia en el \u00e1mbito de la educaci\u00f3n formal en Andaluc\u00eda mediante la llamada educaci\u00f3n intercultural. En T. J. Campoy Aranda, A. Pantoja Vallejo, &amp; C. Villanueva Roa (Eds.), <em>V Jornadas sobre Diagnostico y Orientaci\u00f3n: la Educaci\u00f3n Intercultural en la Sociedad de la Informaci\u00f3n<\/em> (pp. 1-29). Ja\u00e9n: Universidad de Ja\u00e9n.<\/li>\n<li>Gij\u00f3n S\u00e1nchez, M. T., Garc\u00eda Casta\u00f1o, F. J., Bol\u00edvar Mu\u00f1oz, J., &amp; S\u00e1nchez Hitos, M. T. (2004). El estudio comparativo de la presencia de poblaci\u00f3n extranjera en Granada: 1996-2003. En <em>VII Congreso ADEH<\/em>. Granada.<\/li>\n<li>Garc\u00eda Casta\u00f1o, F. J., &amp; Capell\u00e1n de Toro, L. (2003). De las cifras de poblaci\u00f3n extranjera a la construcci\u00f3n de la llamada educaci\u00f3n intercultural. En L. Serra (Ed.), <em>II Seminario sobre la Investigaci\u00f3n de la Inmigraci\u00f3n Extranjera en Andaluc\u00eda<\/em> (pp. 211-231). Sevilla: Direcci\u00f3n General de Coordinaci\u00f3n de Pol\u00edticas Migratorias. Junta de Andaluc\u00eda.<\/li>\n<li>Granados Mart\u00ednez, A., &amp; Garc\u00eda Casta\u00f1o, F. J. (2000). La inmigraci\u00f3n como problema: El caso de la prensa de Andaluc\u00eda. En <em>II Congreso sobre la Inmigraci\u00f3n en Espa\u00f1a. Espa\u00f1a y las migraciones internacionales en el cambio de siglo (5-7 de octubre)<\/em> (pp. 1-16). Madrid: Instituto Universitario de Estudios sobre Migraciones.<\/li>\n<li>Garc\u00eda Casta\u00f1o, F. J., &amp; Granados Mart\u00ednez, A. (2000). \u00bfQu\u00e9 hay de intercultural en las acciones interculturales (discursos, programas, educaci\u00f3n, dise\u00f1os de investigaci\u00f3n&#8230;)? El caso de la atenci\u00f3n a los inmigrantes extranjeros. En <em>II Congreso sobre la Inmigraci\u00f3n en Espa\u00f1a (5-7 de octubre)<\/em> (pp. 1-13). Madrid: Universidad Pontifica Comillas. Recuperado a partir de <a href=\"http:\/\/hdl.handle.net\/10481\/34588\">http:\/\/hdl.handle.net\/10481\/34588<\/a><\/li>\n<li>Garc\u00eda Casta\u00f1o, F. J., &amp; Granados Mart\u00ednez, A. (1998). Doce a\u00f1os de estudios sobre inmigraci\u00f3n en Espa\u00f1a. An\u00e1lisis cr\u00edtico para la investigaci\u00f3n. En <em>VI Congreso Espa\u00f1ol de Sociolog\u00eda (24-26 de septiembre)<\/em> (p. 68). A Coru\u00f1a. Recuperado a partir de http:\/\/hdl.handle.net\/10481\/34587<\/li>\n<li>Garc\u00eda Casta\u00f1o, F. J., Agrela Romero, B., &amp; Mart\u00ednez Chic\u00f3n, R. (1998). La presencia de trabajadores extranjeros en el mercado laboral de la recogida de aceituna en la provincia de Ja\u00e9n. En <em>VI Congreso Espa\u00f1ol de Sociolog\u00eda (24-26 de septiembre)<\/em> (p. 15). A Coru\u00f1a. Recuperado a partir de <a href=\"http:\/\/hdl.handle.net\/10481\/34591\">http:\/\/hdl.handle.net\/10481\/34591<\/a><\/li>\n<li>Garc\u00eda Casta\u00f1o, F. J., Garc\u00eda-Cano Torrico, M., &amp; Granados Mart\u00ednez, A. (1998). El racismo pensado. Discursos racialistas desde los profesionales de la educaci\u00f3n. En <em>VI Congreso Espa\u00f1ol de Sociolog\u00eda (24-26 de septiembre)<\/em>. La Coru\u00f1a.<\/li>\n<li>Garc\u00eda Casta\u00f1o, F. J., &amp; Garc\u00eda-Cano Torrico, M. (1997). Ni\u00f1os, ni\u00f1as y culturas versus curr\u00edculum y escuela. De lo plural y de lo singular en la educaci\u00f3n infantil. En AA.VV. (Ed.), <em>I Jornadas Metodol\u00f3gicas y de Evaluaci\u00f3n Infantil<\/em> (Ediciones, pp. 151-167). Granada: Federaci\u00f3n de Trabajadores de Ense\u00f1anza (UGT). Recuperado a partir de <a href=\"http:\/\/hdl.handle.net\/10481\/34586\">http:\/\/hdl.handle.net\/10481\/34586<\/a><\/li>\n<li>Granados Mart\u00ednez, A., &amp; Garc\u00eda Casta\u00f1o, F. J. (1997). Una aproximaci\u00f3n al tratamiento de la diferencia. La imagen del otro en la prensa espa\u00f1ola (1985-1992). En R. G\u00f3mez-Caminero Garc\u00eda (Ed.), <em>I Jornadas de Educaci\u00f3n y Medios de Comunicaci\u00f3n<\/em> (pp. 175-223). Granada: Federaci\u00f3n de Trabajadores de Ense\u00f1anza (UGT). Recuperado a partir de <a href=\"http:\/\/hdl.handle.net\/10481\/34590\">http:\/\/hdl.handle.net\/10481\/34590<\/a><\/li>\n<li>Garc\u00eda Casta\u00f1o, F. J. (1996). Diversidad de culturas y clase social. Una aproximaci\u00f3n conceptual con consecuencias para el estudio de las migraciones. En E. Osuna (Ed.), <em>II Jornadas de Educaci\u00f3n para la Diversidad<\/em> (pp. 267-298). Granada: Federaci\u00f3n de Trabajadores de Ense\u00f1anza (UGT). Recuperado a partir de <a href=\"http:\/\/hdl.handle.net\/10481\/34559\">http:\/\/hdl.handle.net\/10481\/34559<\/a><\/li>\n<li>Garc\u00eda Casta\u00f1o, F. J. (1989). El papel del antrop\u00f3logo preocupado por temas educativos y la incidencia aplicativa de sus estudios en los \u00e1mbitos de la evaluaci\u00f3n y planificaci\u00f3n educativa. En <em>Actas do II Coloquio de Antropolox\u00eda<\/em> (pp. 243-252). Santiago de Compostela: Xunta de Galicia. Recuperado a partir de <a href=\"http:\/\/hdl.handle.net\/10481\/34554\">http:\/\/hdl.handle.net\/10481\/34554<\/a><\/li>\n<li>Garc\u00eda Casta\u00f1o, F. J. (1983). Preocupaciones metodol\u00f3gicas en M. Mead. Un estudio necesario para la antropolog\u00eda de la educaci\u00f3n. En <em>Actas del II Congreso Iberoamericano de Antropolog\u00eda<\/em> (pp. 31-44). Gran Canaria: Cabildo Insular de Canarias-ICEF. Recuperado a partir de <a href=\"http:\/\/hdl.handle.net\/10481\/34553\">http:\/\/hdl.handle.net\/10481\/34553<\/a><\/li>\n<\/ul>\n","protected":false},"excerpt":{"rendered":"<p>&nbsp; Soddu, P., Rodr\u00edguez Borges, R. F., &amp; Garc\u00eda Casta\u00f1o, F. J. (2018). La construcci\u00f3n de las rutas migratorias a partir de las representaciones medi\u00e1ticas: el caso de los Cayucos en Canarias. En F. J. Herrero Guti\u00e9rrez &amp; C. Mateos Mart\u00edn (Eds.), El fin de un modelo de pol\u00edtica(pp. 1581\u20131615). La Laguna: Sociedad Latina de [&hellip;]<\/p>\n","protected":false},"author":20,"featured_media":0,"parent":0,"menu_order":0,"comment_status":"closed","ping_status":"closed","template":"","meta":{"_genesis_hide_title":false,"_genesis_hide_breadcrumbs":false,"_genesis_hide_singular_image":false,"_genesis_hide_footer_widgets":false,"_genesis_custom_body_class":"","_genesis_custom_post_class":"","_genesis_layout":"","footnotes":""},"categories":[],"tags":[],"class_list":{"0":"post-144","1":"page","2":"type-page","3":"status-publish","5":"entry"},"_links":{"self":[{"href":"https:\/\/blogs.ugr.es\/javiergarcia\/wp-json\/wp\/v2\/pages\/144","targetHints":{"allow":["GET"]}}],"collection":[{"href":"https:\/\/blogs.ugr.es\/javiergarcia\/wp-json\/wp\/v2\/pages"}],"about":[{"href":"https:\/\/blogs.ugr.es\/javiergarcia\/wp-json\/wp\/v2\/types\/page"}],"author":[{"embeddable":true,"href":"https:\/\/blogs.ugr.es\/javiergarcia\/wp-json\/wp\/v2\/users\/20"}],"replies":[{"embeddable":true,"href":"https:\/\/blogs.ugr.es\/javiergarcia\/wp-json\/wp\/v2\/comments?post=144"}],"version-history":[{"count":4,"href":"https:\/\/blogs.ugr.es\/javiergarcia\/wp-json\/wp\/v2\/pages\/144\/revisions"}],"predecessor-version":[{"id":490,"href":"https:\/\/blogs.ugr.es\/javiergarcia\/wp-json\/wp\/v2\/pages\/144\/revisions\/490"}],"wp:attachment":[{"href":"https:\/\/blogs.ugr.es\/javiergarcia\/wp-json\/wp\/v2\/media?parent=144"}],"wp:term":[{"taxonomy":"category","embeddable":true,"href":"https:\/\/blogs.ugr.es\/javiergarcia\/wp-json\/wp\/v2\/categories?post=144"},{"taxonomy":"post_tag","embeddable":true,"href":"https:\/\/blogs.ugr.es\/javiergarcia\/wp-json\/wp\/v2\/tags?post=144"}],"curies":[{"name":"wp","href":"https:\/\/api.w.org\/{rel}","templated":true}]}}