{"id":136,"date":"2018-05-25T12:21:32","date_gmt":"2018-05-25T10:21:32","guid":{"rendered":"https:\/\/blogs.ugr.es\/memolab\/?page_id=136"},"modified":"2026-01-20T22:05:24","modified_gmt":"2026-01-20T21:05:24","slug":"equipo","status":"publish","type":"page","link":"https:\/\/blogs.ugr.es\/memolab\/memolab-3\/equipo\/","title":{"rendered":"Equipo"},"content":{"rendered":"<hr \/>\n<h3>Coordinador<\/h3>\n<hr \/>\n<p><strong>Dr. Jos\u00e9 Mar\u00eda Mart\u00edn Civantos<\/strong><br \/>\n<strong><img loading=\"lazy\" decoding=\"async\" class=\"size-medium wp-image-1338 alignright\" src=\"https:\/\/blogs.ugr.es\/memolab\/wp-content\/uploads\/sites\/41\/2023\/07\/WhatsApp-Image-2023-07-01-at-11.36.02-229x300.jpeg\" alt=\"\" width=\"229\" height=\"300\" srcset=\"https:\/\/blogs.ugr.es\/memolab\/wp-content\/uploads\/sites\/41\/2023\/07\/WhatsApp-Image-2023-07-01-at-11.36.02-229x300.jpeg 229w, https:\/\/blogs.ugr.es\/memolab\/wp-content\/uploads\/sites\/41\/2023\/07\/WhatsApp-Image-2023-07-01-at-11.36.02-535x700.jpeg 535w, https:\/\/blogs.ugr.es\/memolab\/wp-content\/uploads\/sites\/41\/2023\/07\/WhatsApp-Image-2023-07-01-at-11.36.02.jpeg 611w\" sizes=\"auto, (max-width: 229px) 100vw, 229px\" \/><\/strong><a href=\"&#x6d;&#x61;&#105;&#108;to&#x3a;&#x63;&#x69;&#118;an&#x74;&#x6f;&#x73;&#64;&#117;g&#x72;&#x2e;&#x65;&#115;\">&#x63;&#x69;&#x76;&#x61;&#x6e;&#116;&#111;&#115;&#64;ugr&#x2e;&#x65;&#x73;<\/a><br \/>\n<a href=\"http:\/\/www.ugr.es\/~civantos\/\">http:\/\/www.ugr.es\/~civantos\/<\/a><\/p>\n<p>ORCID <a href=\"http:\/\/orcid.org\/0000-0001-5513-8427\">http:\/\/orcid.org\/0000-0001-5513-8427<\/a><\/p>\n<p>Redes acad\u00e9micas: <a href=\"https:\/\/www.researchgate.net\/profile\/Jose_Maria_Martin_Civantos\">Researchgate<\/a> &#8211; <a href=\"https:\/\/granada.academia.edu\/Jos%C3%A9M%C2%AAMart%C3%ADnCivantos\">Academia.edu<\/a><\/p>\n<p style=\"padding-left: 40px\">Profesor titular en el Departamento de Historia Medieval y CCTTHH de la Universidad de Granada.<\/p>\n<p style=\"padding-left: 40px\">Ha desarrollado su intensa carrera acad\u00e9mica principalmente en Espa\u00f1a e Italia, teniendo la oportunidad de beneficiarse de entornos de investigaci\u00f3n interdisciplinarios y fruct\u00edferos, y estableciendo fuertes v\u00ednculos con la comunidad cient\u00edfica. Esta relaci\u00f3n duradera result\u00f3 en el desarrollo de una fuerte red de colaboraci\u00f3n conformada por expertos en una variedad de campos tales como Historia y Arqueolog\u00eda, Ciencias Ambientales, Agronom\u00eda, Bot\u00e1nica, Hidrolog\u00eda, Hidrogeolog\u00eda, Geograf\u00eda, Historia de la Construcci\u00f3n, Planificaci\u00f3n Espacial, Topograf\u00eda y Fotogrametr\u00eda, Sistemas de Computaci\u00f3n e Idiomas e Inform\u00e1tica Gr\u00e1fica, la cual facilit\u00f3 la colaboraci\u00f3n y el intercambio de informaci\u00f3n, nutriendo sus intereses de investigaci\u00f3n y ampliando los enfoques te\u00f3ricos y metodol\u00f3gicos en el estudio del an\u00e1lisis hist\u00f3rico de paisajes, las t\u00e9cnicas de construcci\u00f3n medievales en relaci\u00f3n con la organizaci\u00f3n espacial, y la aplicaci\u00f3n de nuevas tecnolog\u00edas a la Arqueolog\u00eda.<\/p>\n<p style=\"padding-left: 40px\">As\u00ed, ha sido investigador en m\u00e1s de 50 proyectos y contratos de investigaci\u00f3n, siendo investigador principal en la mitad de ellos, y destacando entre todos, la coordinaci\u00f3n del exitoso y muy premiado proyecto europeo <i>MEMOLA <\/i>(<i>MEditerranean MOntainous LAndscapes: an historical approach to cultural heritage based on traditional agrosystems<\/i>), financiado por la Uni\u00f3n Europea, con arreglo a FP7\/SSH, con 2.499.773 \u20ac.<\/p>\n<p style=\"padding-left: 40px\">Todo ello, unido a una intensas actividad arqueol\u00f3gica, con decenas de intervenciones dirigidas, le ha permitido producir una gran cantidad de publicaciones cient\u00edficas, y asistir a multitud de reuniones cient\u00edficas, tanto nacionales como internacionales, que le convierten en un referente mundial en el \u00e1mbito de los sistemas hidr\u00e1ulicos y la Arqueolog\u00eda del Paisaje de \u00e9poca medieval, y especialmente, en la gesti\u00f3n de los recursos naturales y la transformaci\u00f3n del territorio.<\/p>\n<hr \/>\n<h4>Investigadores<\/h4>\n<hr \/>\n<p><strong><img loading=\"lazy\" decoding=\"async\" class=\"alignright size-full wp-image-179\" src=\"https:\/\/blogs.ugr.es\/memolab\/wp-content\/uploads\/sites\/41\/2018\/05\/Teresa.png\" alt=\"\" width=\"234\" height=\"155\" \/>Teresa Bonet Garc\u00eda<\/strong><br \/>\n<a href=\"&#109;&#x61;&#x69;&#108;&#x74;&#x6f;&#58;&#x6d;&#x74;&#101;&#x72;&#x65;&#98;&#x6f;&#x6e;&#101;&#x74;&#x40;&#103;&#x6d;&#x61;&#105;&#x6c;&#x2e;&#99;&#x6f;&#x6d;\">&#x6d;t&#x65;r&#x65;&#98;&#x6f;&#110;e&#x74;&#64;&#x67;&#109;&#x61;&#105;&#x6c;&#46;c&#x6f;m<\/a><\/p>\n<p style=\"padding-left: 40px\">Arque\u00f3loga profesional desde el a\u00f1o 2010, ha participado en varios proyectos de investigaci\u00f3n en colaboraci\u00f3n con la Universidad de Granada, relativos en su mayor parte a estudios vinculados con la Arqueolog\u00eda del Paisaje.<\/p>\n<p style=\"padding-left: 40px\">Miembro de la empresa Arqueoandalus\u00ed, Arqueolog\u00eda y Patrimonio S.L., ha participado activamente como socio en el desarrollo y ejecuci\u00f3n del proyecto Mediterranean Mountainous Landscapes (MEMOLA Project, FP7, Comisi\u00f3n europea, coordinado por la Universidad de Granada). Est\u00e1 especializada en Arqueolog\u00eda Hidr\u00e1ulica y del Territorio, con un buen manejo de los Sistema de Informaci\u00f3n Geogr\u00e1fica (GIS).<\/p>\n<hr \/>\n<p><strong><img loading=\"lazy\" decoding=\"async\" class=\"alignright wp-image-180\" src=\"https:\/\/blogs.ugr.es\/memolab\/wp-content\/uploads\/sites\/41\/2018\/05\/rocco.png\" alt=\"\" width=\"164\" height=\"177\" \/>Rocco Corselli<\/strong><br \/>\n<a href=\"&#109;&#x61;i&#x6c;t&#111;&#x3a;&#114;&#x6f;c&#99;&#x6f;&#99;&#x6f;r&#x73;&#x65;&#108;&#x6c;i&#x40;g&#111;&#x2e;&#117;&#x67;r&#46;&#x65;&#115;\">r&#111;&#99;&#x63;&#x6f;&#x63;or&#115;&#101;&#x6c;&#x6c;&#x69;&#64;&#103;&#111;&#46;&#x75;&#x67;&#x72;&#46;&#101;&#115;<\/a><\/p>\n<p style=\"padding-left: 40px\">Arque\u00f3logo profesional desde el a\u00f1o 2009, tras haber conseguido la especializaci\u00f3n en Arqueolog\u00eda Cl\u00e1sica por la Universidad La Sapienza de Roma. Ha trabajado en toda Italia, en particular en Sicilia como investigador del \u00e1rea de estudio de los Monti di Trapani, dentro del proyecto europeo MEMOLA (<a href=\"http:\/\/www.memolaproject.eu\">www.memolaproject.eu<\/a>), donde se ha ocupado, sobre todo, de arqueolog\u00eda hidr\u00e1ulica. Miembro del departamento de arqueolog\u00eda de la Universidad de Sheffield (UK) entre el 2014 y el 2016, y de la Universidad de C\u00f3rdoba, en el 2016. Entre el 2016 y el 2018 ha trabajado como t\u00e9cnico arque\u00f3logo para la empresa Arqueoandalus\u00ed Arqueolog\u00eda y Patrimonio S.L., con sede en Granada.<\/p>\n<p style=\"padding-left: 40px\">Desde 2019 es investigador con cargo a proyectos de la Universidad de Granada, donde ha ejercido como director de las excavaciones arqueol\u00f3gicas de apoyo a los trabajos de restauraci\u00f3n de la Alcazaba de Guadix (Granada) y Tabernas (Almer\u00eda), dentro del llamado programa 1,5% Cultural del Ministerio de Transporte, Movilidad y Agenda Urbana del Gobierno de Espa\u00f1a.<\/p>\n<hr \/>\n<p><strong><img loading=\"lazy\" decoding=\"async\" class=\"alignright wp-image-182\" src=\"https:\/\/blogs.ugr.es\/memolab\/wp-content\/uploads\/sites\/41\/2018\/05\/Julio.png\" alt=\"\" width=\"184\" height=\"221\" \/>Dr. Julio M. Rom\u00e1n Punz\u00f3n<\/strong><br \/>\n<a href=\"&#x6d;&#x61;&#x69;&#x6c;&#x74;&#x6f;&#58;&#114;&#111;&#109;anp&#64;&#x75;&#x67;&#x72;&#x2e;&#x65;&#x73;\">r&#111;&#109;&#x61;&#x6e;&#x70;&#64;u&#103;&#114;&#x2e;&#x65;&#x73;<\/a><\/p>\n<p>ORCID: <a href=\"https:\/\/orcid.org\/0000-0001-6351-2511\">https:\/\/orcid.org\/0000-0001-6351-2511<\/a><\/p>\n<p>Redes acad\u00e9micas: <a href=\"https:\/\/www.researchgate.net\/profile\/Julio_Roman_Punzon\/contributions\">Researchgate<\/a> &#8211; <a href=\"https:\/\/granada.academia.edu\/JulioMiguelRom%C3%A1nPunz%C3%B3n\">Academia.edu<\/a> &#8211; <a href=\"https:\/\/scholar.google.es\/citations?user=rno_T-QAAAAJ&amp;hl=es&amp;oi=ao\">Google Scholar<\/a><\/p>\n<p style=\"padding-left: 40px\">Licenciado en Filosof\u00eda y Letras (Especialidad Geograf\u00eda e Historia, opci\u00f3n Antig\u00fcedad) por la Universidad de Granada, con Premio Extraordinario de Licenciatura, obtuvo en 2004 el t\u00edtulo de Doctor en Historia (especialidad Arqueolog\u00eda) en la misma instituci\u00f3n cient\u00edfica. Ha impartido clases de arqueolog\u00eda en la Universidad de Granada, y de Historia del Arte Cristiano Antiguo en la Facultad de Historia Eclesi\u00e1stica Antoni Gaud\u00ed de Barcelona (Profesor Invitado). Miembro del Grupo de Investigaci\u00f3n \u201cRed de estudios sobre sostenibilidad, Patrimonio, Participaci\u00f3n, Paisaje y Territorio\u201d (HUM-952, Junta de Andaluc\u00eda), ha participado en varios proyectos de investigaci\u00f3n, financiados por distintas administraciones p\u00fablicas.<br \/>\nAsimismo, est\u00e1 acreditado como Profesor Ayudante Doctor, desde septiembre de 2015, por la Agencia Nacional de Evaluaci\u00f3n de la Calidad y Acreditaci\u00f3n (ANECA).<\/p>\n<p style=\"padding-left: 40px\">A lo largo de su carrera profesional, centrada en la Arqueolog\u00eda de Gesti\u00f3n, ha dirigido numerosas intervenciones arqueol\u00f3gicas, abarcando todos los periodos hist\u00f3ricos, b\u00e1sicamente en Andaluc\u00eda. Asimismo, ha desarrollado una intensa labor investigadora, con una abundante producci\u00f3n cient\u00edfica publicada en libros, revistas y reuniones especializadas de \u00e1mbito nacional e internacional, destacando la de los periodos cl\u00e1sico y tardoantiguo en Andaluc\u00eda, en los cuales se ha especializado en los \u00faltimos a\u00f1os. Tambi\u00e9n forma parte de su reciente inter\u00e9s cient\u00edfico, los or\u00edgenes del cristianismo antiguo en Andaluc\u00eda y sus primeras manifestaciones art\u00edsticas y culturales.<\/p>\n<p style=\"padding-left: 40px\">Actualmente, es Investigador Contratado en el Laboratorio de Arqueolog\u00eda Biocultural, del Departamento de Historia Medieval y CCTTHH de la Universidad de Granada, as\u00ed como director de las excavaciones arqueol\u00f3gicas en la Villa romana de Salar.<\/p>\n<hr \/>\n<p><strong><img loading=\"lazy\" decoding=\"async\" class=\"alignright wp-image-184\" src=\"https:\/\/blogs.ugr.es\/memolab\/wp-content\/uploads\/sites\/41\/2018\/05\/Pablo-300x276.jpg\" alt=\"\" width=\"237\" height=\"218\" srcset=\"https:\/\/blogs.ugr.es\/memolab\/wp-content\/uploads\/sites\/41\/2018\/05\/Pablo-300x276.jpg 300w, https:\/\/blogs.ugr.es\/memolab\/wp-content\/uploads\/sites\/41\/2018\/05\/Pablo-700x643.jpg 700w, https:\/\/blogs.ugr.es\/memolab\/wp-content\/uploads\/sites\/41\/2018\/05\/Pablo.jpg 800w\" sizes=\"auto, (max-width: 237px) 100vw, 237px\" \/>Pablo Romero Pellitero<br \/>\n<\/strong><a href=\"&#x6d;&#97;i&#x6c;&#116;o&#x3a;&#112;a&#x62;&#108;o&#x72;&#111;m&#x65;&#114;o&#x38;&#54;&#64;&#x67;&#109;a&#x69;&#108;&#46;&#x63;&#111;m\">pablor&#111;&#109;&#101;&#114;&#111;&#56;&#54;&#x40;&#x67;&#x6d;&#x61;&#x69;&#x6c;&#x2e;&#x63;&#x6f;&#x6d;<\/a><\/p>\n<p>ORCID: <a href=\"https:\/\/orcid.org\/0000-0002-5755-8633\">https:\/\/orcid.org\/0000-0002-5755-8633<\/a><\/p>\n<p>Redes acad\u00e9micas: <a href=\"https:\/\/www.linkedin.com\/in\/pablo-romero-pellitero-97bb14161\/\">Linkedin<\/a> &#8211; <a href=\"https:\/\/www.researchgate.net\/profile\/Pablo_Pellitero\">Researchgate<\/a> &#8211; <a href=\"https:\/\/ugr.academia.edu\/PabloRomero\">Academia.edu<\/a><\/p>\n<p style=\"padding-left: 40px\">Arque\u00f3logo. Licenciado en Historia por la Universidad de M\u00e1laga (2010) y M\u00e1ster en Culturas \u00e1rabe y hebrea por la Universidad de Granada (2011), es, actualmente, doctorando en Historia por la Universidad de Granada. Ha realizado estancias de estudio en la Universidad Aut\u00f3noma de Madrid.<\/p>\n<p style=\"padding-left: 40px\">Especializado en Sistemas de Informaci\u00f3n Geogr\u00e1fica y tecnolog\u00edas digitales de documentaci\u00f3n gr\u00e1fica, as\u00ed como en topograf\u00eda aplicada al Patrimonio. Posee amplia formaci\u00f3n en la aplicaci\u00f3n de sistemas LiDAR e im\u00e1genes sat\u00e9lite para el estudio de los paisajes culturales.<\/p>\n<p style=\"padding-left: 40px\">Tiene experiencia en registro y reconstrucci\u00f3n virtual del patrimonio y elaboraci\u00f3n de materiales de divulgaci\u00f3n en 3D, adem\u00e1s de exposiciones virtuales para redes sociales, tales como Sketchfab.\u00a0Ha trabajado en proyectos nacionales y europeos, como es el caso del proyecto europeo FP7 MEMOLA Project (2014-2017). Ha participado en numerosas intervenciones arqueol\u00f3gicas en varios pa\u00edses. Ha publicado sobre arqueolog\u00eda virtual, humanidades digitales y teledetecci\u00f3n.<\/p>\n<p style=\"padding-left: 40px\">Es Miembro de la Asociaci\u00f3n Espa\u00f1ola de Teledetecci\u00f3n (AET) y del Grupo de Investigaci\u00f3n \u201cRed de estudios sobre sostenibilidad, Patrimonio, Participaci\u00f3n, Paisaje y Territorio\u201d (HUM-952, Junta de Andaluc\u00eda).<\/p>\n<div>\n<hr \/>\n<p><strong><img loading=\"lazy\" decoding=\"async\" class=\"alignright wp-image-787\" src=\"https:\/\/blogs.ugr.es\/memolab\/wp-content\/uploads\/sites\/41\/2022\/02\/sergio-157x300.jpg\" alt=\"\" width=\"191\" height=\"365\" srcset=\"https:\/\/blogs.ugr.es\/memolab\/wp-content\/uploads\/sites\/41\/2022\/02\/sergio-157x300.jpg 157w, https:\/\/blogs.ugr.es\/memolab\/wp-content\/uploads\/sites\/41\/2022\/02\/sergio.jpg 201w\" sizes=\"auto, (max-width: 191px) 100vw, 191px\" \/>Sergio Couto Gonz\u00e1lez<\/strong><br \/>\n<a href=\"&#109;&#x61;&#x69;&#108;&#x74;&#x6f;&#58;&#x73;&#x65;&#114;&#x67;&#x69;&#111;&#x63;&#x6f;&#117;&#x74;&#x6f;&#103;&#x40;&#x67;&#109;&#x61;&#x69;&#108;&#x2e;&#x63;o&#x6d;\">&#x73;&#x65;&#x72;&#x67;&#x69;&#x6f;&#x63;&#x6f;&#x75;&#x74;&#x6f;&#x67;&#x40;&#x67;&#109;&#97;&#105;&#108;&#46;&#99;&#111;&#109;<\/a>; <a href=\"&#109;&#x61;i&#x6c;&#x74;&#111;&#x3a;s&#x65;&#x72;&#103;&#x69;o&#x63;&#x6f;&#117;&#x74;o&#x40;&#x67;&#111;&#x2e;u&#x67;&#x72;&#46;&#x65;s\">&#x73;&#101;&#114;&#x67;&#x69;&#111;&#99;&#x6f;&#x75;&#116;&#111;&#x40;&#x67;&#111;&#46;&#x75;&#x67;&#114;&#46;&#x65;&#x73;<\/a><\/p>\n<p>ORCID: <a href=\"https:\/\/orcid.org\/0009-0001-9584-0402\">https:\/\/orcid.org\/0009-0001-9584-0402<\/a><\/p>\n<p style=\"padding-left: 40px\">Bi\u00f3logo gallego con inter\u00e9s en los v\u00ednculos entre la conservaci\u00f3n del territorio y la gobernanza comunal. Sergio dirigi\u00f3 el primer estudio nacional sobre <a href=\"https:\/\/www.cbd.int\/protected\/ts64-country-case-studies\/\">ICCA-Territorios de Vida<\/a> en Espa\u00f1a y es uno de los cofundadores de <a href=\"http:\/\/www.icomunales.org\/\">Iniciativa Comunales<\/a>, una red de comunidades locales que gobiernan comunales en Espa\u00f1a. Tambi\u00e9n ha sido fundador y coordinador de la <a href=\"https:\/\/www.commonlandsnet.org\/\">Common Lands Network<\/a> de Europa, Oriente Medio y el Norte de \u00c1frica.<\/p>\n<p style=\"padding-left: 40px\">Comenz\u00f3 su carrera en el \u00e1mbito de la conservaci\u00f3n de fauna salvaje, realizando inventarios y estableciendo criterios de gesti\u00f3n de fauna en varias \u00e1reas protegidas en Espa\u00f1a. Ha trabajado en el Instituto Pirenaico de Ecolog\u00eda (CSIC), la Sociedad Espa\u00f1ola de Ornitolog\u00eda (SEO\/BirdLife), el Programa de Reintroducci\u00f3n del Quebrantahuesos en Andaluc\u00eda, y varios proyectos del programa LIFE de la UE. Tambi\u00e9n ha trabajado como consultor independiente para varias ONG y programas de instituciones como la Comisi\u00f3n Europea. Recientemente ha trabajado como agente de apoyo a la innovaci\u00f3n para un Grupo Operativo de la Asociaci\u00f3n Europea de Innovaci\u00f3n para la Productividad y la Sostenibilidad Agr\u00edcola (EIP-AGRI) sobre gobernanza com\u00fan, y ha sido coordinador regional del <a href=\"https:\/\/www.iccaconsortium.org\/index.php\/es\/inicio\/\">Consorcio ICCA<\/a> para Europa hasta 2022, del que es actualmente miembro honorario. Es miembro de la Comisi\u00f3n de Pol\u00edtica Ambiental, Econ\u00f3mica y Social de la UICN.<\/p>\n<p style=\"padding-left: 40px\">Para Sergio, el papel de las comunidades rurales y la gobernanza comunal en las iniciativas de conservaci\u00f3n del territorio y de la biodiversidad es fundamental. Adem\u00e1s, considera que los comunales y otros conceptos m\u00e1s innovadores como los Territorios de Vida, son sistemas que encarnan poderosos valores ambientales, econ\u00f3micos y sociales, con un enorme potencial para contribuir a resolver muchos de los retos de nuestro tiempo.<\/p>\n<p><a href=\"https:\/\/www.iccaconsortium.org\/index.php\/2019\/11\/25\/icca-consortium-policy-brief-no-7-meanings-and-more\/\">2019- (Coautor) Sajeva et al. Meanings and More 978-2-9701386-0-0<\/a><br \/>\n<a href=\"https:\/\/www.iccaconsortium.org\/index.php\/2019\/11\/15\/icca-consortium-policy-brief-no-6-nourishing-life-territories-of-life-food-sovereignty\/\">2019- (Coautor) Pimbert et al. Territories of Life and Food Sovereignty 978-1-84600-094-2<\/a><\/p>\n<hr \/>\n<p><strong><img loading=\"lazy\" decoding=\"async\" class=\"alignright size-medium wp-image-789\" src=\"https:\/\/blogs.ugr.es\/memolab\/wp-content\/uploads\/sites\/41\/2022\/02\/pepon-1-213x300.jpg\" alt=\"\" width=\"213\" height=\"300\" srcset=\"https:\/\/blogs.ugr.es\/memolab\/wp-content\/uploads\/sites\/41\/2022\/02\/pepon-1-213x300.jpg 213w, https:\/\/blogs.ugr.es\/memolab\/wp-content\/uploads\/sites\/41\/2022\/02\/pepon-1-496x700.jpg 496w, https:\/\/blogs.ugr.es\/memolab\/wp-content\/uploads\/sites\/41\/2022\/02\/pepon-1.jpg 567w\" sizes=\"auto, (max-width: 213px) 100vw, 213px\" \/>Dr. Jos\u00e9 Abell\u00e1n Santisteban<\/strong><br \/>\n<a href=\"mailto:a&#98;&#101;&#108;&#108;&#97;&#110;&#115;&#97;&#110;&#64;&#x67;&#x6f;&#x2e;&#x75;&#x67;&#x72;&#x2e;&#x65;&#x73;\">&#x61;&#98;&#x65;&#x6c;&#108;&#x61;&#110;s&#x61;&#110;&#64;&#x67;&#111;&#46;&#x75;&#103;r&#x2e;&#101;&#x73;<\/a><\/p>\n<p>ORCID: <a href=\"https:\/\/orcid.org\/0000-0003-4653-3884\">https:\/\/orcid.org\/0000-0003-4653-3884<\/a><\/p>\n<p>Redes acad\u00e9micas: <a href=\"https:\/\/www.researchgate.net\/profile\/Jose_Abellan_Santisteban\">Researchegate<\/a> &#8211; <a href=\"https:\/\/ugr.academia.edu\/Jos%C3%A9Abell%C3%A1nSantisteban\">Academia.edu<\/a><\/p>\n<\/div>\n<p style=\"padding-left: 40px\">Doctor en Arqueolog\u00eda por la Universidad de Granada (contrato FPU en el Departamento de Historia Medieval y CCTTHH). Graduado en Arqueolog\u00eda por la Universidad de Granada. M\u00e1ster oficial en Arqueolog\u00eda por la Universidad de Granada. Fue becario de colaboraci\u00f3n por el MEC, con el Departamento de Historia Medieval y CCTTHH; as\u00ed como becario de iniciaci\u00f3n a la investigaci\u00f3n con el Departamento de Prehistoria y Arqueolog\u00eda.<\/p>\n<p style=\"padding-left: 40px\">Se especializ\u00f3 en el uso de Sistemas de informaci\u00f3n Geogr\u00e1fica (SIG) aplicados a la prospecci\u00f3n arqueol\u00f3gica, centr\u00e1ndose en la teledetecci\u00f3n de yacimientos, indicios hidr\u00e1ulicos e indicios mineros en la zona norte de Sierra Nevada. A ra\u00edz de estos trabajos se interes\u00f3 por la geoarqueolog\u00eda y por el potencial de esta para realizar an\u00e1lisis arqueol\u00f3gicos de los paisajes de monta\u00f1a. De la mimas manera, a\u00f1adi\u00f3 a la metodolog\u00eda de an\u00e1lisis del\u00a0paisaje, las metodolog\u00eda de an\u00e1lisis geoestad\u00edstica que le ha permitido caracterizar un enorme volumen de datos sobre las zonas pertenecientes a sus estudios de doctorado.<\/p>\n<p style=\"padding-left: 40px\">Ha participado en numerosos trabajos de campo de prospecci\u00f3n y de excavaci\u00f3n en ambientes mediterr\u00e1neos: Espa\u00f1a, Italia y Marruecos.\u00a0 Actualmente se encuentra realizando estudios de doctorado en la Universidad de Granada en con una tesis con el proyecto de tesis titulado: La formaci\u00f3n hist\u00f3rica y la gesti\u00f3n tradicional de suelos en el complejo Nevado-Fil\u00e1bride. An\u00e1lisis arqueol\u00f3gico y geoqu\u00edmico de los socioecosistemas de monta\u00f1a bajo la direcci\u00f3n de Jos\u00e9 Mar\u00eda Mart\u00edn Civantos y Cristiano Nicosia. En el marco de trabajo de esta tesis ha desarrollado una estancia de investigaci\u00f3n en el McCord Center for Landscape en la Universidad de Newcastle en Reino Unido, bajo la supervisi\u00f3n de Samuel Turner.<\/p>\n<p style=\"padding-left: 40px\">Estas estancias de investigaci\u00f3n le han permitido formarse en aspectos instrumentales fundamentales para obtener una visi\u00f3n micro de los socio ecosistema de monta\u00f1a, prestando especial atenci\u00f3n a los procesos y a las din\u00e1micas de cambio que dejan su huella en el paisaje.<\/p>\n<hr \/>\n<p><strong><img loading=\"lazy\" decoding=\"async\" class=\"alignright size-medium wp-image-790\" src=\"https:\/\/blogs.ugr.es\/memolab\/wp-content\/uploads\/sites\/41\/2022\/02\/roque-245x300.jpg\" alt=\"\" width=\"245\" height=\"300\" srcset=\"https:\/\/blogs.ugr.es\/memolab\/wp-content\/uploads\/sites\/41\/2022\/02\/roque-245x300.jpg 245w, https:\/\/blogs.ugr.es\/memolab\/wp-content\/uploads\/sites\/41\/2022\/02\/roque-571x700.jpg 571w, https:\/\/blogs.ugr.es\/memolab\/wp-content\/uploads\/sites\/41\/2022\/02\/roque.jpg 653w\" sizes=\"auto, (max-width: 245px) 100vw, 245px\" \/>Roque Modrego Fern\u00e1ndez <\/strong><br \/>\n<a href=\"m&#97;&#x69;&#x6c;&#x74;o&#58;&#114;&#x6f;&#x71;u&#101;&#109;&#x6f;&#x64;re&#103;&#x6f;&#x40;&#x67;m&#97;&#x69;&#x6c;&#x2e;c&#111;&#109;\">r&#111;&#113;&#x75;&#x65;&#x6d;od&#114;&#101;&#x67;&#x6f;&#x40;g&#109;&#97;&#105;&#x6c;&#x2e;&#x63;o&#109;<\/a><\/p>\n<p>Redes acad\u00e9micas: <a href=\"https:\/\/www.researchgate.net\/profile\/Roque-Modrego-Fernandez\">Researchgate<\/a> &#8211; <a href=\"https:\/\/granada.academia.edu\/RoqueModregoFern\u00e1ndez\">Academia.edu<\/a><\/p>\n<p style=\"padding-left: 40px\">Graduado en Arqueolog\u00eda por la Universidad de Granada (2019). M\u00e1ster Interuniversitario de Arqueolog\u00eda por la Universidad de Granada y Sevilla (2020) y Doble M\u00e1ster MAES + EURAME (2022). Ha sido Becario de Colaboraci\u00f3n con el Departamento de Historia Medieval y C.C.T.T. Historiogr\u00e1ficas (2019) al igual que Becario de Iniciaci\u00f3n de Investigaci\u00f3n del Plan Propio de la Universidad de Granada por el mismo departamento en dos ocasiones (2020 y 2021).<\/p>\n<p style=\"padding-left: 40px\">Actualmente, es Contratado Predoctoral FPU. Su tem\u00e1tica de investigaci\u00f3n se basa en el estudio y an\u00e1lisis espacial del poblamiento y paisaje medieval de Sierra M\u00e1gina (Ja\u00e9n) mediante la aplicaci\u00f3n de Sistemas de Informaci\u00f3n Geogr\u00e1fica (SIG). En este sentido, su campo de actuaci\u00f3n puede enmarcarse en la Arqueolog\u00eda del Paisaje y en la Arqueolog\u00eda de la Arquitectura.<\/p>\n<p style=\"padding-left: 40px\">Ha participado en numerosas actividades arqueol\u00f3gicas en Espa\u00f1a e Italia. Adem\u00e1s, cuenta con algunas publicaciones derivadas de sus investigaciones y colaboraciones.<\/p>\n<hr \/>\n<p><strong><img loading=\"lazy\" decoding=\"async\" class=\"alignright size-medium wp-image-791\" src=\"https:\/\/blogs.ugr.es\/memolab\/wp-content\/uploads\/sites\/41\/2022\/02\/correa-219x300.jpg\" alt=\"\" width=\"219\" height=\"300\" srcset=\"https:\/\/blogs.ugr.es\/memolab\/wp-content\/uploads\/sites\/41\/2022\/02\/correa-219x300.jpg 219w, https:\/\/blogs.ugr.es\/memolab\/wp-content\/uploads\/sites\/41\/2022\/02\/correa-512x700.jpg 512w, https:\/\/blogs.ugr.es\/memolab\/wp-content\/uploads\/sites\/41\/2022\/02\/correa.jpg 585w\" sizes=\"auto, (max-width: 219px) 100vw, 219px\" \/>Elena Correa Jim\u00e9nez <\/strong><br \/>\n<a href=\"&#x6d;&#x61;&#x69;&#x6c;&#x74;&#x6f;&#x3a;&#x65;&#x6c;&#x65;&#x63;&#111;&#57;&#56;&#64;&#103;&#109;&#97;il&#46;com\">&#x65;l&#x65;&#99;&#x6f;&#57;8&#x40;g&#x6d;&#97;&#x69;&#108;&#46;&#x63;&#111;&#x6d;<\/a><\/p>\n<p>ORCID: <a href=\"https:\/\/orcid.org\/0000-0002-7058-9813\">https:\/\/orcid.org\/0000-0002-7058-9813<\/a><\/p>\n<p style=\"padding-left: 40px\">Arque\u00f3loga. Graduada en Arqueolog\u00eda por la Universidad de Granada en 2020. M\u00e1ster en Arqueolog\u00eda por la Universidad de Granada en 2021.<\/p>\n<p style=\"padding-left: 40px\">Est\u00e1 especializada en sistemas hist\u00f3ricos de regad\u00edo del sureste de la Pen\u00ednsula Ib\u00e9rica. Encargada de las actividades de voluntariado del Laboratorio de Arqueolog\u00eda Biocultural (MEMOLab) como recuperaciones de acequias y espacios de cultivo hist\u00f3ricos.<\/p>\n<p style=\"padding-left: 40px\">Ha formado parte de proyectos financiados por la Fundaci\u00f3n Espa\u00f1ola para la Ciencia y la Tecnolog\u00eda (FECYT) sobre vocaciones cient\u00edficas. Adem\u00e1s, ha participado en numerosas excavaciones arqueol\u00f3gicas en la provincia de Granada y Almer\u00eda.<\/p>\n<p style=\"padding-left: 40px\">Actualmente, es investigadora en el proyecto <em>Visiting the Margins. INnovative CULtural ToUrisM in European peripheries <\/em>(INCULTUM) (<a href=\"https:\/\/incultum.eu\/\">https:\/\/incultum.eu\/<\/a>), coordinado por la Universidad de Granada y financiado por el programa de investigaci\u00f3n e innovaci\u00f3n Horizonte 2020 de la Uni\u00f3n Europea.<\/p>\n<hr \/>\n<p><strong><img loading=\"lazy\" decoding=\"async\" class=\"size-medium wp-image-805 alignright\" src=\"https:\/\/blogs.ugr.es\/memolab\/wp-content\/uploads\/sites\/41\/2022\/02\/noe-300x220.jpg\" alt=\"\" width=\"300\" height=\"220\" srcset=\"https:\/\/blogs.ugr.es\/memolab\/wp-content\/uploads\/sites\/41\/2022\/02\/noe-300x220.jpg 300w, https:\/\/blogs.ugr.es\/memolab\/wp-content\/uploads\/sites\/41\/2022\/02\/noe-700x513.jpg 700w, https:\/\/blogs.ugr.es\/memolab\/wp-content\/uploads\/sites\/41\/2022\/02\/noe.jpg 800w\" sizes=\"auto, (max-width: 300px) 100vw, 300px\" \/>Noelia Aguado Becerra<\/strong><br \/>\n<a href=\"&#109;&#x61;&#x69;l&#116;&#x6f;&#x3a;n&#111;&#x65;l&#105;&#x61;&#x2e;a&#103;&#x75;a&#100;&#x6f;&#x2e;b&#101;&#x63;&#x65;&#114;&#x72;&#x61;&#64;&#103;&#x6d;&#x61;i&#108;&#x2e;c&#111;&#x6d;\">no&#101;&#108;&#105;&#x61;&#x2e;&#x61;&#x67;&#x75;ad&#111;&#46;&#98;&#x65;&#x63;&#x65;&#x72;&#x72;a&#64;&#103;&#109;&#97;&#x69;&#x6c;&#x2e;&#x63;&#x6f;m<\/a><\/p>\n<p style=\"padding-left: 40px\">Titulada en el Ciclo Formativo de Grado Superior en Gu\u00eda, Informaci\u00f3n y Asistencia Tur\u00edstica, graduada en Historia del Arte por la Universidad de Granada y M\u00e1ster interuniversitario en Arqueolog\u00eda por la Universidad de Granada y Sevilla, dentro del m\u00f3dulo de Arqueolog\u00eda y Territorio. Becada por la Beca CH proporcionada por la Fundaci\u00f3n Valpara\u00edso de Moj\u00e1car (Almer\u00eda).<\/p>\n<p style=\"padding-left: 40px\">Es parte fundamental del proyecto en el yacimiento medieval de Moj\u00e1car la Vieja, tanto como t\u00e9cnica arque\u00f3loga en el trabajo de excavaci\u00f3n como siendo la responsable de la Arqueolog\u00eda Comunitaria, la difusi\u00f3n y Puesta en Valor del yacimiento as\u00ed como de coordinar los diversos talleres participativos. Ha sido comisaria de varias exposiciones temporales y forma parte activa en ponencias cient\u00edficas.<\/p>\n<p style=\"padding-left: 40px\">Desarrolla su investigaci\u00f3n entorno a la cer\u00e1mica medieval y post-medieval del sureste peninsular, siendo la responsable de gestionar el material cer\u00e1mico de las intervenciones realizadas por el Laboratorio de Arqueolog\u00eda Biocultural MEMOLab. Algunos ejemplos pueden ser Moj\u00e1car la Vieja, Hu\u00e9rcal la Vieja, la Alcazaba de Guadix, el Fuerte de Juviles, Santa Fe, Castill\u00e9jar, D\u00edlar, D\u00f3lar, entre muchos otros.<\/p>\n<p style=\"padding-left: 40px\">Actualmente es investigadora contratada con cargo a proyecto por la Universidad de Granada, encargada de la docencia en el \u201cTaller de Cer\u00e1mica: siglado, dibujo y tratamiento de materiales arqueol\u00f3gicos\u201d realizado en el Laboratorio de Arqueolog\u00eda Biocultural MEMOLab.<\/p>\n<hr \/>\n<p><img loading=\"lazy\" decoding=\"async\" class=\"alignright size-medium wp-image-793\" src=\"https:\/\/blogs.ugr.es\/memolab\/wp-content\/uploads\/sites\/41\/2022\/02\/celia-169x300.jpg\" alt=\"\" width=\"169\" height=\"300\" srcset=\"https:\/\/blogs.ugr.es\/memolab\/wp-content\/uploads\/sites\/41\/2022\/02\/celia-169x300.jpg 169w, https:\/\/blogs.ugr.es\/memolab\/wp-content\/uploads\/sites\/41\/2022\/02\/celia-394x700.jpg 394w, https:\/\/blogs.ugr.es\/memolab\/wp-content\/uploads\/sites\/41\/2022\/02\/celia.jpg 450w\" sizes=\"auto, (max-width: 169px) 100vw, 169px\" \/><strong>Celia L\u00f3pez Medina<\/strong><br \/>\n<a class=\"rABsFf RffVmb AL18ce\" href=\"mail&#116;&#111;&#58;&#99;&#108;&#x6f;&#x70;&#x65;&#x7a;&#x6d;&#x31;&#x62;&#64;gma&#105;&#108;&#46;&#99;&#111;&#x6d;\" target=\"_blank\" rel=\"noopener\" data-tooltip-position=\"top\" data-tooltip=\"De tus contactos de Google\">&#99;&#x6c;&#111;&#x70;&#101;&#x7a;&#109;&#x31;&#98;&#x40;&#103;&#x6d;a&#x69;l&#x2e;c&#x6f;m<\/a><\/p>\n<p style=\"padding-left: 40px\">Graduada en Arqueolog\u00eda por la Universidad de Granada (2020). M\u00e1ster en Tutela del Patrimonio Hist\u00f3rico-Art\u00edstico. El Legado de al-\u00e1ndalus (2022).<\/p>\n<p style=\"padding-left: 40px\">Ha participado en diversas excavaciones y actividades dirigidas por el Laboratorio de Arqueolog\u00eda Biocultural (MEMOLab) de la Universidad de Granada.<\/p>\n<p style=\"padding-left: 40px\">Sus temas de mayor inter\u00e9s son la aplicaci\u00f3n de la Arqueolog\u00eda del Paisaje mediante Sistema de Informaci\u00f3n Geogr\u00e1fica (SIG), as\u00ed como el estudio de la cer\u00e1mica romana y tardoantigua.<\/p>\n<p style=\"padding-left: 40px\">Ha realizado adem\u00e1s diversas ponencias en seminarios y congresos.<\/p>\n<p>&nbsp;<\/p>\n<p>&nbsp;<\/p>\n<p>&nbsp;<\/p>\n<hr \/>\n<p><strong><img loading=\"lazy\" decoding=\"async\" class=\"size-medium wp-image-807 alignright\" src=\"https:\/\/blogs.ugr.es\/memolab\/wp-content\/uploads\/sites\/41\/2022\/02\/3.IMG_9754N-300x252.jpg\" alt=\"\" width=\"300\" height=\"252\" srcset=\"https:\/\/blogs.ugr.es\/memolab\/wp-content\/uploads\/sites\/41\/2022\/02\/3.IMG_9754N-300x252.jpg 300w, https:\/\/blogs.ugr.es\/memolab\/wp-content\/uploads\/sites\/41\/2022\/02\/3.IMG_9754N-700x588.jpg 700w, https:\/\/blogs.ugr.es\/memolab\/wp-content\/uploads\/sites\/41\/2022\/02\/3.IMG_9754N.jpg 800w\" sizes=\"auto, (max-width: 300px) 100vw, 300px\" \/>Ana Ruiz Jim\u00e9nez<\/strong><br \/>\n<a href=\"&#109;&#x61;&#105;&#x6c;&#116;&#x6f;:&#x6d;e&#x6d;o&#108;&#x61;&#98;&#x2e;&#103;&#x65;&#115;&#x74;i&#x6f;n&#x40;g&#111;&#x2e;&#117;&#x67;&#114;&#x2e;&#101;&#x73;\">&#109;&#101;&#x6d;&#x6f;&#108;&#97;&#x62;&#x2e;&#103;&#101;&#x73;&#x74;&#105;&#111;&#x6e;&#x40;&#103;&#111;&#x2e;&#x75;&#103;&#114;&#x2e;&#x65;&#115;<\/a> <a href=\"&#109;&#x61;&#x69;l&#116;&#x6f;:&#97;&#x72;q&#117;&#x65;o&#97;&#x6e;&#x61;&#114;&#x75;&#x69;z&#64;&#x68;o&#116;&#x6d;a&#105;&#x6c;&#x2e;&#99;&#x6f;&#x6d;\">a&#114;&#x71;&#x75;e&#111;&#97;&#x6e;&#x61;r&#117;&#105;&#x7a;&#x40;h&#111;&#x74;&#x6d;&#x61;i&#108;&#x2e;&#x63;o&#109;<\/a><strong><br \/>\n<\/strong><\/p>\n<p style=\"padding-left: 40px\">Licenciada en Historia por la Universidad de Granada (2004). Obtuvo el DEA \u00a0con la calificaci\u00f3n de sobresaliente realizando una investigaci\u00f3n titulada \u00abLas salinas de La Malah\u00e1\u00bb (2007). Comenz\u00f3 su especializaci\u00f3n en Arqueolog\u00eda medieval desde \u00e9poca de estudiante universitaria asistiendo a cursos y participando en intervenciones arqueol\u00f3gicas.<\/p>\n<p style=\"padding-left: 40px\">A lo largo de su carrera profesional, ha dirigido numerosas intervenciones arqueol\u00f3gicas en la provincia de Granada, abarcando distintos periodos hist\u00f3ricos, sobre todo, de \u00e9poca medieval y moderna, destacando el yacimiento de El Manzanil, la antigua c\u00e1rcel de Alhama de Granada o el castillo de Carchuna. Adem\u00e1s, ha participado como investigadora en varios proyectos de la Universidad de Granada, algunos de ellos fuera de Espa\u00f1a, como el Proyecto Europeo MEMOLA y ha colaborado en diversas publicaciones cient\u00edficas.<\/p>\n<p style=\"padding-left: 40px\">Actualmente, est\u00e1 contratada como Personal de Apoyo T\u00e9cnico a la Investigaci\u00f3n en MEMOLab, realizando labores de gesti\u00f3n del laboratorio y colaboraci\u00f3n en actividades arqueol\u00f3gicas.<\/p>\n<p>&nbsp;<\/p>\n<hr \/>\n<p><strong><img loading=\"lazy\" decoding=\"async\" class=\"wp-image-1234 alignright\" src=\"https:\/\/blogs.ugr.es\/memolab\/wp-content\/uploads\/sites\/41\/2023\/05\/WhatsApp-Image-2023-02-15-at-09.56.01-2-209x300.jpeg\" alt=\"\" width=\"188\" height=\"270\" srcset=\"https:\/\/blogs.ugr.es\/memolab\/wp-content\/uploads\/sites\/41\/2023\/05\/WhatsApp-Image-2023-02-15-at-09.56.01-2-209x300.jpeg 209w, https:\/\/blogs.ugr.es\/memolab\/wp-content\/uploads\/sites\/41\/2023\/05\/WhatsApp-Image-2023-02-15-at-09.56.01-2-487x700.jpeg 487w, https:\/\/blogs.ugr.es\/memolab\/wp-content\/uploads\/sites\/41\/2023\/05\/WhatsApp-Image-2023-02-15-at-09.56.01-2.jpeg 556w\" sizes=\"auto, (max-width: 188px) 100vw, 188px\" \/>Diego Arcauz Stembert<\/strong><br \/>\n<a href=\"&#x6d;&#97;i&#x6c;&#x74;&#111;:&#x61;&#x72;&#99;a&#x75;&#122;s&#x74;&#x65;&#109;b&#x65;&#x72;&#116;d&#x69;&#101;&#103;&#x6f;&#x40;&#103;m&#x61;&#x69;&#108;&#46;&#x63;&#111;&#109;\">&#97;r&#x63;a&#x75;z&#x73;t&#x65;m&#x62;e&#x72;&#116;&#x64;&#105;&#x65;&#103;&#x6f;&#64;&#x67;&#109;&#x61;&#105;&#x6c;&#46;c&#x6f;m<\/a><\/p>\n<p style=\"padding-left: 40px\">Graduado en Arqueolog\u00eda por la Universidad de Granada (2021) con m\u00e1ster por la misma instituci\u00f3n (2024). En su carrera investigadora ha formado parte del Departamento de Historia Medieval y Ciencias y T\u00e9cnicas Historiogr\u00e1ficas y participa activamente en el equipo del Laboratorio de Arqueolog\u00eda Biocultural MEMOLab.<\/p>\n<p style=\"padding-left: 40px\">Su trayectoria investigadora y profesional se desarrolla principalmente en el \u00e1mbito del trabajo de campo y del an\u00e1lisis territorial, participando como director y\/o t\u00e9cnico en diversas excavaciones arqueol\u00f3gicas tanto en Granada como en Almer\u00eda (Hu\u00e9rcal La Vieja, Moj\u00e1car La Vieja, la Alcazaba de Almer\u00eda, la Villa Romana de Salar, Cabezo Mar\u00eda en Antas, entre otras).<\/p>\n<p style=\"padding-left: 40px\">Se especializa en el estudio del poblamiento hist\u00f3rico desde la perspectiva de la Arqueolog\u00eda del Paisaje, as\u00ed como en el an\u00e1lisis de las galer\u00edas drenantes, entre ellas los qanats, aplicando las metodolog\u00edas propias de los Sistemas de Informaci\u00f3n Geogr\u00e1fica (SIG) para la interpretaci\u00f3n y reconstrucci\u00f3n de los paisajes hist\u00f3ricos.<\/p>\n<p>&nbsp;<\/p>\n<hr \/>\n<p><b><img loading=\"lazy\" decoding=\"async\" class=\"size-medium wp-image-1227 alignright\" src=\"https:\/\/blogs.ugr.es\/memolab\/wp-content\/uploads\/sites\/41\/2023\/05\/WhatsApp-Image-2023-02-06-at-17.24.21-300x200.jpeg\" alt=\"\" width=\"300\" height=\"200\" srcset=\"https:\/\/blogs.ugr.es\/memolab\/wp-content\/uploads\/sites\/41\/2023\/05\/WhatsApp-Image-2023-02-06-at-17.24.21-300x200.jpeg 300w, https:\/\/blogs.ugr.es\/memolab\/wp-content\/uploads\/sites\/41\/2023\/05\/WhatsApp-Image-2023-02-06-at-17.24.21-700x466.jpeg 700w, https:\/\/blogs.ugr.es\/memolab\/wp-content\/uploads\/sites\/41\/2023\/05\/WhatsApp-Image-2023-02-06-at-17.24.21.jpeg 800w\" sizes=\"auto, (max-width: 300px) 100vw, 300px\" \/>V\u00edctor S\u00e1nchez Ramos<\/b><br \/>\n<a href=\"m&#97;&#x69;&#x6c;t&#111;&#58;&#x65;&#x2e;v&#105;&#99;&#x74;&#x6f;r&#115;&#x72;&#x40;&#x67;o&#46;&#x75;&#x67;r&#46;&#101;&#x73;\">&#x65;&#x2e;&#118;i&#x63;&#x74;&#x6f;&#114;s&#x72;&#x40;&#x67;&#111;&#46;&#x75;&#x67;&#x72;&#46;e&#x73;\u00a0<\/a><\/p>\n<p style=\"padding-left: 40px\"><span style=\"font-weight: 400\">Graduado en Historia y Periodismo por la Universid<\/span>ad Rey Juan Carlos (Madrid) con M\u00e1ster en Arqueolog\u00eda por la Universidad de Granada.<\/p>\n<p style=\"padding-left: 40px\"><span style=\"font-weight: 400\">Mientras cursaba el grado particip\u00f3 en varias intervenciones y proyectos del Laboratorio de Arqueolog\u00eda y Humanidades Digitales-ArqueoURJC. Desde 2021 ha colaborado en numerosas excavaciones del Laboratorio de Arqueolog\u00eda Biocultural MEMOLab, en su mayor\u00eda dentro del \u00e1mbito de fortificaciones medievales.\u00a0<\/span><\/p>\n<p style=\"padding-left: 40px\"><span style=\"font-weight: 400\">Su trabajo se centra en la Documentaci\u00f3n Gr\u00e1fica, en la elaboraci\u00f3n de fotograf\u00edas, modelos 3D y planimetr\u00eda. A su vez, especializ\u00e1ndose en el uso de programas de Sistemas de Informaci\u00f3n Geogr\u00e1fica (SIG) y la creaci\u00f3n de Bases de Datos. Ha dirigido y sido t\u00e9cnico arque\u00f3logo en distintos proyectos en el sureste peninsular, como por ejemplo el Castillo de Castill\u00e9jar, la Alcazaba de Almer\u00eda o el Castillo de G\u00fc\u00e9jar-Sierra, entre otros.<\/span><\/p>\n<p>&nbsp;<\/p>\n<hr \/>\n<p><strong><img loading=\"lazy\" decoding=\"async\" class=\" wp-image-1241 alignright\" src=\"https:\/\/blogs.ugr.es\/memolab\/wp-content\/uploads\/sites\/41\/2023\/05\/WhatsApp-Image-2023-05-13-at-20.19.52-280x300.jpeg\" alt=\"\" width=\"194\" height=\"208\" srcset=\"https:\/\/blogs.ugr.es\/memolab\/wp-content\/uploads\/sites\/41\/2023\/05\/WhatsApp-Image-2023-05-13-at-20.19.52-280x300.jpeg 280w, https:\/\/blogs.ugr.es\/memolab\/wp-content\/uploads\/sites\/41\/2023\/05\/WhatsApp-Image-2023-05-13-at-20.19.52-653x700.jpeg 653w, https:\/\/blogs.ugr.es\/memolab\/wp-content\/uploads\/sites\/41\/2023\/05\/WhatsApp-Image-2023-05-13-at-20.19.52.jpeg 746w\" sizes=\"auto, (max-width: 194px) 100vw, 194px\" \/>Francisco Isla Garc\u00eda<\/strong><br \/>\n<a href=\"&#x6d;&#x61;&#x69;&#x6c;&#116;&#111;:e&#46;&#x69;&#x73;&#x6c;&#x61;&#102;&#114;anc&#x69;&#x73;&#x63;&#x6f;&#64;&#103;&#111;&#46;u&#x67;&#x72;&#x2e;&#x65;&#115;\">&#x65;&#x2e;&#x69;&#x73;&#108;&#97;&#102;ra&#x6e;&#x63;&#x69;&#x73;&#x63;&#111;&#64;&#103;o&#46;&#x75;&#x67;&#x72;&#x2e;&#x65;&#115;\u00a0<\/a><\/p>\n<p style=\"padding-left: 40px\">Graduado en Arqueolog\u00eda por la Universidad de Granada con especializaci\u00f3n en topograf\u00eda y documentaci\u00f3n y registro gr\u00e1fico de yacimientos arqueol\u00f3gicos.<\/p>\n<p style=\"padding-left: 40px\">Con formaci\u00f3n en plataformas y dise\u00f1o digital, as\u00ed como en \u201cnuevas tecnolog\u00edas\u201d. Contratado por la empresa de Arqueolog\u00eda \u201cARQUEOANDALUSI ARQUEOLOGIA Y PATRIMONIO, SL\u201d.<\/p>\n<p style=\"padding-left: 40px\">Experiencia de voluntariado y tecnicidad en intervenciones arqueol\u00f3gicas y control de obra en Espa\u00f1a con el Laboratorio de Arqueolog\u00eda Biocultural (MEMOLab-UGR), con el que colabora habitualmente.<\/p>\n<hr \/>\n<p><b><img loading=\"lazy\" decoding=\"async\" class=\"size-medium wp-image-1228 alignright\" src=\"https:\/\/blogs.ugr.es\/memolab\/wp-content\/uploads\/sites\/41\/2023\/05\/WhatsApp-Image-2023-05-04-at-12.02.50-300x281.jpeg\" alt=\"\" width=\"300\" height=\"281\" srcset=\"https:\/\/blogs.ugr.es\/memolab\/wp-content\/uploads\/sites\/41\/2023\/05\/WhatsApp-Image-2023-05-04-at-12.02.50-300x281.jpeg 300w, https:\/\/blogs.ugr.es\/memolab\/wp-content\/uploads\/sites\/41\/2023\/05\/WhatsApp-Image-2023-05-04-at-12.02.50-700x656.jpeg 700w, https:\/\/blogs.ugr.es\/memolab\/wp-content\/uploads\/sites\/41\/2023\/05\/WhatsApp-Image-2023-05-04-at-12.02.50.jpeg 800w\" sizes=\"auto, (max-width: 300px) 100vw, 300px\" \/>Pablo Barruezo-Vaquero<\/b><br \/>\n<a href=\"&#x6d;&#x61;&#x69;&#108;&#116;o:&#x70;&#x61;&#x62;&#108;&#111;bv&#x61;&#x40;&#x75;&#103;&#114;&#46;e&#x73;\">&#x70;&#x61;&#x62;&#x6c;&#x6f;&#98;&#118;&#97;&#64;ugr&#x2e;&#x65;&#x73;<\/a><\/p>\n<p>ORCID: <a href=\"https:\/\/orcid.org\/0000-0003-2364-2682\">https:\/\/orcid.org\/0000-0003-2364-2682<\/a><\/p>\n<p>Redes acad\u00e9micas: <a href=\"https:\/\/www.researchgate.net\/profile\/Pablo-Barruezo-Vaquero\">Researchegate<\/a> &#8211; <a href=\"https:\/\/glasgow.academia.edu\/PabloBarruezoVaquero\">Academia.edu<\/a> &#8211; <a href=\"https:\/\/scholar.google.com\/citations?user=Q6t7KQEAAAAJ&amp;hl=en&amp;oi=ao\">Google Scholar<\/a><\/p>\n<p style=\"padding-left: 40px\">Graduado en Historia (Universidad de Granada, 2018) y MPhil by Research in Archaeology (University of Glasgow, 2021). Durante sus estudios de grado disfrut\u00f3 de las Becas de Iniciaci\u00f3n a la Investigaci\u00f3n del Plan Propio de la Universidad de Granada y de la Beca de Colaboraci\u00f3n del Ministerio de Espa\u00f1a. Ambas le permitieron vincularse al FP7 MEMOLA Project y, posteriormente, al MEMOLab, as\u00ed como iniciarse en la Arqueolog\u00eda del Paisaje y Digital con un caso de estudio centrado en el noroeste de Sicilia. Tras sus estudios de grado, recibi\u00f3 una beca co-financiada por el US National Science Foundation y la University of Glasgow para realizar estudios e investigaci\u00f3n de postgrado vinculado a The DataARC Project. Esto \u00faltimo le permiti\u00f3 continuar con su formaci\u00f3n en Arqueolog\u00eda Digital y desarrollar una peque\u00f1a investigaci\u00f3n basada en Ecodin\u00e1micas Humanas, adem\u00e1s de colaborar con investigadores del \u00e1mbito del Atl\u00e1ntico Norte, con especial atenci\u00f3n a la Islandia de \u00e9poca vikinga y medieval. Pablo ha participado en excavaciones en Espa\u00f1a, Italia, Inglaterra e Islandia. Adem\u00e1s, ha realizado ponencias nacionales e internacionales y publicado art\u00edculos y cap\u00edtulos de libros. Sus principales intereses son la Ecolog\u00eda Hist\u00f3rica y el estudio de las ecodin\u00e1micas humanas, la Arqueolog\u00eda del Paisaje y Digital, la Historia social, la Ecolog\u00eda Pol\u00edtica y la Ecolog\u00eda Social, y la teor\u00eda hist\u00f3rico-arqueol\u00f3gica.<\/p>\n<p style=\"padding-left: 40px\">En la actualidad se encuentra investigando vinculado al MEMOLab, donde tambi\u00e9n sigue form\u00e1ndose en Arqueolog\u00eda Digital y del Paisaje. Su investigaci\u00f3n, que parte de la Ecolog\u00eda Hist\u00f3rica y las ecodin\u00e1micas humanas, analiza de manera comparativa y diacr\u00f3nica (s. X-XVIII) la interrelaci\u00f3n sist\u00e9mica e hist\u00f3rica entre humanos y medio ambiente en la conformaci\u00f3n de los paisajes del norte de Sicilia e Islandia. M\u00e1s concretamente, dicha investigaci\u00f3n busca entender la co-conformaci\u00f3n de tales paisajes a trav\u00e9s de la gesti\u00f3n y uso de los recursos naturales, con especial \u00e9nfasis en analizar el impacto de distintas formaciones sociales sobre dichas ecodin\u00e1micas.<\/p>\n<hr \/>\n<p><strong><img loading=\"lazy\" decoding=\"async\" class=\" wp-image-1596 alignright\" src=\"https:\/\/blogs.ugr.es\/memolab\/wp-content\/uploads\/sites\/41\/2024\/01\/Foto-Alicia-JSE-200x300.jpg\" alt=\"\" width=\"219\" height=\"329\" srcset=\"https:\/\/blogs.ugr.es\/memolab\/wp-content\/uploads\/sites\/41\/2024\/01\/Foto-Alicia-JSE-200x300.jpg 200w, https:\/\/blogs.ugr.es\/memolab\/wp-content\/uploads\/sites\/41\/2024\/01\/Foto-Alicia-JSE-467x700.jpg 467w, https:\/\/blogs.ugr.es\/memolab\/wp-content\/uploads\/sites\/41\/2024\/01\/Foto-Alicia-JSE.jpg 534w\" sizes=\"auto, (max-width: 219px) 100vw, 219px\" \/>Dr. Alicia Hern\u00e1ndez Robles<\/strong><br \/>\n<a href=\"&#109;&#97;&#x69;&#x6c;&#116;&#111;&#x3a;&#x61;&#104;&#101;&#x72;&#x6e;&#97;&#110;&#x64;&#x65;&#122;&#114;&#x6f;&#x62;&#108;&#101;&#x73;&#x40;&#117;&#103;&#x72;&#x2e;&#101;&#115;\" target=\"_blank\" rel=\"noopener\">&#x61;&#x68;&#x65;&#x72;&#x6e;&#x61;&#x6e;&#x64;&#x65;&#x7a;&#x72;&#x6f;&#x62;&#x6c;&#x65;&#x73;&#x40;&#x75;&#x67;&#x72;&#x2e;&#x65;&#x73;<\/a><\/p>\n<p>ORCID: <a href=\"https:\/\/orcid.org\/0000-0001-8452-5258\" target=\"_blank\" rel=\"noopener noreferrer\" data-saferedirecturl=\"https:\/\/www.google.com\/url?q=https:\/\/orcid.org\/0000-0001-8452-5258&amp;source=gmail&amp;ust=1706210306183000&amp;usg=AOvVaw2efmsDTmJUQ50aQMz48gND\">https:\/\/orcid.org\/0000-0001-8452-5258<\/a><\/p>\n<p>Redes acad\u00e9micas: <a href=\"https:\/\/www.researchgate.net\/profile\/Alicia_Hernandez_Robles\">Researchgate<\/a> &#8211; <a href=\"https:\/\/granada.academia.edu\/AliciaHern%C3%A1ndezRobles\">Academia.edu<\/a>\u00a0&#8211; <a href=\"https:\/\/scholar.google.es\/citations?user=D0Ld3qIAAAAJ&amp;hl=es\">Google Scholar<\/a><\/p>\n<p style=\"padding-left: 40px\">Doctora en Historia por la Universidad de Murcia con la tesis titulada \u00ab<span class=\"titulo\">Comercio y alojamiento en las ciudades andalus\u00ed. E<\/span><span class=\"subtitulo\">studio hist\u00f3rico-arqueol\u00f3gico del \u00abFunduq\u00bb (Siglos VIII-XIII)\u00bb. Es g<\/span>raduada en Historia por la Universidad de Murcia y obtuvo un M\u00e1ster en Culturas \u00c1rabe y Hebrea: al-Andalus y Mundo \u00c1rabe Contempor\u00e1neo por la Universidad de Granada. Actualmente es investigadora contratada postdoctoral Juan de la Cierva Formaci\u00f3n en el Departamento de Historia Medieval y Ciencias y T\u00e9cnicas Historiogr\u00e1ficas de la Universidad de Granada.<\/p>\n<p style=\"padding-left: 40px\">Ha realizado estancias de investigaci\u00f3n en el Institute of Arab and Islamic Studies (University of Exeter) y la Universidad de Nova de Lisboa, y ha participado en numerosas campa\u00f1as de excavaci\u00f3n arqueol\u00f3gica en Espa\u00f1a y en el extranjero, siendo tanto parte del equipo t\u00e9cnico como directora de distintas intervenciones.<\/p>\n<p style=\"padding-left: 40px\">Sus investigaciones se han centrado en el estudio de las sociedades isl\u00e1micas, el urbanismo y los espacios comerciales en el Mediterr\u00e1neo medieval.<\/p>\n<div>\n<hr \/>\n<p><strong>Luis Miguel Zahonero G\u00f3mez<\/strong><img loading=\"lazy\" decoding=\"async\" class=\"size-medium wp-image-2453 alignright\" src=\"https:\/\/blogs.ugr.es\/memolab\/wp-content\/uploads\/sites\/41\/2026\/01\/503437279_24624936700488977_7275219974773916545_n1-300x219.jpg\" alt=\"\" width=\"300\" height=\"219\" srcset=\"https:\/\/blogs.ugr.es\/memolab\/wp-content\/uploads\/sites\/41\/2026\/01\/503437279_24624936700488977_7275219974773916545_n1-300x219.jpg 300w, https:\/\/blogs.ugr.es\/memolab\/wp-content\/uploads\/sites\/41\/2026\/01\/503437279_24624936700488977_7275219974773916545_n1-700x510.jpg 700w, https:\/\/blogs.ugr.es\/memolab\/wp-content\/uploads\/sites\/41\/2026\/01\/503437279_24624936700488977_7275219974773916545_n1.jpg 800w\" sizes=\"auto, (max-width: 300px) 100vw, 300px\" \/><strong><br \/>\n<\/strong><a href=\"&#x6d;&#x61;&#105;l&#x74;&#x6f;&#58;lu&#x69;&#x73;&#109;i&#x67;&#x75;&#101;&#108;z&#x61;&#x68;&#111;n&#x65;&#x72;&#111;&#103;o&#x6d;&#x65;&#122;&#64;&#x67;&#x6d;&#97;&#105;l&#x2e;&#x63;&#111;m\">&#108;&#117;&#x69;&#x73;&#109;&#105;&#x67;&#x75;&#101;&#108;&#x7a;&#x61;&#104;&#111;&#x6e;&#x65;&#114;&#111;&#x67;&#x6f;&#109;&#101;&#x7a;&#x40;&#103;&#109;&#x61;&#x69;&#108;&#46;&#x63;&#x6f;&#109;<\/a><\/p>\n<p>ORCID: <a href=\"https:\/\/orcid.org\/0009-0007-9451-887X\">https:\/\/orcid.org\/0009-0007-9451-887X<\/a><\/p>\n<p style=\"padding-left: 40px\">Graduado en Historia por la Universidad de Granada (2025), se encuentra realizando el M\u00e1ster Universitario en Arqueolog\u00eda por la misma universidad. Disfrut\u00f3 de una beca de Inicio a la Investigaci\u00f3n (2023) durante la que realiz\u00f3 el estudio de la cer\u00e1mica medieval isl\u00e1mica del Castillo de la Caba de Aldeire y actualmente est\u00e1 llevando a cabo una beca de Colaboraci\u00f3n en el Departamento de Historia Medieval y Ciencias y T\u00e9cnicas Historiogr\u00e1ficas de la Universidad de Granada.<\/p>\n<p style=\"padding-left: 40px\">Su tema de investigaci\u00f3n se ha centrado en la evoluci\u00f3n diacr\u00f3nica del poblamiento a trav\u00e9s de estudios multidisciplinares, con un especial inter\u00e9s en el poblamiento rural y\u00a0 la gesti\u00f3n de recursos naturales de la Marca Media andalus\u00ed.<\/p>\n<p style=\"padding-left: 40px\">Forma parte de distintos proyectos con proyecci\u00f3n internacional como el proyecto MUTERMUR, en la Cueva de los Murci\u00e9lagos de Albu\u00f1ol, dirigido desde la Universidad de Alcal\u00e1, o el proyecto PaTo dirigido desde el Laboratorio de Arqueolog\u00eda Biocultural MEMOLab en colaboraci\u00f3n con la Fundaci\u00f3n de Cultura Isl\u00e1mica (FUNCI). De igual manera <span style=\"font-weight: 400\">ha participado en diversas excavaciones y prospecciones arqueol\u00f3gicas como t\u00e9cnico arque\u00f3logo, como por ejemplo en el Artificio de Juanelo Turriano (Toledo), D\u00edlar, Hu\u00e9rcal la Vieja y Moj\u00e1car la Vieja, entre otras.\u00a0<\/span><\/p>\n<hr \/>\n<p><strong>Mar\u00eda del Valle L\u00f3pez-Guadalupe Ruiz<img loading=\"lazy\" decoding=\"async\" class=\" wp-image-2452 alignright\" src=\"https:\/\/blogs.ugr.es\/memolab\/wp-content\/uploads\/sites\/41\/2026\/01\/WhatsApp-Image-2025-12-19-at-12.48.03-218x300.jpeg\" alt=\"\" width=\"172\" height=\"237\" srcset=\"https:\/\/blogs.ugr.es\/memolab\/wp-content\/uploads\/sites\/41\/2026\/01\/WhatsApp-Image-2025-12-19-at-12.48.03-218x300.jpeg 218w, https:\/\/blogs.ugr.es\/memolab\/wp-content\/uploads\/sites\/41\/2026\/01\/WhatsApp-Image-2025-12-19-at-12.48.03-508x700.jpeg 508w, https:\/\/blogs.ugr.es\/memolab\/wp-content\/uploads\/sites\/41\/2026\/01\/WhatsApp-Image-2025-12-19-at-12.48.03.jpeg 581w\" sizes=\"auto, (max-width: 172px) 100vw, 172px\" \/><br \/>\n<\/strong><a href=\"&#109;&#x61;&#105;&#x6c;&#116;&#x6f;&#58;&#x6d;&#118;&#x61;&#108;&#x6c;e&#x40;u&#x67;r&#x2e;e&#x73;\">&#109;v&#x61;l&#x6c;e&#x40;u&#x67;r&#x2e;e&#x73;<\/a><strong><br \/>\n<\/strong><\/p>\n<p>ORCID: <a href=\"https:\/\/orcid.org\/0009-0008-3467-5336\">https:\/\/orcid.org\/0009-0008-3467-5336<\/a><\/p>\n<p style=\"padding-left: 40px\">Graduada en Arqueolog\u00eda por las Universidades de Granada, Ja\u00e9n y Sevilla (2024). M\u00e1ster Universitario en Arqueolog\u00eda por las Universidades de Granada y Sevilla (2025). Ha sido Becaria de colaboraci\u00f3n con el Departamento de Historia Medieval y C.C.T.T. Historiogr\u00e1ficas (2023\/2024), as\u00ed como Becaria de Iniciaci\u00f3n a la Investigaci\u00f3n del Plan Propio de la Universidad de Granada con el mismo departamento (2025).<\/p>\n<p style=\"padding-left: 40px\">Actualmente es Contratada Predoctoral FPU. Su tem\u00e1tica de investigaci\u00f3n se ha centrado en el estudio de la hidr\u00e1ulica andalus\u00ed a trav\u00e9s de la realizaci\u00f3n de un Trabajo Final de Grado centrado en el an\u00e1lisis estructural y topon\u00edmico de las alcubillas, as\u00ed como un Trabajo Final de M\u00e1ster centrado en el estudio de la situaci\u00f3n de las galer\u00edas drenantes en el territorio espa\u00f1ol. En este sentido, la tesis doctoral en curso contin\u00faa la tem\u00e1tica de las galer\u00edas drenantes a trav\u00e9s de la aplicaci\u00f3n de Sistemas de Informaci\u00f3n Geogr\u00e1fica (SIG), revisi\u00f3n bibliogr\u00e1fica, consulta de archivo y trabajo de campo.<\/p>\n<p style=\"padding-left: 40px\">Ha participado en excavaciones y actividades dirigidas por el Laboratorio de Arqueolog\u00eda Biocultural MEMOLab. Asimismo, ha impartido en diversas ponencias en congresos de car\u00e1cter internacional.<\/p>\n<\/div>\n<hr \/>\n<p><strong>Estefan\u00eda Fern\u00e1ndez Fern\u00e1ndez<img loading=\"lazy\" decoding=\"async\" class=\" wp-image-2450 alignright\" src=\"https:\/\/blogs.ugr.es\/memolab\/wp-content\/uploads\/sites\/41\/2026\/01\/Estefania-Fdez-300x300.jpg\" alt=\"\" width=\"209\" height=\"209\" srcset=\"https:\/\/blogs.ugr.es\/memolab\/wp-content\/uploads\/sites\/41\/2026\/01\/Estefania-Fdez-300x300.jpg 300w, https:\/\/blogs.ugr.es\/memolab\/wp-content\/uploads\/sites\/41\/2026\/01\/Estefania-Fdez-150x150.jpg 150w, https:\/\/blogs.ugr.es\/memolab\/wp-content\/uploads\/sites\/41\/2026\/01\/Estefania-Fdez-75x75.jpg 75w, https:\/\/blogs.ugr.es\/memolab\/wp-content\/uploads\/sites\/41\/2026\/01\/Estefania-Fdez.jpg 317w\" sizes=\"auto, (max-width: 209px) 100vw, 209px\" \/><br \/>\n<\/strong><a href=\"&#x6d;&#x61;&#105;&#108;&#116;o&#x3a;&#x66;&#x64;&#101;&#120;&#46;e&#x73;&#x74;&#x65;&#102;&#97;n&#x69;&#x61;&#x40;&#103;&#111;&#46;u&#x67;&#x72;&#x2e;&#101;&#115;\">&#x66;&#100;&#x65;&#120;&#46;&#x65;&#115;t&#x65;&#102;&#x61;&#x6e;i&#x61;&#64;g&#x6f;&#46;&#x75;&#x67;r&#x2e;&#101;s<\/a> &#8211; f<a href=\"&#x6d;&#x61;&#x69;&#x6c;&#x74;&#x6f;&#x3a;&#x65;&#x72;&#x6e;&#x61;&#110;&#100;&#101;&#122;&#102;&#46;&#101;stefan&#x69;&#x61;&#x40;&#x67;&#x6d;&#x61;&#x69;&#x6c;&#x2e;&#x63;&#x6f;&#x6d;\">erna&#110;&#100;&#101;&#122;&#102;&#46;&#101;&#x73;&#x74;&#x65;&#x66;&#x61;&#x6e;&#x69;&#x61;&#x40;gmai&#108;&#46;&#99;&#111;&#109;<\/a><strong><br \/>\n<\/strong><\/p>\n<p>ORCID: <a href=\"https:\/\/orcid.org\/0009-0007-6981-6621\">https:\/\/orcid.org\/0009-0007-6981-6621<\/a><\/p>\n<p>Redes acad\u00e9micas: <a href=\"https:\/\/www.linkedin.com\/in\/estefan%C3%ADa-fern%C3%A1ndez-45130359\/\">Linkedin<\/a> &#8211;\u00a0<a href=\"https:\/\/independent.academia.edu\/EstefaniaFernandezFernandez\">Academia.edu<\/a><\/p>\n<p style=\"padding-left: 40px\">Antrop\u00f3loga y gestora cultural por la Universidad de Granada, donde curs\u00f3 la Licenciatura en Antropolog\u00eda Social y Cultural, un DEA y estudios de doctorado, adem\u00e1s de dos m\u00e1steres en gesti\u00f3n cultural y patrimonio territorial. Complet\u00f3 su trayectoria acad\u00e9mica con una Maestr\u00eda en Antropolog\u00eda Social en la UNAM (M\u00e9xico), dentro del Programa de Etnolog\u00eda y Antropolog\u00eda Social, reforzando su perfil internacional y su especializaci\u00f3n en investigaci\u00f3n cualitativa y etnogr\u00e1fica.<\/p>\n<p style=\"padding-left: 40px\">Realiza su actividad profesional desde 2005 en proyectos de investigaci\u00f3n, puesta en valor y difusi\u00f3n del patrimonio cultural asociado a pr\u00e1cticas productivas tradicionales y paisajes culturales (especialmente en temas de trashumancia o pastoreo m\u00f3vil, pr\u00e1cticas agroecol\u00f3gicas y producci\u00f3n artesanal e industrial) y elaboraci\u00f3n de expedientes BIC para la Administraci\u00f3n General del Estado, la Junta de Andaluc\u00eda, ayuntamientos, el Instituto Andaluz de Patrimonio Hist\u00f3rico y el Instituto del Patrimonio Cultural de Espa\u00f1a, entre otros organismos p\u00fablicos.<\/p>\n<p style=\"padding-left: 40px\">Ha trabajado tambi\u00e9n con grupos de desarrollo rural y con empresas especializadas en patrimonio, museolog\u00eda y museograf\u00eda, desarrollando estudios de salvaguarda del patrimonio inmaterial, dise\u00f1o de rutas e itinerarios culturales e interpretaci\u00f3n del patrimonio cultural y natural (visitas culturales, producci\u00f3n audiovisual, material did\u00e1ctico, exposiciones&#8230;). A ello se suma su colaboraci\u00f3n continuada con asociaciones y entidades privadas en proyectos de valorizaci\u00f3n de pr\u00e1cticas tradicionales, memoria oral y activaci\u00f3n comunitaria.<\/p>\n<p style=\"padding-left: 40px\">Actualmente, es PDI de la Universidad de Granada asociada a proyectos del Laboratorio MEMOLab de Arqueolog\u00eda Biocultural, donde trabaja en temas de investigaci\u00f3n, protecci\u00f3n y puesta en valor del patrimonial cultural, de gobernanza y gesti\u00f3n tradicional de los sistemas de regad\u00edo hist\u00f3ricos y tradicionales en Espa\u00f1a y de promoci\u00f3n del asociacionismo y procesos participativos de comunidades de regantes.<\/p>\n<p>&nbsp;<\/p>\n<div>\n<hr \/>\n<h5>Colaboradores<\/h5>\n<hr \/>\n<p><strong><img loading=\"lazy\" decoding=\"async\" class=\"alignright wp-image-208\" src=\"https:\/\/blogs.ugr.es\/memolab\/wp-content\/uploads\/sites\/41\/2018\/06\/Foto-busto-BN-223x300.jpg\" alt=\"\" width=\"194\" height=\"261\" srcset=\"https:\/\/blogs.ugr.es\/memolab\/wp-content\/uploads\/sites\/41\/2018\/06\/Foto-busto-BN-223x300.jpg 223w, https:\/\/blogs.ugr.es\/memolab\/wp-content\/uploads\/sites\/41\/2018\/06\/Foto-busto-BN-520x700.jpg 520w, https:\/\/blogs.ugr.es\/memolab\/wp-content\/uploads\/sites\/41\/2018\/06\/Foto-busto-BN.jpg 594w\" sizes=\"auto, (max-width: 194px) 100vw, 194px\" \/>Dr. Maurizio Toscano<\/strong><br \/>\n<a href=\"mailto:mauri&#122;&#105;&#111;&#46;&#116;&#111;&#115;&#99;&#97;&#110;&#111;&#64;&#103;&#109;&#97;&#x69;&#x6c;&#x2e;&#x63;&#x6f;&#x6d;\">&#109;a&#x75;r&#x69;z&#x69;o&#x2e;&#116;&#x6f;&#115;&#x63;&#97;&#x6e;&#111;&#64;&#103;m&#x61;i&#x6c;&#46;&#x63;&#111;&#x6d;<\/a><\/p>\n<p>Redes acad\u00e9micas: <a href=\"https:\/\/www.linkedin.com\/in\/mauriziotoscano\">Linkedin<\/a> &#8211; <a href=\"https:\/\/ugr.academia.edu\/MaurizioToscano\">Academia.edu<\/a>\u00a0&#8211; <a href=\"https:\/\/scholar.google.es\/citations?user=mVZnQvYAAAAJ&amp;hl\">Google Scholar<\/a><\/p>\n<p style=\"padding-left: 40px\">Arque\u00f3logo e inform\u00e1tico, especializado en Humanidades Digitales. Trabaja actualmente en la Oficina Europea, Departamento de Ciencia Internacional e Intersectorial, de la FECYT, como responsable del Horizon Europe NCP Portal (<a href=\"https:\/\/www.horizoneuropencpportal.eu\/\" target=\"_blank\" rel=\"noopener\" data-saferedirecturl=\"https:\/\/www.google.com\/url?q=https:\/\/www.horizoneuropencpportal.eu\/&amp;source=gmail&amp;ust=1646908084542000&amp;usg=AOvVaw2VlLy0N11c_5ju2lsOB5I3\">https:\/\/www.horizoneuropencpportal.eu\/<\/a>).<\/p>\n<p style=\"padding-left: 40px\">Es doctor por la Universidad de Granada, con una tesis sobre el dise\u00f1o y la implementaci\u00f3n de sistemas de informaci\u00f3n web en tem\u00e1ticas relacionadas con el patrimonio cultural, hist\u00f3rico y art\u00edstico. Posee un m\u00e1ster en Tecnolog\u00edas de la Informaci\u00f3n y Comunicaci\u00f3n en Arqueolog\u00eda por la Universidad de Siena (Italia), con una tesis sobre la aplicaci\u00f3n de an\u00e1lisis espacial en ambiente GIS de asentamientos fortificados de \u00e9poca medieval.<\/p>\n<p style=\"padding-left: 40px\">En la \u00faltima d\u00e9cada ha participado activamente en la elaboraci\u00f3n y ejecuci\u00f3n de varios proyectos europeos, tales como MEMOLA, REACH, DESIR e INCULTUM.<\/p>\n<hr \/>\n<p><strong><img loading=\"lazy\" decoding=\"async\" class=\"alignright size-medium wp-image-211\" src=\"https:\/\/blogs.ugr.es\/memolab\/wp-content\/uploads\/sites\/41\/2018\/06\/Jorge-292x300.jpg\" alt=\"\" width=\"292\" height=\"300\" srcset=\"https:\/\/blogs.ugr.es\/memolab\/wp-content\/uploads\/sites\/41\/2018\/06\/Jorge-292x300.jpg 292w, https:\/\/blogs.ugr.es\/memolab\/wp-content\/uploads\/sites\/41\/2018\/06\/Jorge-682x700.jpg 682w, https:\/\/blogs.ugr.es\/memolab\/wp-content\/uploads\/sites\/41\/2018\/06\/Jorge.jpg 779w\" sizes=\"auto, (max-width: 292px) 100vw, 292px\" \/>Dr. Jorge Rouco Collazo<\/strong><br \/>\n<a href=\"&#x6d;&#x61;&#x69;&#108;&#116;&#111;:r&#x6f;&#x75;&#x63;&#x6f;&#64;&#117;gr&#x2e;&#x65;&#x73;\">&#x72;&#x6f;&#x75;&#x63;&#111;&#64;&#117;gr&#x2e;&#x65;&#x73;<\/a><\/p>\n<p>ORCID <a href=\"https:\/\/orcid.org\/0000-0002-9111-397X\">https:\/\/orcid.org\/0000-0002-9111-397X<\/a><\/p>\n<p>Redes acad\u00e9micas: <a href=\"https:\/\/www.researchgate.net\/profile\/Jorge_Rouco_Collazo\">Researchgate<\/a> &#8211; <a href=\"https:\/\/granada.academia.edu\/JorgeRoucoCollazo\">Academia.edu<\/a><\/p>\n<p style=\"padding-left: 40px\">Graduado en Historia en la Universidad de Compostela, y M\u00e1ster oficial en Arqueolog\u00eda por las Universidades de Granada y Sevilla. Doctor en Historia por la Universidad de Granada y la Universit\u00e0 degli Studi di Padova. Actualmente contratado posdoctoral Juan de la Cierva Formaci\u00f3n en el Instituto de Ciencias del Patrimonio del CSIC.<\/p>\n<p style=\"padding-left: 40px\">Ha realizado estancias de investigaci\u00f3n en el Instituto de Estudios Gallegos Padre Sarmiento (CSIC), la Universit\u00e0 degli Studi di Padova y la Universit\u00e0 degli Studi di Siena, y ha participado en numerosas campa\u00f1as arqueol\u00f3gicas, tanto en Espa\u00f1a como en el extranjero.<\/p>\n<p style=\"padding-left: 40px\">Sus principales temas de investigaci\u00f3n son la Arqueolog\u00eda de la Arquitectura y la Arqueolog\u00eda del Paisaje, analizando la relaci\u00f3n entre ambas y la funci\u00f3n de las fortificaciones en la sociedad andalus\u00ed y su papel en la formaci\u00f3n del paisaje hist\u00f3rico. Asimismo, est\u00e1 interesado en los m\u00e9todos de representaci\u00f3n tridimensional del patrimonio arqueol\u00f3gico y los Sistemas de Informaci\u00f3n Geogr\u00e1fica, dentro del amplio campo de las Humanidades Digitales. Actualmente trabaja en el an\u00e1lisis de la islamizaci\u00f3n y la formaci\u00f3n de los primeros estados en el Cuerno de \u00c1frica.<\/p>\n<\/div>\n<hr \/>\n<p><strong>Cristina Mart\u00ednez Carrillo<img loading=\"lazy\" decoding=\"async\" class=\"alignright size-medium wp-image-792\" src=\"https:\/\/blogs.ugr.es\/memolab\/wp-content\/uploads\/sites\/41\/2022\/02\/Cris-300x300.jpeg\" alt=\"\" width=\"300\" height=\"300\" srcset=\"https:\/\/blogs.ugr.es\/memolab\/wp-content\/uploads\/sites\/41\/2022\/02\/Cris-300x300.jpeg 300w, https:\/\/blogs.ugr.es\/memolab\/wp-content\/uploads\/sites\/41\/2022\/02\/Cris-700x700.jpeg 700w, https:\/\/blogs.ugr.es\/memolab\/wp-content\/uploads\/sites\/41\/2022\/02\/Cris-150x150.jpeg 150w, https:\/\/blogs.ugr.es\/memolab\/wp-content\/uploads\/sites\/41\/2022\/02\/Cris-75x75.jpeg 75w, https:\/\/blogs.ugr.es\/memolab\/wp-content\/uploads\/sites\/41\/2022\/02\/Cris.jpeg 800w\" sizes=\"auto, (max-width: 300px) 100vw, 300px\" \/><\/strong><br \/>\n<a href=\"&#x6d;&#97;i&#x6c;&#116;o&#x3a;&#x6d;&#97;&#x72;&#x74;&#105;n&#x65;&#122;c&#x61;&#x72;&#114;&#x69;&#x6c;&#108;o&#x63;&#114;i&#x73;&#x40;&#103;&#x6d;&#x61;&#105;l&#x2e;&#99;o&#x6d;\">&#109;&#x61;r&#116;&#x69;&#110;&#x65;z&#99;&#x61;r&#x72;&#x69;&#108;&#x6c;o&#99;&#x72;i&#x73;&#x40;&#103;&#x6d;a&#105;&#x6c;&#46;&#x63;o&#109;<\/a><\/p>\n<p>ORCID <a href=\"https:\/\/orcid.org\/0000-0001-6031-1220\">https:\/\/orcid.org\/0000-0001-6031-1220<\/a><\/p>\n<p>Redes acad\u00e9micas: <a href=\"https:\/\/www.researchgate.net\/profile\/Cristina-Martinez-Carrillo?ev=hdr_xprf\">Researchgate<\/a> &#8211; <a href=\"https:\/\/exeter.academia.edu\/CristinaMart%C3%ADnezCarrillo\">Academia.edu<\/a> &#8211; <a href=\"https:\/\/scholar.google.com\/citations?user=lPXxVjMAAAAJ&amp;hl=en&amp;oi=ao\">Google Scholar<\/a><\/p>\n<p style=\"padding-left: 40px\">Graduada en Arqueolog\u00eda por la Universidad de Granada, Sevilla y Ja\u00e9n con menci\u00f3n en arqueolog\u00eda de al-Andalus (2020) y M\u00e1ster Universitario en Historia: \u201cde Europa a Am\u00e9rica. Sociedades, Poderes, Culturas\u201d (EURAME) con la especializaci\u00f3n de Sociedades y Territorios, de la Universidad de Granada (2022). Actualmente realizando su tesis doctoral (al-Qasimi PhD) en el Centro de Arqueolog\u00eda Isl\u00e1mica (Centre for Islamic Archaeology) en el Instituto de estudios \u00c1rabes e Isl\u00e1micos de la Universidad de Exeter, bajo la supervisi\u00f3n de Timothy Insoll y John Cooper, sobre la cer\u00e1mica medieval de la provincia de Almer\u00eda en relaci\u00f3n con el contexto mediterr\u00e1neo.<\/p>\n<p style=\"padding-left: 40px\">Su tema de investigaci\u00f3n desde el inicio de su carrera investigadora se ha centrado en la cer\u00e1mica medieval andalus\u00ed del sureste peninsular, con trabajos en el poblado fortificado de Moj\u00e1car la Vieja, la Alcazaba de Almer\u00eda, el Castillo de Tabernas, las fortificaciones de la Alpujarra Alta (Granada y Almer\u00eda) y la Alcazaba de Guadix. Aun as\u00ed, tambi\u00e9n ha realizado estudios de Arqueolog\u00eda de la Arquitectura en yacimientos medievales y post-medievales y ha participado como equipo t\u00e9cnico en varias excavaciones del sureste peninsular (por ejemplo, en el Castillejo de G\u00fcejar-Sierra, la Torre de Alc\u00e1zar de Jerez del Marquesado, el Fuerte de Juviles o Moj\u00e1car la Vieja, entre otros). Ha participado en distintos equipos de investigaci\u00f3n a nivel internacional siendo t\u00e9cnico arque\u00f3loga en excavaciones y prospecciones en el Reino de Bahr\u00e9in.<\/p>\n<p>&nbsp;<\/p>\n<hr \/>\n<p><strong><img loading=\"lazy\" decoding=\"async\" class=\"alignright size-full wp-image-552\" src=\"https:\/\/blogs.ugr.es\/memolab\/wp-content\/uploads\/sites\/41\/2020\/02\/Sin-nombre.jpg\" alt=\"\" width=\"200\" height=\"248\" \/>Dr. Jos\u00e9 Crist\u00f3bal Carvajal L\u00f3pez<\/strong><br \/>\n<a href=\"&#x6d;&#x61;&#x69;&#x6c;&#116;&#111;&#58;&#106;ccl&#x32;&#x40;&#x6c;&#x65;&#x2e;&#97;&#99;&#46;uk\">&#x6a;&#99;&#99;&#x6c;&#x32;&#64;&#108;&#x65;&#x2e;&#97;&#99;&#x2e;&#x75;&#107;<\/a><\/p>\n<p>ORCID <a href=\"https:\/\/orcid.org\/0000-0001-6512-0124\">https:\/\/orcid.org\/0000-0001-6512-0124<\/a><\/p>\n<p style=\"padding-left: 40px\">Especialista en el estudio arqueol\u00f3gico de las sociedades isl\u00e1micas, particularmente del proceso de Islamizaci\u00f3n, y la aplicaci\u00f3n del an\u00e1lisis de cer\u00e1mica a la arqueolog\u00eda hist\u00f3rica. Realiz\u00f3 su licenciatura y doctorado en la Universidad de Granada (Espa\u00f1a). Tras obtener una beca intraeuropea Marie Curie, form\u00f3 parte del Departamento de Arqueolog\u00eda de la Universidad de Sheffield (Reino Unido) entre 2009 y 2012. En 2013 obtuvo una plaza de profesor de Arqueolog\u00eda Isl\u00e1mica en UCL Qatar, y desde 2018 es profesor de Arqueolog\u00eda Hist\u00f3rica en la Escuela de Arqueolog\u00eda e Historia Antigua de la Universidad de Leicester (Reino Unido).<\/p>\n<p style=\"padding-left: 40px\">Su principal inter\u00e9s de investigaci\u00f3n es el estudio de la Islamizaci\u00f3n como un cambio cultural y social, y ha desarrollado una intensa actividad investigadora colaborando en proyectos en varias \u00e1reas del mundo: Butrint (Albania) en los per\u00edodos romano, medieval y veneciano-otomano; Bel\u00e9n (Palestina) y Asilah (Marruecos), en la transici\u00f3n romana-isl\u00e1mica tard\u00eda; Yasin Tepe (Iraki Kurdist\u00e1n) en el per\u00edodo isl\u00e1mico; Lymira (Turqu\u00eda) y Atenas (Grecia) en el per\u00edodo medieval temprano; y Mitilene (Grecia) en el per\u00edodo otomano.<\/p>\n<hr \/>\n<p><strong><img loading=\"lazy\" decoding=\"async\" class=\"alignright wp-image-558\" src=\"https:\/\/blogs.ugr.es\/memolab\/wp-content\/uploads\/sites\/41\/2020\/03\/Foto-CV-154x300.jpg\" alt=\"\" width=\"163\" height=\"317\" srcset=\"https:\/\/blogs.ugr.es\/memolab\/wp-content\/uploads\/sites\/41\/2020\/03\/Foto-CV-154x300.jpg 154w, https:\/\/blogs.ugr.es\/memolab\/wp-content\/uploads\/sites\/41\/2020\/03\/Foto-CV.jpg 321w\" sizes=\"auto, (max-width: 163px) 100vw, 163px\" \/>Dr. Jos\u00e9 Mar\u00eda Moreno Narganes<br \/>\n<\/strong><a href=\"&#x6d;&#97;&#x69;&#x6c;&#116;&#x6f;&#58;j&#x6d;&#109;o&#x72;&#101;n&#x6f;&#64;u&#x61;&#46;&#x65;&#x73;\">&#106;&#x6d;m&#x6f;r&#101;&#x6e;&#111;&#x40;u&#97;&#x2e;&#101;&#x73;<\/a><\/p>\n<p>ORCID <a href=\"https:\/\/orcid.org\/0000-0003-1345-7037\">https:\/\/orcid.org\/0000-0003-1345-7037<\/a><\/p>\n<p>Redes acad\u00e9micas: <a href=\"https:\/\/alicante.academia.edu\/JoseMariaNarganes\">Academia.edu<\/a><\/p>\n<p style=\"padding-left: 40px\">Licenciado en Historia por la Universidad de Alicante, y M\u00e1ster (M1 y M2) Internacional \u201cHistoire et arch\u00e9ologie compar\u00e9es des soci\u00e9t\u00e9s m\u00e9di\u00e9vales\u201d, por las Universidades de Lyon Lumi\u00e8re Lyon 2, Bolonia, Varsovia y Glasgow. Actualmente doctorando (FPU\/2016) de la Universidad de Alicante bajo la direcci\u00f3n de la catedr\u00e1tica Sonia Guti\u00e9rrez Lloret (Universidad de Alicante) y la investigadora Sophie Gilotte (CNRS, Francia) realizando una tesis doctoral bajo el t\u00edtulo \u201cTejiendo en casa: Espacios dom\u00e9sticos y actividades textiles en al-Andalus (s. XII-XIII)\u201d.<\/p>\n<p style=\"padding-left: 40px\">Miembro del Departamento de Prehistoria, Arqueolog\u00eda, Ha. Antigua, Fa. Griega y Fa. Latina, dentro de \u00c1rea de Arqueolog\u00eda. Forma parte del grupo de investigaci\u00f3n permanente \u201cArqueolog\u00eda y Patrimonio\u201d, bajo la direcci\u00f3n de Lorenzo Abad Casal. Colaborador del proyecto \u201cI+D+I SICOS (HAR2015-67111-P) Lectura Arqueol\u00f3gica del uso social del espacio. espacios dom\u00e9sticos y vida social entre la antig\u00fcedad y el medievo\u201d (ss. VI-XIV) financiado por el ministerio de Econom\u00eda y Competitividad. Forma parte de los equipos de investigaci\u00f3n dirigidos por Sonia Guti\u00e9rrez para los yacimientos medievales de El Tolmo de Minateda (Hell\u00edn, Albacete), El Castellar de la Morera (Elche, Alicante), y el Ribat del Moncayo (Guardamar, Alicante). Colaborador del proyecto PROMETEO\/2019\/035 (LIMOS. Litoral y Monta\u00f1as en transici\u00f3n: arqueolog\u00eda del cambio social en las comarcas meridionales de la Comunidad Valenciana). Ha participado en numerosas excavaciones arqueol\u00f3gicas, forma parte de los equipos t\u00e9cnicos y de direcci\u00f3n de los yacimientos de Pobla Medieval de Ifach (XIII-XIV) y de Madinat Albalat (XII-XIII). A nivel internacional ha participado en proyectos de la Universidad de Cambridge en las excavaciones medievales (VIII-X) de Jerasa (Jordania).<\/p>\n<p style=\"padding-left: 40px\">Ha realizado estancias de investigaci\u00f3n en La Casa Vel\u00e1zquez (Madrid), en el Instituto Arqueol\u00f3gico Alem\u00e1n y en el Campo Arqueol\u00f3gico de M\u00e9rtola (Portugal). Sus principales temas de investigaci\u00f3n se centran en el estudio de los espacios dom\u00e9sticos del al-Andalus (XII-XIII) a nivel de su arquitectura y organizaci\u00f3n interna, el instrumental textil vinculado a las actividades de hilado-tejido medievales y la aplicaci\u00f3n de la perspectiva de g\u00e9nero en al-Andalus. A su vez desarrolla una investigaci\u00f3n etnogr\u00e1fica centrada en las t\u00e9cnicas textiles tradicionales estudiando los tipos de telar, los instrumentos de hilado, etc.<\/p>\n<hr \/>\n<p><strong>Carmen Aguil\u00f3 Rivera<\/strong><\/p>\n<p>ORCID: <a href=\"https:\/\/orcid.org\/0009-0002-6789-3264\">https:\/\/orcid.org\/0009-0002-6789-3264<\/a><\/p>\n<p>Redes acad\u00e9micas: Researchegate &#8211; Academia.edu &#8211; <a href=\"https:\/\/scholar.google.es\/citations?view_op=list_works&amp;hl=es&amp;hl=es&amp;user=NTdgjacAAAAJ\">Google Scholar<\/a><\/p>\n<p style=\"padding-left: 40px\">Graduada en Arqueolog\u00eda por la Universidad de Granada, Sevilla y Ja\u00e9n<\/p>\n<p>&nbsp;<\/p>\n<hr \/>\n<p><strong><img loading=\"lazy\" decoding=\"async\" class=\"alignright size-medium wp-image-795\" src=\"https:\/\/blogs.ugr.es\/memolab\/wp-content\/uploads\/sites\/41\/2022\/02\/carmen-300x200.jpeg\" alt=\"\" width=\"300\" height=\"200\" srcset=\"https:\/\/blogs.ugr.es\/memolab\/wp-content\/uploads\/sites\/41\/2022\/02\/carmen-300x200.jpeg 300w, https:\/\/blogs.ugr.es\/memolab\/wp-content\/uploads\/sites\/41\/2022\/02\/carmen-700x466.jpeg 700w, https:\/\/blogs.ugr.es\/memolab\/wp-content\/uploads\/sites\/41\/2022\/02\/carmen.jpeg 800w\" sizes=\"auto, (max-width: 300px) 100vw, 300px\" \/>Carmen Raya Mu\u00f1oz<\/strong><br \/>\n<a href=\"&#x6d;a&#x69;&#108;&#x74;&#111;:&#x63;a&#x72;&#109;&#x65;&#110;r&#x61;&#121;&#x61;&#109;u&#x40;g&#x6d;&#97;&#x69;&#108;&#46;&#x63;o&#x6d;\">&#99;&#x61;r&#109;&#x65;n&#114;&#x61;y&#97;&#x6d;u&#64;&#x67;&#109;&#x61;&#x69;&#108;&#x2e;&#x63;&#111;&#x6d;<\/a><\/p>\n<p style=\"padding-left: 40px\">Arque\u00f3loga. Graduada en Arqueolog\u00eda con Menci\u00f3n en Arqueobiolog\u00eda y Geoarqueolog\u00eda por las Universidades de Granada, Ja\u00e9n y Sevilla (2019). M\u00e1ster Interuniversitario de Arqueolog\u00eda por las Universidades de Granada y Sevilla (2022).<\/p>\n<p style=\"padding-left: 40px\">Sus principales intereses e investigaciones tratan de aproximarnos a la realidad social, cultural y econ\u00f3mica de diferentes grupos humanos, a trav\u00e9s del estudio de la alimentaci\u00f3n, t\u00e9cnicas ganaderas y explotaci\u00f3n de recursos alimenticios empleando para ello la Arqueozoolog\u00eda, disciplina en la que actualmente se est\u00e1 especializando.<\/p>\n<p style=\"padding-left: 40px\">Ha participado en numerosas excavaciones arqueol\u00f3gicas en Espa\u00f1a e Italia, en su mayor\u00eda dirigidas por el Laboratorio de Arqueolog\u00eda Biocultural (MEMOLab).<\/p>\n<hr \/>\n<p><strong><a href=\"&#x6d;&#97;i&#x6c;&#116;o&#x3a;&#97;g&#x75;&#x73;&#116;&#x69;&#x6e;&#98;u&#x62;&#105;o&#x6e;&#64;h&#x6f;&#x74;&#109;&#x61;&#x69;&#108;&#46;&#x63;&#111;m\"><img loading=\"lazy\" decoding=\"async\" class=\"alignright wp-image-572\" src=\"https:\/\/blogs.ugr.es\/memolab\/wp-content\/uploads\/sites\/41\/2020\/03\/445218949_358463-300x300.jpg\" alt=\"\" width=\"261\" height=\"261\" srcset=\"https:\/\/blogs.ugr.es\/memolab\/wp-content\/uploads\/sites\/41\/2020\/03\/445218949_358463-300x300.jpg 300w, https:\/\/blogs.ugr.es\/memolab\/wp-content\/uploads\/sites\/41\/2020\/03\/445218949_358463-150x150.jpg 150w, https:\/\/blogs.ugr.es\/memolab\/wp-content\/uploads\/sites\/41\/2020\/03\/445218949_358463-75x75.jpg 75w, https:\/\/blogs.ugr.es\/memolab\/wp-content\/uploads\/sites\/41\/2020\/03\/445218949_358463.jpg 640w\" sizes=\"auto, (max-width: 261px) 100vw, 261px\" \/><\/a>Agust\u00edn S\u00e1nchez Garc\u00eda<\/strong><br \/>\n<a href=\"&#x6d;&#x61;&#x69;&#x6c;&#x74;&#x6f;&#x3a;&#x61;&#x67;&#x75;&#x73;&#x74;&#x69;&#x6e;&#x62;&#x75;&#x62;&#x69;&#x6f;&#x6e;&#x40;&#x68;&#x6f;&#x74;&#x6d;&#x61;&#x69;&#x6c;&#x2e;&#x63;&#x6f;&#x6d;\">&#x61;&#103;u&#x73;&#x74;&#105;n&#x62;&#117;b&#x69;&#x6f;&#110;&#64;&#x68;&#111;t&#x6d;&#x61;&#105;l&#x2e;&#x63;&#111;&#x6d;<\/a><\/p>\n<p style=\"padding-left: 40px\">Graduado en Historia y M\u00e1ster en Arqueolog\u00eda por la Universidad de Granada. Interesado en el estudio del poblamiento rural de \u00e9poca altomedieval y del poblamiento rural de la comarca de La Alpujarra. Defensor y divulgador del patrimonio campesino atesorado y amenazado de la cara sur de Sierra Nevada, formando parte de varias Comunidades de Regantes y asociaciones ligadas a la defensa del patrimonio agroganadero alpujarre\u00f1o.<\/p>\n<p style=\"padding-left: 40px\">Ha participado en excavaciones arqueol\u00f3gicas nacionales e internacionales relacionadas con el poblamiento rural de origen medieval; adem\u00e1s de tener experiencia en varios proyectos ligados al patrimonio agroecosist\u00e9mico alpujarre\u00f1o, como la recuperaci\u00f3n de huertas bald\u00edas, la restituci\u00f3n de sistemas de regad\u00edo en abandono o la gesti\u00f3n y recuperaci\u00f3n de bosques comunales.<\/p>\n<hr \/>\n<p><strong><img loading=\"lazy\" decoding=\"async\" class=\"alignright size-medium wp-image-794\" src=\"https:\/\/blogs.ugr.es\/memolab\/wp-content\/uploads\/sites\/41\/2022\/02\/toni-250x300.jpg\" alt=\"\" width=\"250\" height=\"300\" srcset=\"https:\/\/blogs.ugr.es\/memolab\/wp-content\/uploads\/sites\/41\/2022\/02\/toni-250x300.jpg 250w, https:\/\/blogs.ugr.es\/memolab\/wp-content\/uploads\/sites\/41\/2022\/02\/toni-583x700.jpg 583w, https:\/\/blogs.ugr.es\/memolab\/wp-content\/uploads\/sites\/41\/2022\/02\/toni.jpg 666w\" sizes=\"auto, (max-width: 250px) 100vw, 250px\" \/><\/strong><\/p>\n<p><strong>Antonio Peralta G\u00f3mez<\/strong><br \/>\n<a href=\"&#x6d;&#x61;&#x69;&#x6c;&#116;&#111;&#58;&#116;oni&#x70;&#x65;&#x72;&#x61;&#x6c;&#116;&#97;&#49;012&#x39;&#x38;&#x40;&#x67;&#x6d;&#97;&#105;&#108;&#46;co&#x6d;\">&#x74;&#111;n&#x69;&#x70;&#101;r&#x61;&#108;t&#x61;&#x31;&#48;1&#x32;&#57;8&#x40;&#x67;&#109;a&#x69;&#x6c;&#46;&#x63;&#x6f;&#109;<\/a><\/p>\n<p style=\"padding-left: 40px\">Graduado en Historia por la Universidad de Granada y M\u00e1ster Interuniversitario en Arqueolog\u00eda por la Universidad de Granada y Sevilla. Actualmente, realizando su tesis doctoral en el IH-CSIC, en el marco del proyecto MEDAPP (Medieval Appetites: food plants in multicultural Iberia (500-1100 CE).<\/p>\n<p style=\"padding-left: 40px\">Sus estudios de inter\u00e9s se centran en la explotaci\u00f3n de recursos alimenticios y las estrategias de subsistencia de los grupos humanos, a trav\u00e9s de la Arqueobot\u00e1nica para un mejor conocimiento de la paleodieta y paleoeconom\u00eda de las sociedades del pasado.<\/p>\n<p style=\"padding-left: 40px\">Ha participado en numerosas excavaciones y actividades dirigidas por el Laboratorio de Arqueolog\u00eda Biocultural (MEMOLab) en Espa\u00f1a e Italia, inicialmente como voluntario y, actualmente, como t\u00e9cnico arque\u00f3logo.<\/p>\n<p style=\"padding-left: 40px\">A d\u00eda de hoy se encuentra especializ\u00e1ndose en Carpolog\u00eda, disciplina encargada del estudio de las semillas y frutos arqueol\u00f3gicos. As\u00ed mismo se est\u00e1 dedicando a la \u00a0aplicaci\u00f3n de estas investigaciones en el mundo romano-medieval para un mayor conocimiento y registro bioarqueol\u00f3gico de estas etapas. Igualmente presenta un gran inter\u00e9s en la dieta de los grupos de cazadores-recolectores y el origen de la agricultura.<\/p>\n<hr \/>\n<p><strong><img loading=\"lazy\" decoding=\"async\" class=\"size-medium wp-image-1242 alignright\" src=\"https:\/\/blogs.ugr.es\/memolab\/wp-content\/uploads\/sites\/41\/2023\/05\/WhatsApp-Image-2023-05-15-at-18.59.33-180x300.jpeg\" alt=\"\" width=\"180\" height=\"300\" srcset=\"https:\/\/blogs.ugr.es\/memolab\/wp-content\/uploads\/sites\/41\/2023\/05\/WhatsApp-Image-2023-05-15-at-18.59.33-180x300.jpeg 180w, https:\/\/blogs.ugr.es\/memolab\/wp-content\/uploads\/sites\/41\/2023\/05\/WhatsApp-Image-2023-05-15-at-18.59.33-420x700.jpeg 420w, https:\/\/blogs.ugr.es\/memolab\/wp-content\/uploads\/sites\/41\/2023\/05\/WhatsApp-Image-2023-05-15-at-18.59.33.jpeg 480w\" sizes=\"auto, (max-width: 180px) 100vw, 180px\" \/>Mar\u00eda Jes\u00fas Pe\u00f1a Moreno<\/strong><br \/>\n<a href=\"mail&#116;&#111;&#58;&#109;&#106;&#x65;&#x73;&#x75;&#x73;&#x6d;&#x6f;&#x72;eno9&#56;&#64;&#103;&#109;&#97;&#x69;&#x6c;&#x2e;&#x63;&#x6f;&#x6d;\">m&#106;&#101;&#x73;&#x75;s&#109;&#111;&#x72;&#x65;&#x6e;o&#57;&#56;&#x40;&#x67;ma&#105;&#x6c;&#x2e;&#x63;o&#109;\u00a0<\/a><\/p>\n<p style=\"padding-left: 40px\">Arque\u00f3loga. Graduada en Arqueolog\u00eda con Menci\u00f3n en Arqueolog\u00eda Cl\u00e1sica del Sur de la Pen\u00ednsula Ib\u00e9rica por las Universidades de Granada, Ja\u00e9n y Sevilla (2020). M\u00e1ster Interuniversitario de Arqueolog\u00eda por las Universidades de Granada y Sevilla (2021). Colegiada n\u00ba 8565 por el Ilustre Colegio Oficial de Doctores y Licenciados en Filosof\u00eda y Letras y en Ciencias de Granada, Almer\u00eda y Ja\u00e9n. Sus principales intereses e investigaciones se realizan en el \u00e1mbito de la difusi\u00f3n y divulgaci\u00f3n del patrimonio as\u00ed como en la did\u00e1ctica de la Arqueolog\u00eda. Actualmente, se est\u00e1 especializando en estas disciplinas.<\/p>\n<p style=\"padding-left: 40px\">Desde 2021, se dedica a la Arqueolog\u00eda de Gesti\u00f3n. Ha dirigido intervenciones principalmente en la provincia de Granada. Asimismo, ha participado en numerosas excavaciones arqueol\u00f3gicas en Espa\u00f1a, en su mayor\u00eda dirigidas por el Laboratorio de Arqueolog\u00eda Biocultural (MEMOLab).<\/p>\n<p>&nbsp;<\/p>\n<hr \/>\n<p><strong><img loading=\"lazy\" decoding=\"async\" class=\" wp-image-1340 alignright\" src=\"https:\/\/blogs.ugr.es\/memolab\/wp-content\/uploads\/sites\/41\/2023\/07\/IMG-20221015-WA0110-300x169.jpg\" alt=\"\" width=\"360\" height=\"203\" srcset=\"https:\/\/blogs.ugr.es\/memolab\/wp-content\/uploads\/sites\/41\/2023\/07\/IMG-20221015-WA0110-300x169.jpg 300w, https:\/\/blogs.ugr.es\/memolab\/wp-content\/uploads\/sites\/41\/2023\/07\/IMG-20221015-WA0110-700x394.jpg 700w, https:\/\/blogs.ugr.es\/memolab\/wp-content\/uploads\/sites\/41\/2023\/07\/IMG-20221015-WA0110.jpg 800w\" sizes=\"auto, (max-width: 360px) 100vw, 360px\" \/>Jos\u00e9 Alberto Delgado Arcos<\/strong><br \/>\n<a href=\"m&#97;&#105;&#x6c;&#x74;&#x6f;:d&#101;&#108;&#x67;&#x61;&#x64;o&#106;&#111;&#115;&#x65;&#x40;&#x75;n&#105;&#111;&#x76;&#x69;&#x2e;es\">d&#101;&#x6c;&#x67;&#x61;d&#111;&#106;&#x6f;&#x73;e&#64;&#117;&#x6e;&#x69;ov&#105;&#x2e;&#x65;&#x73;<\/a><\/p>\n<p>ORCID: <a href=\"https:\/\/orcid.org\/my-orcid?orcid=0000-0003-2241-2236\">https:\/\/orcid.org\/my-orcid?orcid=0000-0003-2241-2236<\/a><\/p>\n<p>Redes acad\u00e9micas: <a href=\"https:\/\/www.researchgate.net\/profile\/Jose-Alberto-Delgado-Arcos\">Researchgate<\/a> &#8211; <a href=\"https:\/\/uniovi.academia.edu\/Jos%C3%A9AlbertoDelgadoArcos\">Academia.edu<\/a><\/p>\n<p style=\"padding-left: 40px\">Graduado en Historia por la Universidad de C\u00f3rdoba (2017) y M\u00e1ster en Arqueolog\u00eda por la Universidad de Granada (2019). Actualmente es contratado predoctoral en la Universidad de Oviedo dentro del programa \u201cSevero Ochoa\u201d de Ayudas predoctorales para la investigaci\u00f3n y la docencia del Principado de Asturias, con el proyecto de tesis: Arqueolog\u00eda agraria y bioarqueolog\u00eda en \u00e1reas de monta\u00f1a. Una comparativa a partir de dos estudios de caso: las Sierras Subb\u00e9ticas y la Cornisa Cant\u00e1brica.<\/p>\n<p style=\"padding-left: 40px\">El incipiente inter\u00e9s por la Arqueolog\u00eda desde el inicio de sus estudios le ha llevado a participar desde entonces en proyectos arqueol\u00f3gicos de diversa \u00edndole y momentos hist\u00f3ricos, desde el Paleol\u00edtico hasta \u00c9poca Contempor\u00e1nea, tanto en buena parte del \u00e1mbito nacional como en el extranjero. Adem\u00e1s de contar con direcci\u00f3n de varias prospecciones arqueol\u00f3gicas y experiencia laboral en el sector privado de la Arqueolog\u00eda e instituciones universitarias de investigaci\u00f3n. Sus intereses son los de la comprensi\u00f3n de los usos y aprovechamientos tradicionales y la transformaci\u00f3n antr\u00f3pica de los espacios rurales de monta\u00f1a desde una perspectiva diacr\u00f3nica para la comprensi\u00f3n de la conformaci\u00f3n de los paisajes actuales. Ello principalmente desde la aplicaci\u00f3n de la metodolog\u00eda de la Arqueolog\u00eda Agraria y los datos proporcionados por la Bioarqueolog\u00eda.<\/p>\n<p style=\"padding-left: 40px\">Es miembro del grupo de investigaci\u00f3n acreditado Social Landscapes (LANDS) y del Laboratoriu rural de Paisaxe, Hestoria y Patrimoniu (LLABOR) de la Universidad de Oviedo, equipo de trabajo con una amplia trayectoria en la Arqueolog\u00eda de las aldeas habitadas y la Arqueolog\u00eda Agraria, llegando a definir una metodolog\u00eda de trabajo propia. Dentro de este equipo, participa en los proyectos de investigaci\u00f3n llevados a cabo en la cornisa Cant\u00e1brica: En nombre de la comunidad. Comunidades campesinas en \u00e1reas de monta\u00f1a: definici\u00f3n territorial, gesti\u00f3n colectiva y lugares centrales en la formaci\u00f3n de las identidades locales, financiado por el Ministerio de Econom\u00eda y Competitividad; y en Per\u00fa: La Formaci\u00f3n de los Paisajes Agrarios en los Andes Centrales del Per\u00fa. El estudio del paisaje agrario y ganadero prehisp\u00e1nico del valle de Sondondo, Per\u00fa, con financiaci\u00f3n del Ministerio de Cultura y Deportes, la Fundaci\u00f3n Palarq y la Pontificia Universidad Cat\u00f3lica del Per\u00fa. Asimismo, colabora en el proyecto de transferencia y divulgaci\u00f3n del conocimiento cient\u00edfico y el patrimonio: ConCiencia Hist\u00f3rica, financiado por la FECYT.<\/p>\n<p style=\"padding-left: 40px\">En la actualidad, desarrolla una estancia de investigaci\u00f3n en el seno del MEMOLab- Laboratorio de Arqueolog\u00eda Biocultural, bajo la supervisi\u00f3n del profesor Jos\u00e9 Mar\u00eda Mart\u00edn Civantos, para completar su formaci\u00f3n de cara a la realizaci\u00f3n de su tesis doctoral.<\/p>\n<hr \/>\n<p>&nbsp;<\/p>\n<p>&nbsp;<\/p>\n","protected":false},"excerpt":{"rendered":"<p>Coordinador Dr. Jos\u00e9 Mar\u00eda Mart\u00edn Civantos &#99;&#x69;&#118;&#x61;&#110;&#x74;&#111;&#x73;&#64;&#x75;&#103;&#x72;&#46;&#x65;&#115; http:\/\/www.ugr.es\/~civantos\/ ORCID http:\/\/orcid.org\/0000-0001-5513-8427 Redes acad\u00e9micas: Researchgate &#8211; Academia.edu Profesor titular en el Departamento de Historia Medieval y CCTTHH de la Universidad de Granada. Ha desarrollado su intensa carrera acad\u00e9mica principalmente en Espa\u00f1a e Italia, teniendo la oportunidad de beneficiarse de entornos de investigaci\u00f3n interdisciplinarios y fruct\u00edferos, y estableciendo [&hellip;]<\/p>\n","protected":false},"author":55,"featured_media":0,"parent":119,"menu_order":0,"comment_status":"closed","ping_status":"closed","template":"","meta":{"_genesis_hide_title":false,"_genesis_hide_breadcrumbs":false,"_genesis_hide_singular_image":false,"_genesis_hide_footer_widgets":false,"_genesis_custom_body_class":"","_genesis_custom_post_class":"","_genesis_layout":"","footnotes":""},"categories":[],"tags":[],"class_list":{"0":"post-136","1":"page","2":"type-page","3":"status-publish","5":"entry"},"_links":{"self":[{"href":"https:\/\/blogs.ugr.es\/memolab\/wp-json\/wp\/v2\/pages\/136","targetHints":{"allow":["GET"]}}],"collection":[{"href":"https:\/\/blogs.ugr.es\/memolab\/wp-json\/wp\/v2\/pages"}],"about":[{"href":"https:\/\/blogs.ugr.es\/memolab\/wp-json\/wp\/v2\/types\/page"}],"author":[{"embeddable":true,"href":"https:\/\/blogs.ugr.es\/memolab\/wp-json\/wp\/v2\/users\/55"}],"replies":[{"embeddable":true,"href":"https:\/\/blogs.ugr.es\/memolab\/wp-json\/wp\/v2\/comments?post=136"}],"version-history":[{"count":5,"href":"https:\/\/blogs.ugr.es\/memolab\/wp-json\/wp\/v2\/pages\/136\/revisions"}],"predecessor-version":[{"id":2463,"href":"https:\/\/blogs.ugr.es\/memolab\/wp-json\/wp\/v2\/pages\/136\/revisions\/2463"}],"up":[{"embeddable":true,"href":"https:\/\/blogs.ugr.es\/memolab\/wp-json\/wp\/v2\/pages\/119"}],"wp:attachment":[{"href":"https:\/\/blogs.ugr.es\/memolab\/wp-json\/wp\/v2\/media?parent=136"}],"wp:term":[{"taxonomy":"category","embeddable":true,"href":"https:\/\/blogs.ugr.es\/memolab\/wp-json\/wp\/v2\/categories?post=136"},{"taxonomy":"post_tag","embeddable":true,"href":"https:\/\/blogs.ugr.es\/memolab\/wp-json\/wp\/v2\/tags?post=136"}],"curies":[{"name":"wp","href":"https:\/\/api.w.org\/{rel}","templated":true}]}}