{"id":376,"date":"2024-03-05T17:42:22","date_gmt":"2024-03-05T16:42:22","guid":{"rendered":"https:\/\/blogs.ugr.es\/prinma\/?page_id=376"},"modified":"2026-04-29T18:15:42","modified_gmt":"2026-04-29T16:15:42","slug":"programa-preliminar","status":"publish","type":"page","link":"https:\/\/blogs.ugr.es\/prinma\/programa-preliminar\/","title":{"rendered":""},"content":{"rendered":"<p><strong>PROGRAMA\u00a0<\/strong><\/p>\n<p><strong><span style=\"color: #ff9900\">MI\u00c9RCOLES 13 DE MAYO<\/span><\/strong><\/p>\n<p><strong>III CONGRESO INTERNACIONAL DE ARQUEOLOG\u00cdA BAYRA. \u201cVIVIR EN AL-\u00c1NDALUS: URBANISMO, VIVIENDA Y CULTURA MATERIAL<\/strong><strong>\u201d<\/strong><\/p>\n<p>08:30 Recogida de documentaci\u00f3n<\/p>\n<p>09:00 <strong>INAUGURACI\u00d3N OFICIAL<\/strong><\/p>\n<p><strong>SESI\u00d3N I. V<\/strong><strong>ivienda y Cultura Material<\/strong><\/p>\n<p>09:30 Christine Mazzoli Guintard (Universit\u00e9 de Nantes):<em> \u201c\u00bfHab\u00eda espacios p\u00fablicos y privados en las ciudades de al-\u00c1ndalus?\u201d<\/em><\/p>\n<p>10:15 Juan Vicente Garc\u00eda Marsilla (Universitat de Val\u00e8ncia):<em> \u201cDe andalus\u00edes a feudales. La evoluci\u00f3n de las casas y los entornos dom\u00e9sticos en el reino medieval de Valencia\u201d<\/em><\/p>\n<p>11:00 <strong>Pausa caf\u00e9<\/strong><\/p>\n<p>11:30\u00a0 Elena Salinas Pleguezuelo (Escuela de Estudios \u00c1rabes, CSIC) y Francisco Castillo Galdeano: <em>\u201cLa casa andalus\u00ed en Ba\u0177\u0177\u0101na (Pechina): tipolog\u00eda, organizaci\u00f3n espacial y contexto urbano\u201d<\/em><\/p>\n<p><strong>SESI\u00d3N II. Las viviendas en al-\u00c1ndalus<\/strong><\/p>\n<p>12:00 Mar\u00eda Teresa Casal Garc\u00eda (Universidad Aut\u00f3noma de Madrid): <em>\u201cEl espacio dom\u00e9stico en los arrabales emirales y califales de Mad\u012bnat Qur\u1e6duba (C\u00f3rdoba): organizaci\u00f3n, uso y evidencias arqueol\u00f3gicas\u201d<\/em><\/p>\n<p>12:30 Cristina Camacho Cruz (Universidad de Granada): <em>\u201cVivir en un arrabal omeya cordob\u00e9s: casas, espacios y usos\u201d<\/em><\/p>\n<p>13:00 Joan Negre (Escuela de Estudios \u00c1rabes, CSIC): <em>\u201cOcupar, residir, adaptar. La vivienda y su sintaxis a trav\u00e9s de un contexto militarizado en los m\u00e1rgenes del al-\u00c1ndalus omeya\u201d.<\/em><\/p>\n<p>13:30 <strong>DEBATE<\/strong><\/p>\n<p>14:00 <strong>Pausa comida<\/strong><\/p>\n<p>16:00 Guillem Alcolea, Helena Kirchner, Andrea Collado, Mar\u00eda Isabel Molina (Universitat Aut\u00f2noma de Barcelona): <em>\u201cNuevas aportaciones a la arquitectura dom\u00e9stica de Mad\u012bna Balagh\u012b (Pla d\u2019Almat\u00e0): La casa 15 y su estudio material\u201d<\/em><\/p>\n<p>16:30\u00a0 L\u00e9a Buttard (CIHAM Lyon):<em> \u201cGrafitos y espacios dom\u00e9sticos en al-\u00c1ndalus: el caso de Albalat\u201d<\/em><\/p>\n<p>17:00 Abdallah Fili (Chouaib Doukkali Universit\u00e9) e Ishanne Serrat (Universit\u00e9 Mohammad V): <em>\u201cMaisons rurales et maisons urbaines au Maroc \u00e0 l\u2019\u00e9poque almoravide et almohade\u201d<\/em><\/p>\n<p>17:30 <strong>Pausa caf\u00e9<\/strong><\/p>\n<p>18:00 Joana Bento Torres, Andr\u00e9 Teixeira, Abdelatif El-Boudjay (Universidade Nova de Lisboa): <em>\u201cContextos dom\u00e9sticos en el yacimiento arqueol\u00f3gico de Ksar Seghir, entre los siglos XIV y XVI\u201d<\/em><\/p>\n<p>18:30 Aurora Molina Fajardo (Universidad de Alcal\u00e1): <em>\u201cEn tiempo de mudanza. Vivienda rural y cultura material en el antiguo Reino de Granada (siglo XVI)\u201d<\/em><\/p>\n<p>19:00 Matthias Biro-Sarrias (Universidad de Toulouse Jean-Jaur\u00e8s y Universidad de Granada): <em>\u201cEstructura y organizaci\u00f3n de una ciudad medieval andalus\u00ed, el caso de Bayra (Vera, Almer\u00eda)\u201d<\/em><\/p>\n<p>19:30 <strong>DEBATE<\/strong><\/p>\n<p align=\"center\"><strong><span style=\"color: #ff9900\">JUEVES <\/span><span style=\"color: #ff9900\">14<\/span><span style=\"color: #ff9900\"> DE MAYO<\/span><\/strong><\/p>\n<p>09:00 Visita al Parque Arqueol\u00f3gico Ciudad Nazar\u00ed de Bayra. <i>Por el Grupo de Investigaci\u00f3n Producci\u00f3n, Intercambio, Narrativas y Materialidad PRINMA (HUM-1035, Universidad de Granada)<\/i><\/p>\n<p align=\"justify\">11:30 <strong>Pausa caf\u00e9<\/strong><\/p>\n<p>12:00 Liborio Ruiz Molina (Ayuntamiento de Yecla): <em>\u201c\u1e24i\u1e63n Yakka. Un castillo de Sarq al-\u00c1ndalus (siglos XII-XIII). De arquitectura y urbanismo\u201d<\/em><\/p>\n<p>12:30 Alberto Garc\u00eda Porras (Universidad de Granada), Mois\u00e9s Alonso Valladares (Universidad Aut\u00f3noma de Madrid), Juan Manuel R\u00edos Jim\u00e9nez (Universidad de Granada): <em>\u201cLa vida dom\u00e9stica en un entorno rural de \u00e9poca nazar\u00ed. El Castillejo de los Gu\u00e1jares (Granada)\u201d<\/em><\/p>\n<p align=\"justify\">13:00 <strong>DEBATE<\/strong><\/p>\n<p align=\"justify\">13:30 Primera sesi\u00f3n de p\u00f3steres<\/p>\n<p align=\"justify\">14:00 <strong>Pausa comida<\/strong><\/p>\n<p>16:00 Mar\u00eda Bel\u00e9n Alem\u00e1n Ochotonera (Yacimiento Barrio Andalus\u00ed, Almer\u00eda), Sonia Garc\u00eda Mart\u00ednez y Elena Salinas Pleguezuelo (Escuela de Estudios \u00c1rabes, CSIC): <em>\u201cLa vivienda en el Barrio Andalus\u00ed: arquitectura dom\u00e9stica y organizaci\u00f3n del espacio urbano\u201d<\/em><\/p>\n<p>16:30 Cristina Mart\u00ednez Carrillo (University of Exeter), Julio Miguel Rom\u00e1n Punz\u00f3n (Universidad de Granada), Noelia Aguado Becerra (Universidad de Granada), Diego Arcauz Stembert (Universidad de Granada), Konstantina Nikita (National Technical University of Athens), Dimitrios Vasilakis (National Technical University of Athens) y \u00a0 Jorge Rouco Collazo (Instituto de Ciencias del Patrimonio -INCIPIT-), Jos\u00e9 Mar\u00eda Mart\u00edn Civantos (Universidad de Granada):<em>\u201cHabitar extramuros: organizaci\u00f3n del espacio dom\u00e9stico en el yacimiento rural fortificado de Moj\u00e1car la Vieja (Almer\u00eda)\u201d<\/em><\/p>\n<p>17:00 <strong>DEBATE<\/strong><\/p>\n<p>17:30 <strong>Pausa caf\u00e9<\/strong><\/p>\n<p align=\"justify\">18:00 Segunda sesi\u00f3n de p\u00f3steres<\/p>\n<p align=\"center\"><strong><span style=\"color: #ff9900\">VIERNES 15 DE MAYO<\/span><\/strong><\/p>\n<p align=\"justify\"><strong>Sesi\u00f3n III. Horizontes de gesti\u00f3n. Estrategia, financiaci\u00f3n y futuro digital del patrimonio.<\/strong><\/p>\n<p align=\"justify\">09:30 <strong>MESA 1<\/strong> <em>\u00abDel objeto al bit: Estrategias de Innovaci\u00f3n y Narrativas Digitales en la Gesti\u00f3n Muse\u00edstica\u00bb<\/em><\/p>\n<p>Modera: Tania F\u00e1brega Garc\u00eda. Directora del Museo de Almer\u00eda. Miembro del Cuerpo Superior Facultativo de Conservadores de museos del Ministerio de Cultura.<\/p>\n<p>Ponentes:<\/p>\n<p>Olivia Rivero Vil\u00e1. Profesora titular de la Universidad de Salamanca. Prehistoriadora y directora del LabTec de la Universidad de Salamanca.<\/p>\n<p>Daniel M\u00e9ndez Beiges. Profesor de la Universidad Francisco de Vitoria, experto en divulgaci\u00f3n multimedia y reconstrucci\u00f3n virtual de patrimonio y CEO de<i> Revives<\/i>.<\/p>\n<p align=\"justify\">10:45 <strong>Pausa caf\u00e9<\/strong><\/p>\n<p align=\"justify\">11:15 <strong>MESA 2<\/strong> <em>\u00abLa hoja de ruta del Patrimonio: el Plan Director como herramienta de resiliencia y desarrollo local.\u00bb<\/em><\/p>\n<p>Modera: Pedro Salmer\u00f3n Escobar. Arquitecto especializado en restauraci\u00f3n y conservaci\u00f3n de patrimonio hist\u00f3rico.<\/p>\n<p>Ponentes:<\/p>\n<p>Pedro Gurriar\u00e1n Daza. Doctor Arquitecto y especialista en la investigaci\u00f3n y restauraci\u00f3n de arquitectura fortificada andalus\u00ed.<\/p>\n<p>Jos\u00e9 Manuel L\u00f3pez Osorio. Doctor Arquitecto y profesor en la Universidad de M\u00e1laga, redactor del Plan Director de Bayra.<\/p>\n<p align=\"justify\">12:30 <strong>MESA 3<\/strong><em> \u00abFinanciando la identidad: desaf\u00edos y oportunidades del 2% Cultural en la recuperaci\u00f3n del Patrimonio Hist\u00f3rico.\u00bb<\/em><\/p>\n<p>Modera: Gema Emb\u00ed N\u00e1jar. Conservadora de Patrimonio Hist\u00f3rico y directora del Conjunto Monumental de la Alcazaba de Almer\u00eda.<\/p>\n<p>Ponentes:<\/p>\n<p>Juan Jos\u00e9 Fondevilla Aparicio. Arquitecto especialista en restauraci\u00f3n y conservaci\u00f3n del patrimonio hist\u00f3rico.<\/p>\n<p>Alberto Garc\u00eda Porras. Catedr\u00e1tico de Historia Medieval en la Universidad de Granada y especialista en cultura material andalus\u00ed.<\/p>\n<p align=\"justify\">13:30 <strong>Clausura por el Ayuntamiento de Vera<\/strong><\/p>\n<p>&nbsp;<\/p>\n<p>____________________________________________________________________________________________________________________________________________________________<\/p>\n<p>&nbsp;<\/p>\n<p><strong>PROGRAM<\/strong><\/p>\n<p align=\"center\"><strong><span style=\"color: #ff9900\">WEDNESDAY, MAY 13<\/span><\/strong><\/p>\n<p align=\"left\"><span style=\"color: #ff9900\"><b><strong><span style=\"color: #000000\">III INTERNATIONAL ARCHAEOLOGY CONGRESS BAYRA \u201cLIVING IN AL-ANDALUS: URBANISM, HOUSING AND MATERIAL CULTURE<\/span><\/strong><strong><span style=\"color: #000000\">\u201d<\/span><\/strong><\/b><\/span><\/p>\n<p align=\"justify\">08:30 Collection of documentation<\/p>\n<p>09:00 <strong>OFFICIAL OPENING<\/strong><\/p>\n<p><strong>SESSION I. Housing and Material Culture<\/strong><\/p>\n<p>09:30 Christine Mazzoli Guintard (University of Nantes): <em>\u201cWere there public and private spaces in the cities of al-Andalus?\u201d<\/em><\/p>\n<p>10:15 Juan Vicente Garc\u00eda Marsilla (University of Valencia): <em>\u201cFrom Andalusians to Feudal Lords. The evolution of houses and domestic environments in the medieval Kingdom of Valencia\u201d<\/em><\/p>\n<p>11:00 <strong>Coffee break<\/strong><\/p>\n<p>11:30 Elena Salinas Pleguezuelo (School of Arabic Studies, CSIC) and Francisco Castillo Galdeano: <em>\u201cThe al-Andalus house in Ba\u0177\u0177\u0101na (Pechina): typology, spatial organisation and urban context\u201d<\/em><\/p>\n<p><strong>SE<\/strong><strong>SSIO<\/strong><strong>N II. <\/strong><strong>Dwellings of al-Andalus<\/strong><\/p>\n<p>12:00 Mar\u00eda Teresa Casal Garc\u00eda (Autonomous University of Madrid): <em>\u201cDomestic space in the emirate and caliphate suburbs of Mad\u012bnat Qur\u1e6duba (C\u00f3rdoba): organisation, use and archaeological evidence\u201d<\/em><\/p>\n<p>12:30 Cristina Camacho Cruz (University of Granada): <em>\u201cLiving in an Umayyad suburb of C\u00f3rdoba: houses, spaces and uses\u201d<\/em><\/p>\n<p>13:00 Joan Negre (School of Arabic Studies, CSIC): <em>\u201cOccupying, residing, adapting. Housing and its syntax within a militarised context on the fringes of Umayyad al-Andalus\u201d<\/em><\/p>\n<p>13:30 <strong>DISCUSSION<\/strong><\/p>\n<p>14:00 <strong>Lunch break<\/strong><\/p>\n<p>16:00 Guillem Alcolea, Helena Kirchner, Andrea Collado and Mar\u00eda Isabel Molina (Autonomous University of Barcelona): \u201c<em>New insights into the domestic architecture of Mad\u012bna Balagh\u012b (Pla d\u2019Almat\u00e0): House 15 and its material analysis\u201d<\/em><\/p>\n<p>16:30 L\u00e9a Buttard (CIHAM Lyon): <em>\u201cGraffiti and domestic spaces in al-Andalus: the case of Albalat\u201d<\/em><\/p>\n<p>17:00 Abdallah Fili (Chouaib Doukkali University) and Ishanne Serrat (Mohammad V University): \u201cRural and urban dwellings in Morocco during the Almoravid and Almohad periods\u201d<\/p>\n<p>17:30 <strong>Coffee break<\/strong><\/p>\n<p>18:00 Joana Bento Torres, Andr\u00e9 Teixeira, Abdelatif El-Boudjay (Universidade Nova de Lisboa): <em>\u201cDomestic contexts at the archaeological site of Ksar Seghir, between the 14th and 16th centuries\u201d<\/em><\/p>\n<p>18:30 Aurora Molina Fajardo (University of Alcal\u00e1): <em>\u201cIn times of change. Rural housing and material culture in the ancient Kingdom of Granada (16th century)\u201d<\/em><\/p>\n<p>19:00 Matthias Biro-Sarrias (University of Toulouse Jean-Jaur\u00e8s and University of Granada): <em>\u201c<\/em><em>The structure and organisation of a medieval al-Andalus city: the case of Bayra (Vera, Almer\u00eda)\u201d<\/em><\/p>\n<p>19:30 <strong>DISCUSSION<\/strong><\/p>\n<p align=\"center\"><strong><span style=\"color: #ff9900\">THURSDAY, MAY 14<\/span><\/strong><\/p>\n<p>09:00 Visit to the Bayra Nasrid Archaeological Park. <em>Organised by the PRINMA Research Group on Production, Exchange, Narratives and Materiality (HUM-1035, University of Granada)<\/em><\/p>\n<p>11:30 <strong>Coffee break<\/strong><\/p>\n<p>12:00 Liborio Ruiz Molina (Yecla Town Council): <em>\u201c\u1e24i\u1e63n Yakka. A castle in Sarq al-\u00c1ndalus (12th\u201313th centuries). On architecture and urban planning\u201d<\/em><\/p>\n<p>12:30 Alberto Garc\u00eda Porras (University of Granada), Mois\u00e9s Alonso Valladares (Autonomous University of Madrid), Juan Manuel R\u00edos Jim\u00e9nez (University of Granada): <em>\u201cDomestic life in a rural setting during the Nasrid period. El Castillejo de los Gu\u00e1jares (Granada)\u201d<\/em><\/p>\n<p>13:00 <strong>DISCUSSION<\/strong><\/p>\n<p>13:30 First poster session<\/p>\n<p>14:00 <strong>Lunch break<\/strong><\/p>\n<p>16:00 Mar\u00eda Bel\u00e9n Alem\u00e1n Ochotonera (Barrio Andalus\u00ed Archaeological Site, Almer\u00eda), Sonia Garc\u00eda Mart\u00ednez and Elena Salinas Pleguezuelo (School of Arabic Studies, CSIC): <em>\u201cHousing in the Barrio Andalus\u00ed: domestic architecture and the organisation of urban space\u201d<\/em><\/p>\n<p>16:30 Cristina Mart\u00ednez Carrillo (University of Exeter), Julio Miguel Rom\u00e1n Punz\u00f3n (University of Granada), Noelia Aguado Becerra (University of Granada), Diego Arcauz Stembert (University of Granada), Konstantina Nikita (National Technical University of Athens), Dimitrios Vasilakis (National Technical University of Athens) and Jorge Rouco Collazo (Institute of Heritage Sciences -INCIPIT-), Jos\u00e9 Mar\u00eda Mart\u00edn Civantos (University of Granada): <em>\u201cLiving outside the walls: organisation of domestic space at the fortified rural site of Moj\u00e1car la Vieja (Almer\u00eda)\u201d<\/em><\/p>\n<p>17:00 <strong>DISCUSSION<\/strong><\/p>\n<p>17:30 <strong>Coffee break<\/strong><\/p>\n<p>18:00 Second poster session<\/p>\n<p align=\"center\"><strong><span style=\"color: #ff9900\">FRIDAY. MAY 15<\/span><\/strong><\/p>\n<p><strong>SESSION III. Management horizons. Strategy, funding and the digital future of heritage.<\/strong><\/p>\n<p>09:30 <strong>Table 1<\/strong> \u00ab<em>From object to bit: Innovation Strategies and Digital Narratives in Museum Management\u00bb<\/em><\/p>\n<p>Moderator: Tania F\u00e1brega Garc\u00eda. Director of the Museum of Almer\u00eda. Member of the Senior Professional Corps of Museum Curators at the Ministry of Culture.<\/p>\n<p>Speakers:<\/p>\n<p>Olivia Rivero Vil\u00e1. Senior Lecturer at the University of Salamanca. Prehistorian and Director of LabTec at the University of Salamanca.<\/p>\n<p>Daniel M\u00e9ndez Beiges. Lecturer at Francisco de Vitoria University, expert in multimedia dissemination and virtual reconstruction of heritage, and CEO of Revives.<\/p>\n<p>10:45 <strong>Coffee break<\/strong><\/p>\n<p>11:15 <strong>TABLE 2<\/strong> \u00ab<em>The Heritage Roadmap: the Master Plan as a tool for resilience and local development\u00bb<\/em><\/p>\n<p>Moderator: Pedro Salmer\u00f3n Escobar. Architect specialising in the restoration and conservation of historical heritage.<\/p>\n<p>Speakers:<\/p>\n<p>Pedro Gurriar\u00e1n Daza. Doctor of Architecture and specialist in the research and restoration of Al-Andalus fortified architecture.<\/p>\n<p>Jos\u00e9 Manuel L\u00f3pez Osorio. Doctor of Architecture and lecturer at the University of M\u00e1laga, drafter of the Bayra Master Plan.<\/p>\n<p>12:30 <strong>TABLE 3<\/strong> \u00abFunding identity: challenges and opportunities of the 2% Cultural Scheme in the restoration of historical heritage\u00bb<\/p>\n<p>Moderator: Gema Emb\u00ed N\u00e1jar. Curator of Historical Heritage and Director of the Alcazaba de Almer\u00eda Monumental Complex.<\/p>\n<p>Speakers:<\/p>\n<p>Juan Jos\u00e9 Fondevilla Aparicio. Architect specialising in the restoration and conservation of historical heritage.<\/p>\n<p>Alberto Garc\u00eda Porras. Professor of Medieval History at the University of Granada and specialist in Al-Andalus material culture.<\/p>\n<p>13:30 <strong>Closing Ceremony by Vera Town Council<\/strong><\/p>\n","protected":false},"excerpt":{"rendered":"<p>PROGRAMA\u00a0 MI\u00c9RCOLES 13 DE MAYO III CONGRESO INTERNACIONAL DE ARQUEOLOG\u00cdA BAYRA. \u201cVIVIR EN AL-\u00c1NDALUS: URBANISMO, VIVIENDA Y CULTURA MATERIAL\u201d 08:30 Recogida de documentaci\u00f3n 09:00 INAUGURACI\u00d3N OFICIAL SESI\u00d3N I. Vivienda y Cultura Material 09:30 Christine Mazzoli Guintard (Universit\u00e9 de Nantes): \u201c\u00bfHab\u00eda espacios p\u00fablicos y privados en las ciudades de al-\u00c1ndalus?\u201d 10:15 Juan Vicente Garc\u00eda Marsilla (Universitat [&hellip;]<\/p>\n","protected":false},"author":645,"featured_media":0,"parent":0,"menu_order":0,"comment_status":"closed","ping_status":"closed","template":"","meta":{"_genesis_hide_title":false,"_genesis_hide_breadcrumbs":false,"_genesis_hide_singular_image":false,"_genesis_hide_footer_widgets":false,"_genesis_custom_body_class":"","_genesis_custom_post_class":"","_genesis_layout":"","footnotes":""},"categories":[],"tags":[],"class_list":{"0":"post-376","1":"page","2":"type-page","3":"status-publish","5":"entry"},"_links":{"self":[{"href":"https:\/\/blogs.ugr.es\/prinma\/wp-json\/wp\/v2\/pages\/376","targetHints":{"allow":["GET"]}}],"collection":[{"href":"https:\/\/blogs.ugr.es\/prinma\/wp-json\/wp\/v2\/pages"}],"about":[{"href":"https:\/\/blogs.ugr.es\/prinma\/wp-json\/wp\/v2\/types\/page"}],"author":[{"embeddable":true,"href":"https:\/\/blogs.ugr.es\/prinma\/wp-json\/wp\/v2\/users\/645"}],"replies":[{"embeddable":true,"href":"https:\/\/blogs.ugr.es\/prinma\/wp-json\/wp\/v2\/comments?post=376"}],"version-history":[{"count":4,"href":"https:\/\/blogs.ugr.es\/prinma\/wp-json\/wp\/v2\/pages\/376\/revisions"}],"predecessor-version":[{"id":984,"href":"https:\/\/blogs.ugr.es\/prinma\/wp-json\/wp\/v2\/pages\/376\/revisions\/984"}],"wp:attachment":[{"href":"https:\/\/blogs.ugr.es\/prinma\/wp-json\/wp\/v2\/media?parent=376"}],"wp:term":[{"taxonomy":"category","embeddable":true,"href":"https:\/\/blogs.ugr.es\/prinma\/wp-json\/wp\/v2\/categories?post=376"},{"taxonomy":"post_tag","embeddable":true,"href":"https:\/\/blogs.ugr.es\/prinma\/wp-json\/wp\/v2\/tags?post=376"}],"curies":[{"name":"wp","href":"https:\/\/api.w.org\/{rel}","templated":true}]}}