{"id":166,"date":"2020-12-18T19:46:55","date_gmt":"2020-12-18T18:46:55","guid":{"rendered":"https:\/\/blogs.ugr.es\/xiiiaiecm3\/?page_id=166"},"modified":"2021-09-21T19:46:56","modified_gmt":"2021-09-21T17:46:56","slug":"asociacion","status":"publish","type":"page","link":"https:\/\/blogs.ugr.es\/xiiiaiecm3\/asociacion\/","title":{"rendered":"La AIECM3"},"content":{"rendered":"<p style=\"text-align: center\"><strong>LA AIECM3<\/strong><\/p>\n<p><img loading=\"lazy\" decoding=\"async\" class=\" wp-image-156 aligncenter\" src=\"https:\/\/blogs.ugr.es\/xiiiaiecm3\/wp-content\/uploads\/sites\/92\/2020\/12\/lapin.gif\" alt=\"\" width=\"212\" height=\"209\" srcset=\"https:\/\/blogs.ugr.es\/xiiiaiecm3\/wp-content\/uploads\/sites\/92\/2020\/12\/lapin.gif 132w, https:\/\/blogs.ugr.es\/xiiiaiecm3\/wp-content\/uploads\/sites\/92\/2020\/12\/lapin-75x75.gif 75w\" sizes=\"auto, (max-width: 212px) 100vw, 212px\" \/><\/p>\n<p style=\"text-align: justify\">La <em>Asociaci\u00f3n Internacional sobre Estudios de Cer\u00e1mica Medieval y Moderna en el Mediterr\u00e1neo<\/em> (AIECM3) es una asociaci\u00f3n internacional que tiene como objetivo promover y fortalecer los estudios sobre la cer\u00e1mica medieval y moderna en el Mediterr\u00e1neo. Naci\u00f3 en 1992 como AIECM2 por iniciativa de un grupo fundador de investigadores expertos en cer\u00e1mica de varios pa\u00edses, centros de investigaci\u00f3n y universidades europeas. En 2012, en el Congreso de Silves, se decidi\u00f3 ampliar el campo de investigaci\u00f3n a los estudios sobre la cer\u00e1mica de la Edad Moderna y naciendo as\u00ed la AIECM3. En la actualidad la AIECM3 es la asociaci\u00f3n m\u00e1s importante de estudios cer\u00e1micos en Europa, reuniendo a m\u00e1s de un centenar de investigadores de prestigio internacional.<\/p>\n<p><img loading=\"lazy\" decoding=\"async\" class=\"wp-image-251 aligncenter\" src=\"https:\/\/blogs.ugr.es\/xiiiaiecm3\/wp-content\/uploads\/sites\/92\/2021\/07\/logonano_aiecm3.png\" alt=\"\" width=\"282\" height=\"91\" srcset=\"https:\/\/blogs.ugr.es\/xiiiaiecm3\/wp-content\/uploads\/sites\/92\/2021\/07\/logonano_aiecm3.png 152w, https:\/\/blogs.ugr.es\/xiiiaiecm3\/wp-content\/uploads\/sites\/92\/2021\/07\/logonano_aiecm3-150x49.png 150w\" sizes=\"auto, (max-width: 282px) 100vw, 282px\" \/><\/p>\n<p style=\"text-align: justify\">La AIECM3 organiza su Conferencias Internacionales cada tres a\u00f1os. En ellas tiene lugar la reuni\u00f3n de un amplio conjunto de expertos de toda la cuenca mediterr\u00e1nea en el an\u00e1lisis de las sociedades medieval y moderna a trav\u00e9s del registro material cer\u00e1mico arqueol\u00f3gico. Igualmente, entre la celebraci\u00f3n de los Congresos Internacionales suele organizar otras reuniones y congresos tem\u00e1ticos abordando aspectos concretos e innovadores. El trabajo de la asociaci\u00f3n es esencial para alcanzar nuevos logros y realizar reflexiones significativas sobre la historia de la cer\u00e1mica. De este modo, son publicadas las actas de todas estas reuniones y congresos cient\u00edficos internacionales. Estas reuniones son el momento de discusi\u00f3n, puesta en com\u00fan y debate sobre los estudios de referencia sobre la cer\u00e1mica en Arqueolog\u00eda. Es la reuni\u00f3n de este tipo m\u00e1s importante de Europa.<\/p>\n<p><img loading=\"lazy\" decoding=\"async\" class=\"wp-image-252 aligncenter\" src=\"https:\/\/blogs.ugr.es\/xiiiaiecm3\/wp-content\/uploads\/sites\/92\/2021\/07\/alhambra-2427379_1280-300x231.jpg\" alt=\"\" width=\"364\" height=\"280\" srcset=\"https:\/\/blogs.ugr.es\/xiiiaiecm3\/wp-content\/uploads\/sites\/92\/2021\/07\/alhambra-2427379_1280-300x231.jpg 300w, https:\/\/blogs.ugr.es\/xiiiaiecm3\/wp-content\/uploads\/sites\/92\/2021\/07\/alhambra-2427379_1280-700x540.jpg 700w, https:\/\/blogs.ugr.es\/xiiiaiecm3\/wp-content\/uploads\/sites\/92\/2021\/07\/alhambra-2427379_1280.jpg 800w\" sizes=\"auto, (max-width: 364px) 100vw, 364px\" \/><\/p>\n<p style=\"text-align: justify\">El Congreso de la AIECM3 que se celebrar\u00e1 por primera vez en Granada propone continuar con las l\u00edneas de los anteriores congresos internacionales, adem\u00e1s de hacer hincapi\u00e9 en la discusi\u00f3n y el debate. Se trata de una gran oportunidad para la ciudad de Granada, la Universidad de Granada, el Servicio de investigaci\u00f3n de la Alhambra, la Unidad de Excelencia de la Alhambra y la Fundaci\u00f3n Fajalauza, de participar en una actividad del m\u00e1s alto nivel cient\u00edfico y de gran repercusi\u00f3n en los estudios cer\u00e1micos europeos y, por lo tanto, a nivel mundial. El Congreso de la AIECM3 es la oportunidad y el foro id\u00f3neo para dar a conocer los trabajos que se est\u00e1n desarrollando, difundir los resultados y discutirlos con investigadores procedentes de toda Europa.<\/p>\n<p>Web: <a href=\"http:\/\/aiecm3.com\/fr\/accueil\/\">http:\/\/aiecm3.com\/fr\/accueil\/<\/a><\/p>\n","protected":false},"excerpt":{"rendered":"<p>LA AIECM3 La Asociaci\u00f3n Internacional sobre Estudios de Cer\u00e1mica Medieval y Moderna en el Mediterr\u00e1neo (AIECM3) es una asociaci\u00f3n internacional que tiene como objetivo promover y fortalecer los estudios sobre la cer\u00e1mica medieval y moderna en el Mediterr\u00e1neo. Naci\u00f3 en 1992 como AIECM2 por iniciativa de un grupo fundador de investigadores expertos en cer\u00e1mica de [&hellip;]<\/p>\n","protected":false},"author":564,"featured_media":0,"parent":0,"menu_order":0,"comment_status":"closed","ping_status":"closed","template":"","meta":{"footnotes":""},"categories":[],"tags":[],"class_list":["post-166","page","type-page","status-publish","hentry"],"_links":{"self":[{"href":"https:\/\/blogs.ugr.es\/xiiiaiecm3\/wp-json\/wp\/v2\/pages\/166","targetHints":{"allow":["GET"]}}],"collection":[{"href":"https:\/\/blogs.ugr.es\/xiiiaiecm3\/wp-json\/wp\/v2\/pages"}],"about":[{"href":"https:\/\/blogs.ugr.es\/xiiiaiecm3\/wp-json\/wp\/v2\/types\/page"}],"author":[{"embeddable":true,"href":"https:\/\/blogs.ugr.es\/xiiiaiecm3\/wp-json\/wp\/v2\/users\/564"}],"replies":[{"embeddable":true,"href":"https:\/\/blogs.ugr.es\/xiiiaiecm3\/wp-json\/wp\/v2\/comments?post=166"}],"version-history":[{"count":4,"href":"https:\/\/blogs.ugr.es\/xiiiaiecm3\/wp-json\/wp\/v2\/pages\/166\/revisions"}],"predecessor-version":[{"id":460,"href":"https:\/\/blogs.ugr.es\/xiiiaiecm3\/wp-json\/wp\/v2\/pages\/166\/revisions\/460"}],"wp:attachment":[{"href":"https:\/\/blogs.ugr.es\/xiiiaiecm3\/wp-json\/wp\/v2\/media?parent=166"}],"wp:term":[{"taxonomy":"category","embeddable":true,"href":"https:\/\/blogs.ugr.es\/xiiiaiecm3\/wp-json\/wp\/v2\/categories?post=166"},{"taxonomy":"post_tag","embeddable":true,"href":"https:\/\/blogs.ugr.es\/xiiiaiecm3\/wp-json\/wp\/v2\/tags?post=166"}],"curies":[{"name":"wp","href":"https:\/\/api.w.org\/{rel}","templated":true}]}}